
{"version":"1.0","provider_name":"Rauchfrei Telefon","provider_url":"https:\/\/rauchfrei.at\/en\/","author_name":"Rauchfrei Team","author_url":"https:\/\/rauchfrei.at\/en\/author\/rauchfrei-team\/","title":"Daheimbleiben als Chance f\u00fcr die Rauchfreiheit!? - Rauchfrei Telefon","type":"rich","width":600,"height":338,"html":"<blockquote class=\"wp-embedded-content\" data-secret=\"iWddRYdg1k\"><a href=\"https:\/\/rauchfrei.at\/en\/daheimbleiben-als-chance-fuer-die-rauchfreiheit\/\">Daheimbleiben als Chance f\u00fcr die Rauchfreiheit!?<\/a><\/blockquote><iframe sandbox=\"allow-scripts\" security=\"restricted\" src=\"https:\/\/rauchfrei.at\/en\/daheimbleiben-als-chance-fuer-die-rauchfreiheit\/embed\/#?secret=iWddRYdg1k\" width=\"600\" height=\"338\" title=\"&#8220;Daheimbleiben als Chance f\u00fcr die Rauchfreiheit!?&#8221; &#8212; Rauchfrei Telefon\" data-secret=\"iWddRYdg1k\" frameborder=\"0\" marginwidth=\"0\" marginheight=\"0\" scrolling=\"no\" class=\"wp-embedded-content\"><\/iframe><script type=\"text\/javascript\">\n\/* <![CDATA[ *\/\n\/*! This file is auto-generated *\/\n!function(d,l){\"use strict\";l.querySelector&&d.addEventListener&&\"undefined\"!=typeof URL&&(d.wp=d.wp||{},d.wp.receiveEmbedMessage||(d.wp.receiveEmbedMessage=function(e){var t=e.data;if((t||t.secret||t.message||t.value)&&!\/[^a-zA-Z0-9]\/.test(t.secret)){for(var s,r,n,a=l.querySelectorAll('iframe[data-secret=\"'+t.secret+'\"]'),o=l.querySelectorAll('blockquote[data-secret=\"'+t.secret+'\"]'),c=new RegExp(\"^https?:$\",\"i\"),i=0;i<o.length;i++)o[i].style.display=\"none\";for(i=0;i<a.length;i++)s=a[i],e.source===s.contentWindow&&(s.removeAttribute(\"style\"),\"height\"===t.message?(1e3<(r=parseInt(t.value,10))?r=1e3:~~r<200&&(r=200),s.height=r):\"link\"===t.message&&(r=new URL(s.getAttribute(\"src\")),n=new URL(t.value),c.test(n.protocol))&&n.host===r.host&&l.activeElement===s&&(d.top.location.href=t.value))}},d.addEventListener(\"message\",d.wp.receiveEmbedMessage,!1),l.addEventListener(\"DOMContentLoaded\",function(){for(var e,t,s=l.querySelectorAll(\"iframe.wp-embedded-content\"),r=0;r<s.length;r++)(t=(e=s[r]).getAttribute(\"data-secret\"))||(t=Math.random().toString(36).substring(2,12),e.src+=\"#?secret=\"+t,e.setAttribute(\"data-secret\",t)),e.contentWindow.postMessage({message:\"ready\",secret:t},\"*\")},!1)))}(window,document);\n\/* ]]> *\/\n<\/script>\n","description":"F\u00fcr viele Raucher\/innen sind es gerade gesellschaftliche Situationen, das Ausgehen, das Treffen mit Freundinnen und Freunden, die zum Rauchen einladen. Die momentanen Einschr\u00e4nkungen k\u00f6nnen in diesem Fall f\u00fcr beim Rauchstopp oder f\u00fcrs Dranbleiben am Nichtrauchen hilfreich sein!","thumbnail_url":"https:\/\/rauchfrei.at\/wp-content\/uploads\/shutterstock_293861276-225x164.jpg"}