
{"version":"1.0","provider_name":"Rauchfrei Telefon","provider_url":"https:\/\/rauchfrei.at\/en\/","author_name":"Rauchfrei Team","author_url":"https:\/\/rauchfrei.at\/en\/author\/rauchfrei-team\/","title":"Das war die 17. Deutsche Konferenz f\u00fcr Tabakkontrolle - Rauchfrei Telefon","type":"rich","width":600,"height":338,"html":"<blockquote class=\"wp-embedded-content\" data-secret=\"08BNk0qJ1D\"><a href=\"https:\/\/rauchfrei.at\/en\/das-war-die-17-deutsche-konferenz-fuer-tabakkontrolle\/\">Das war die 17. Deutsche Konferenz f\u00fcr Tabakkontrolle<\/a><\/blockquote><iframe sandbox=\"allow-scripts\" security=\"restricted\" src=\"https:\/\/rauchfrei.at\/en\/das-war-die-17-deutsche-konferenz-fuer-tabakkontrolle\/embed\/#?secret=08BNk0qJ1D\" width=\"600\" height=\"338\" title=\"&#8220;Das war die 17. Deutsche Konferenz f\u00fcr Tabakkontrolle&#8221; &#8212; Rauchfrei Telefon\" data-secret=\"08BNk0qJ1D\" frameborder=\"0\" marginwidth=\"0\" marginheight=\"0\" scrolling=\"no\" class=\"wp-embedded-content\"><\/iframe><script type=\"text\/javascript\">\n\/* <![CDATA[ *\/\n\/*! This file is auto-generated *\/\n!function(d,l){\"use strict\";l.querySelector&&d.addEventListener&&\"undefined\"!=typeof URL&&(d.wp=d.wp||{},d.wp.receiveEmbedMessage||(d.wp.receiveEmbedMessage=function(e){var t=e.data;if((t||t.secret||t.message||t.value)&&!\/[^a-zA-Z0-9]\/.test(t.secret)){for(var s,r,n,a=l.querySelectorAll('iframe[data-secret=\"'+t.secret+'\"]'),o=l.querySelectorAll('blockquote[data-secret=\"'+t.secret+'\"]'),c=new RegExp(\"^https?:$\",\"i\"),i=0;i<o.length;i++)o[i].style.display=\"none\";for(i=0;i<a.length;i++)s=a[i],e.source===s.contentWindow&&(s.removeAttribute(\"style\"),\"height\"===t.message?(1e3<(r=parseInt(t.value,10))?r=1e3:~~r<200&&(r=200),s.height=r):\"link\"===t.message&&(r=new URL(s.getAttribute(\"src\")),n=new URL(t.value),c.test(n.protocol))&&n.host===r.host&&l.activeElement===s&&(d.top.location.href=t.value))}},d.addEventListener(\"message\",d.wp.receiveEmbedMessage,!1),l.addEventListener(\"DOMContentLoaded\",function(){for(var e,t,s=l.querySelectorAll(\"iframe.wp-embedded-content\"),r=0;r<s.length;r++)(t=(e=s[r]).getAttribute(\"data-secret\"))||(t=Math.random().toString(36).substring(2,12),e.src+=\"#?secret=\"+t,e.setAttribute(\"data-secret\",t)),e.contentWindow.postMessage({message:\"ready\",secret:t},\"*\")},!1)))}(window,document);\n\/* ]]> *\/\n<\/script>\n","description":"J\u00e4hrlich wird vom WHO-Kollaborationszentrum f\u00fcr Tabakkontrolle in Zusammenarbeit mit dem Aktionsb\u00fcndnis Nichtrauchen\u00a0im Deutschen Krebsforschungszentrum in Heidelberg die Konferenz f\u00fcr Tabakkontrolle veranstaltet. Sie dient dem Erfahrungsaustausch \u00fcber erfolgreiche Ma\u00dfnahmen zur Verminderung des Tabakkonsums, der F\u00f6rderung und Entwicklung zuk\u00fcnftiger Projekte und der Vernetzung. Das Rauchfrei Telefon war heuer mit zwei Vortr\u00e4gen vertreten.","thumbnail_url":"https:\/\/rauchfrei.at\/wp-content\/uploads\/Bild_Blog_Heidelberg-225x157.png"}