
{"version":"1.0","provider_name":"Rauchfrei Telefon","provider_url":"https:\/\/rauchfrei.at\/en\/","author_name":"Andrea B\u00fcttner","author_url":"https:\/\/rauchfrei.at\/en\/author\/buettner\/","title":"Fortbildung zur Raucherentw\u00f6hnung &amp; Raucherberatung - Rauchfrei Telefon","type":"rich","width":600,"height":338,"html":"<blockquote class=\"wp-embedded-content\" data-secret=\"p6EsZxoIG4\"><a href=\"https:\/\/rauchfrei.at\/en\/fortbildung-zur-raucherentwoehnung-raucherberatung\/\">Fortbildung zur Raucherentw\u00f6hnung &amp; Raucherberatung<\/a><\/blockquote><iframe sandbox=\"allow-scripts\" security=\"restricted\" src=\"https:\/\/rauchfrei.at\/en\/fortbildung-zur-raucherentwoehnung-raucherberatung\/embed\/#?secret=p6EsZxoIG4\" width=\"600\" height=\"338\" title=\"&#8220;Fortbildung zur Raucherentw\u00f6hnung &amp; Raucherberatung&#8221; &#8212; Rauchfrei Telefon\" data-secret=\"p6EsZxoIG4\" frameborder=\"0\" marginwidth=\"0\" marginheight=\"0\" scrolling=\"no\" class=\"wp-embedded-content\"><\/iframe><script type=\"text\/javascript\">\n\/* <![CDATA[ *\/\n\/*! This file is auto-generated *\/\n!function(d,l){\"use strict\";l.querySelector&&d.addEventListener&&\"undefined\"!=typeof URL&&(d.wp=d.wp||{},d.wp.receiveEmbedMessage||(d.wp.receiveEmbedMessage=function(e){var t=e.data;if((t||t.secret||t.message||t.value)&&!\/[^a-zA-Z0-9]\/.test(t.secret)){for(var s,r,n,a=l.querySelectorAll('iframe[data-secret=\"'+t.secret+'\"]'),o=l.querySelectorAll('blockquote[data-secret=\"'+t.secret+'\"]'),c=new RegExp(\"^https?:$\",\"i\"),i=0;i<o.length;i++)o[i].style.display=\"none\";for(i=0;i<a.length;i++)s=a[i],e.source===s.contentWindow&&(s.removeAttribute(\"style\"),\"height\"===t.message?(1e3<(r=parseInt(t.value,10))?r=1e3:~~r<200&&(r=200),s.height=r):\"link\"===t.message&&(r=new URL(s.getAttribute(\"src\")),n=new URL(t.value),c.test(n.protocol))&&n.host===r.host&&l.activeElement===s&&(d.top.location.href=t.value))}},d.addEventListener(\"message\",d.wp.receiveEmbedMessage,!1),l.addEventListener(\"DOMContentLoaded\",function(){for(var e,t,s=l.querySelectorAll(\"iframe.wp-embedded-content\"),r=0;r<s.length;r++)(t=(e=s[r]).getAttribute(\"data-secret\"))||(t=Math.random().toString(36).substring(2,12),e.src+=\"#?secret=\"+t,e.setAttribute(\"data-secret\",t)),e.contentWindow.postMessage({message:\"ready\",secret:t},\"*\")},!1)))}(window,document);\n\/* ]]> *\/\n<\/script>\n","description":"Sind Sie im Gesundheitsbereich t\u00e4tig und m\u00f6chten sich in der Tabakpr\u00e4vention weiterbilden? Das Institut f\u00fcr Gesundheitsf\u00f6rderung und Pr\u00e4vention bietet in Kooperation mit der Gesundheitseinrichtung Josefhof auch heuer wieder die Fortbildungsmodule zur Raucherentw\u00f6hnung und Raucherberatung an."}