
{"version":"1.0","provider_name":"Rauchfrei Telefon","provider_url":"https:\/\/rauchfrei.at\/en\/","author_name":"Nina Heumayer","author_url":"https:\/\/rauchfrei.at\/en\/author\/heumayer\/","title":"Kein einfaches Verh\u00e4ltnis: der Rauchstopp und das Gewicht - Rauchfrei Telefon","type":"rich","width":600,"height":338,"html":"<blockquote class=\"wp-embedded-content\" data-secret=\"6ustwpsyAn\"><a href=\"https:\/\/rauchfrei.at\/en\/kein-einfaches-verhaeltnis-der-rauchstopp-und-das-gewicht\/\">Kein einfaches Verh\u00e4ltnis: der Rauchstopp und das Gewicht<\/a><\/blockquote><iframe sandbox=\"allow-scripts\" security=\"restricted\" src=\"https:\/\/rauchfrei.at\/en\/kein-einfaches-verhaeltnis-der-rauchstopp-und-das-gewicht\/embed\/#?secret=6ustwpsyAn\" width=\"600\" height=\"338\" title=\"&#8220;Kein einfaches Verh\u00e4ltnis: der Rauchstopp und das Gewicht&#8221; &#8212; Rauchfrei Telefon\" data-secret=\"6ustwpsyAn\" frameborder=\"0\" marginwidth=\"0\" marginheight=\"0\" scrolling=\"no\" class=\"wp-embedded-content\"><\/iframe><script type=\"text\/javascript\">\n\/* <![CDATA[ *\/\n\/*! This file is auto-generated *\/\n!function(d,l){\"use strict\";l.querySelector&&d.addEventListener&&\"undefined\"!=typeof URL&&(d.wp=d.wp||{},d.wp.receiveEmbedMessage||(d.wp.receiveEmbedMessage=function(e){var t=e.data;if((t||t.secret||t.message||t.value)&&!\/[^a-zA-Z0-9]\/.test(t.secret)){for(var s,r,n,a=l.querySelectorAll('iframe[data-secret=\"'+t.secret+'\"]'),o=l.querySelectorAll('blockquote[data-secret=\"'+t.secret+'\"]'),c=new RegExp(\"^https?:$\",\"i\"),i=0;i<o.length;i++)o[i].style.display=\"none\";for(i=0;i<a.length;i++)s=a[i],e.source===s.contentWindow&&(s.removeAttribute(\"style\"),\"height\"===t.message?(1e3<(r=parseInt(t.value,10))?r=1e3:~~r<200&&(r=200),s.height=r):\"link\"===t.message&&(r=new URL(s.getAttribute(\"src\")),n=new URL(t.value),c.test(n.protocol))&&n.host===r.host&&l.activeElement===s&&(d.top.location.href=t.value))}},d.addEventListener(\"message\",d.wp.receiveEmbedMessage,!1),l.addEventListener(\"DOMContentLoaded\",function(){for(var e,t,s=l.querySelectorAll(\"iframe.wp-embedded-content\"),r=0;r<s.length;r++)(t=(e=s[r]).getAttribute(\"data-secret\"))||(t=Math.random().toString(36).substring(2,12),e.src+=\"#?secret=\"+t,e.setAttribute(\"data-secret\",t)),e.contentWindow.postMessage({message:\"ready\",secret:t},\"*\")},!1)))}(window,document);\n\/* ]]> *\/\n<\/script>\n","description":"Viele (Ex-)Raucher\/innen haben Sorge, im Zuge des Rauchstopps Gewicht zuzunehmen. Eine neue Studie hat sich der Frage gewidmet, wie eine m\u00f6gliche Gewichtszunahme nach dem Rauchstopp zeitlich verl\u00e4uft und welche Faktoren damit zusammenh\u00e4ngen."}