
{"id":10281,"date":"2018-06-20T13:12:38","date_gmt":"2018-06-20T11:12:38","guid":{"rendered":"http:\/\/rauchfrei.at\/?page_id=10281"},"modified":"2026-04-08T09:24:27","modified_gmt":"2026-04-08T07:24:27","slug":"veranstaltungen","status":"publish","type":"page","link":"https:\/\/rauchfrei.at\/en\/veranstaltungen\/","title":{"rendered":"Veranstaltungen"},"content":{"rendered":"<p>[et_pb_section fb_built=&#8221;1&#8243; custom_padding_last_edited=&#8221;off|&#8221; module_class=&#8221;header&#8221; _builder_version=&#8221;4.16&#8243; background_color=&#8221;#67BAD3&#8243; custom_margin=&#8221;||0px|&#8221; custom_padding=&#8221;100px||10px|&#8221; global_colors_info=&#8221;{}&#8221;][et_pb_row _builder_version=&#8221;4.27.4&#8243; custom_margin=&#8221;||0px|&#8221; custom_padding=&#8221;||0px|&#8221; global_colors_info=&#8221;{}&#8221;][et_pb_column type=&#8221;4_4&#8243; _builder_version=&#8221;4.16&#8243; custom_padding=&#8221;||0px|&#8221; global_colors_info=&#8221;{}&#8221; custom_padding__hover=&#8221;|||&#8221;][et_pb_text admin_label=&#8221;Blue Background Header&#8221; _builder_version=&#8221;4.16&#8243; custom_margin=&#8221;||0px|&#8221; custom_padding=&#8221;||0px|&#8221; global_colors_info=&#8221;{}&#8221;]<\/p>\n<h1>Veranstaltungen<\/h1>\n<h2>rund ums Thema Tabakentw\u00f6hnung und &#8211; pr\u00e4vention<\/h2>\n<p>[\/et_pb_text][\/et_pb_column][\/et_pb_row][\/et_pb_section][et_pb_section fb_built=&#8221;1&#8243; _builder_version=&#8221;4.16&#8243; global_colors_info=&#8221;{}&#8221;][et_pb_row column_structure=&#8221;2_3,1_3&#8243; _builder_version=&#8221;4.16&#8243; background_size=&#8221;initial&#8221; background_position=&#8221;top_left&#8221; background_repeat=&#8221;repeat&#8221; global_colors_info=&#8221;{}&#8221;][et_pb_column type=&#8221;2_3&#8243; _builder_version=&#8221;4.16&#8243; custom_padding=&#8221;|||&#8221; global_colors_info=&#8221;{}&#8221; custom_padding__hover=&#8221;|||&#8221;][et_pb_text admin_label=&#8221;Kommende Veranstaltungen&#8221; _builder_version=&#8221;4.27.4&#8243; link_option_url_new_window=&#8221;on&#8221; hover_enabled=&#8221;0&#8243; z_index_tablet=&#8221;500&#8243; global_colors_info=&#8221;{}&#8221; sticky_enabled=&#8221;0&#8243;]<\/p>\n<blockquote>\n<h2><strong>Kommende Veranstaltungen:<\/strong><\/h2>\n<\/blockquote>\n<p><strong>11. Pneumo Pflegetag der \u00d6GP (\u00d6sterreichische Gesellschaft f\u00fcr Pneumologie)<\/strong><\/p>\n<p>17. April.2026 (9-17 Uhr), Linz<br \/><a href=\"https:\/\/www.ogp.at\/event\/11-pneumo-pflegetag\/\" target=\"_blank\" rel=\"noopener\">Infos und Anmeldung<\/a><\/p>\n<p><strong>Vernetzungstreffen Tabak &amp; Nikotin der \u00f6sterreichischen Sozialversicherung<\/strong><br \/>07. Mai 2026, St. P\u00f6lten<br \/><a href=\"https:\/\/rauchfrei.at\/wp-content\/uploads\/rtel_einladung_20-jahre.pdf\" target=\"_blank\" rel=\"noopener\">Infos und Anmeldung<\/a><\/p>\n<p><strong>European Conference on Tobacco or Health (ECToH)<\/strong><br \/>20.-22. Mai 2026, Mailand<br \/><a href=\"https:\/\/www.ectoh.org\/\" target=\"_blank\" rel=\"noopener\">Infos und Anmeldung<\/a><\/p>\n<p><strong>50. bzw. 10. Jahrestagung<\/strong> <strong>der \u00d6sterreichischen Gesellschaft f\u00fcr Pneumologie (\u00d6GP) und der \u00d6sterreichischen Gesellschaft f\u00fcr Thoraxchirurgie (OCTG)<\/strong><br \/>22.-24. Oktober 2026, Salzburg<br \/><a href=\"https:\/\/www.ogp-kongress.at\/\" target=\"_blank\" rel=\"noopener\">Infos und Anmeldung<\/a><\/p>\n<p>Tabakkontrollkonferenz DKFZ Heidelberg <a href=\"https:\/\/www.dkfz.de\/forschung\/translationale-zentren\/ncpc\/stabsstelle-krebspraevention\/deutsche-konferenz-fuer-tabakkontrolle\">Tabakkontrollkonferenz &#8211; Deutsches Krebsforschungszentrum<\/a><\/p>\n<p><strong>Veranstaltungen des \u00d6sterreichische Netzwerk gesundheitsf\u00f6rdernder Krankenh\u00e4user und Gesundheitseinrichtungen (ONGKG)<\/strong><br \/><a href=\"https:\/\/www.ongkg.at\/veranstaltungen\" target=\"_blank\" rel=\"noopener\">Infos und Anmeldung<\/a><\/p>\n<p><strong>Tabakkontrollkonferenz des Deutschen Krebsforschungszentrums (DKFZ)<br \/><\/strong>Dezember 2026, Heidelberg<br \/><a href=\"https:\/\/www.dkfz.de\/forschung\/translationale-zentren\/ncpc\/stabsstelle-krebspraevention\/deutsche-konferenz-fuer-tabakkontrolle\" target=\"_blank\" rel=\"noopener\">Infos zur Anmeldung<\/a><\/p>\n<p><strong>Fortbildungsreihe zur Beratung und Entw\u00f6hnung bei Nikotinabh\u00e4ngigkeit 2026<\/strong><br \/>Informationen, Termine und Anmeldung\u00a0 finden Sie unter\u00a0<strong><a href=\"https:\/\/www.ifgp.at\/cdscontent\/?contentid=10007.780082&amp;portal=ifgpportal\" target=\"_blank\" rel=\"noopener\">Seminarinformation<\/a><\/strong><\/p>\n<p>[\/et_pb_text][et_pb_text admin_label=&#8221;Vergangenen VA&#8221; _builder_version=&#8221;4.27.4&#8243; z_index_tablet=&#8221;500&#8243; global_colors_info=&#8221;{}&#8221;]<\/p>\n<blockquote>\n<h2><strong>Vergangene Veranstaltungen<\/strong><\/h2>\n<\/blockquote>\n<p><strong>45. Workshop\u00a0 \u00d6GP Lunge-Umwelt-Arbeitsmedizin<\/strong><br \/>6.-7. M\u00e4rz, Linz<br \/><a href=\"https:\/\/www.ogp.at\/event\/45-workshop-lunge-umwelt-arbeitsmedizin\/\" target=\"_blank\" rel=\"noopener\">Infos zur Veranstaltung<\/a><br \/><a href=\"https:\/\/gamed.at\/wp-content\/uploads\/2025\/10\/SavetheDate_LUAM2026_0925_ANSICHT1.pdf\" target=\"_blank\" rel=\"noopener\">Folder zur Veranstaltung<\/a><\/p>\n<p><strong>Fortbildungsreihe pneumologische Rehabilitation der \u00d6GP (\u00d6sterreichische Gesellschaft f\u00fcr Pneumologie):<\/strong><br \/>Tabakentw\u00f6hnung &#8211; der Weg aus der Nikotinabh\u00e4ngigkeit f\u00fcr Patientinnen und Patienten<br \/>13. M\u00e4rz 2026 &#8211; 14. M\u00e4rz 2026, Wien<br \/><a href=\"https:\/\/www.ogp.at\/event\/tabakentwoehnung2026\/\" target=\"_blank\" rel=\"noopener\">Infos und Anmeldung<\/a><\/p>\n<p><strong>27. Fr\u00fchjahrs-Tagung des Wissenschaftlichen Aktionskreises Tabakentw\u00f6hnung (WAT)<\/strong><br \/>18. M\u00e4rz.2026, Online-Tagung<br \/><a href=\"https:\/\/www.wat-ev.de\/26-fruehjahrs-tagung-2025\/\" target=\"_blank\" rel=\"noopener\">Infos und Anmeldung<\/a><br \/><a href=\"https:\/\/www.wat-ev.de\/wordpress\/wp-content\/uploads\/2026\/02\/WAT-Fruehjahrs-Tagung-Programm-2026.pdf\" target=\"_blank\" rel=\"noopener\">Programm zur Veranstaltung<\/a><\/p>\n<p><strong>13. Pneumo Aktuell der \u00d6GP (\u00d6sterreichische Gesellschaft f\u00fcr Pneumologie)<\/strong><br \/>24. J\u00e4nner 2026, Wien mit Live Stream<br \/><a href=\"https:\/\/www.ogp.at\/event\/13-pneumo-aktuell\/\" target=\"_blank\" rel=\"noopener\">Informationen und Anmeldung<\/a><\/p>\n<p>[\/et_pb_text][et_pb_toggle title=&#8221;2025&#8243; admin_label=&#8221;2025&#8243; _builder_version=&#8221;4.27.4&#8243; _module_preset=&#8221;default&#8221; global_colors_info=&#8221;{}&#8221;]<\/p>\n<p><strong>Vernetzungstreffens der Sozialversicherung f\u00fcr Expert*innen in der Tabak-\/Nikotinpr\u00e4vention und \u2013entw\u00f6hnung \u201eNikotin 2.0 \u2013 neue Herausforderungen\u201c <\/strong><\/p>\n<p><strong>Online-Veranstaltung am Mittwoch, 12. November 2025 von 09:00 bis 13:00 Uhr <\/strong><\/p>\n<p>Mehr dazu: <a href=\"https:\/\/rauchfrei.at\/wp-content\/uploads\/Programm_Vernetzungstreffen_Tabak_Nikotin_121125.pdf\" target=\"_blank\" rel=\"noopener\">Programm und Anmeldung<\/a><\/p>\n<p>&nbsp;<\/p>\n<p><strong>23. Deutsche Konferenz f\u00fcr Tabakkontrolle am 03. und 04. Dezember 2025 in Heidelberg und online!<\/strong><\/p>\n<p>Mehr Informationen zur Hybrid-Veranstaltung und zur Anmeldung finden Sie <a href=\"https:\/\/www.dkfz.de\/forschung\/translationale-zentren\/ncpc\/stabsstelle-krebspraevention\/deutsche-konferenz-fuer-tabakkontrolle\" target=\"_blank\" rel=\"noopener\">hier<\/a>:<\/p>\n<p>&nbsp;<\/p>\n<p><a href=\"https:\/\/www.ogp.at\/fortbildung\/\" target=\"_blank\" rel=\"noopener\"><strong>\u00d6GP-Fortbildungen<\/strong><\/a><\/p>\n<p>&nbsp;<\/p>\n<p><a href=\"https:\/\/www.ongkg.at\/konferenz\/2025\" target=\"_blank\" rel=\"noopener\"><strong>29. \u00d6sterreichische Konferenz gesundheitsf\u00f6rdernder Krankenh\u00e4user\u00a0und Gesundheitseinrichtungen<\/strong><\/a><\/p>\n<p>Mut zur Br\u00fccke! Schnittstellen erkennen und gemeinsam gestalten<\/p>\n<p><strong>23.-24. Oktober 2025, Bruck an der Mur<\/strong><\/p>\n<p>&nbsp;<\/p>\n<p><a href=\"https:\/\/www.ogp-kongress.at\/\">OGTC Jahrestagung 2025<\/a><\/p>\n<div class=\"fusion-text fusion-text-4 fusion-text-no-margin\">\n<p>Donnerstag, 16.10. \u2013 Samstag, 18.10.2025, Design Center Linz<\/p>\n<\/div>\n<p>&nbsp;<\/p>\n<blockquote>\n<p>&nbsp;<\/p>\n<\/blockquote>\n<p><strong>Fortbildungsreihe zur Beratung und Entw\u00f6hnung bei Nikotinabh\u00e4ngigkeit 2025<\/strong><br \/>Informationen, Termine und Anmeldung\u00a0 finden Sie unter\u00a0<strong> <a href=\"https:\/\/www.ifgp.at\/cdscontent\/?contentid=10007.780082&amp;portal=ifgpportal\" target=\"_blank\" rel=\"noopener\">Seminarinformation<\/a><\/strong><\/p>\n<p>[\/et_pb_toggle][et_pb_toggle title=&#8221;2024&#8243; admin_label=&#8221;2024&#8243; _builder_version=&#8221;4.27.4&#8243; _module_preset=&#8221;default&#8221; global_colors_info=&#8221;{}&#8221;]<\/p>\n<p><strong>22. Deutsche Konferenz f\u00fcr Tabakkontrolle am 04. und 05. Dezember 2024 in Heidelberg und online!<\/strong><\/p>\n<p>Mehr Informationen zur Hybrid-Veranstaltung und zur Anmeldung finden Sie <a href=\"https:\/\/indico.dkfz.de\/event\/889\/\" target=\"_blank\" rel=\"noopener\">hier<\/a>:<\/p>\n<blockquote>\n<p>&nbsp;<\/p>\n<\/blockquote>\n<p><strong>Fortbildungsreihe zur Beratung und Entw\u00f6hnung bei Nikotinabh\u00e4ngigkeit 2024<\/strong><br \/>Informationen, Termine und Anmeldung\u00a0 finden Sie unter\u00a0<strong><a href=\"https:\/\/rauchfrei.at\/wp-content\/uploads\/Seminarinformation_Fortbildung_Nikotinentwoehnung_2024.pdf\" target=\"_blank\" rel=\"noopener\">Seminarinformation<\/a><\/strong><\/p>\n<p>27. Vernetzungstreffen Tabakpr\u00e4vention und -entw\u00f6hnung<\/p>\n<p>&#8220;Frei von Tabak und Nikotin \u2013 neue Aspekte&#8221; am 12. November 2024, 09:00-13:00 Uhr<\/p>\n<p>Onlineveranstaltung; Anmeldungen richten Sie bitte<br \/>per E-Mail bis 1. November 2024 an: sv-vernetzungstreffen@sozialversicherung.at<br \/>Programm<\/p>\n<p>[\/et_pb_toggle][et_pb_toggle title=&#8221;2023&#8243; disabled_on=&#8221;on|on|on&#8221; admin_label=&#8221;2023&#8243; _builder_version=&#8221;4.27.4&#8243; _module_preset=&#8221;default&#8221; disabled=&#8221;on&#8221; global_colors_info=&#8221;{}&#8221;]<\/p>\n<p><strong>21. Deutsche Konferenz f\u00fcr Tabakkontrolle am 06. und 07. Dezember 2023 in Heidelberg und online!<\/strong><\/p>\n<p>Mehr Informationen zur Veranstaltung und zur Anmeldung finden Sie <a href=\"https:\/\/www.dkfz.de\/de\/krebspraevention\/Veranstaltungen\/1_Deutsche-Konferenz-fuer-Tabakkontrolle.html\" target=\"_blank\" rel=\"noopener\">hier<\/a>:<\/p>\n<p>&nbsp;<\/p>\n<p><strong>Symposium: <\/strong><strong>\u201eTabak und Alkohol in der Schwangerschaft und Stillzeit\u201c<\/strong><\/p>\n<p><strong>WANN<\/strong>: Freitag, 23.06.2023, 18:00 \u2013 21:00 Uhr<\/p>\n<p><strong>Hybridveranstaltung<\/strong>: Teilnahme vor Ort &amp; online<\/p>\n<p><strong>ORT<\/strong>: Billrothhaus \u2013 Gesellschaft der \u00c4rzte in Wien, Frankgasse 8, 1090 Wien<\/p>\n<p><strong><u>Bei Interesse folgen Sie den Link zur Anmeldung: <\/u><\/strong><\/p>\n<p><strong><a href=\"https:\/\/www.billrothhaus.at\/index.php?option=com_vf_veranstaltungskalender&amp;Itemid=139&amp;searchoption=upcoming&amp;show_page=0&amp;task=lecture&amp;veID=1861&amp;limitstart=8\">Link zu Anmeldung und Programm<\/a><\/strong><\/p>\n<p><strong><a href=\"https:\/\/www.billrothhaus.at\/images\/pdf\/230623_Tabak_und_Alkohol.pdf\">Download Programm: PDF<\/a><\/strong> 254 KB<\/p>\n<p>&nbsp;<\/p>\n<p><strong>Online Vortrag: Rauchfrei in der Schwangerschaft<br \/>Vortragende: Mag.<sup>a<\/sup> Bernadette Schnait<br \/>Donnerstag, 22.06.2023, Anmeldeschluss am 20.06.2023<br \/><\/strong><\/p>\n<p><strong>Melden Sie sich f\u00fcr die Online-Vortr\u00e4ge bitte per E-Mail unter<b> <a class=\"esvlink esvlink_mail\" href=\"mailto:gesundleben-12@oegk.at\" target=\"_self\" rel=\"noopener\">gesundleben-12@oegk.at<\/a><\/b> an.<\/strong><\/p>\n<p><strong>Online-Vertrag &#8220;Let`s talk about&#8230; Snus, Pouches &amp; Co&#8221;<\/strong><\/p>\n<p>Egal ob Snus, Pouches oder Nikotins\u00e4ckchen \u2013 alle Infos zu <strong>tabakfreien Nikotinbeuteln<\/strong> gibt es ab 31. Mai <a href=\"http:\/\/www.gesundheitskasse.at\/rauchfrei\" target=\"_blank\" rel=\"noopener\">hier<\/a> im Video. Der Online-Vortrag f\u00fcr Jugendliche wird in Kooperation mit Rat auf Draht angeboten.<\/p>\n<p><strong>\u00a0\u00a0\u00a0\u00a0\u00a0\u00a0\u00a0\u00a0 Webinar \u201eNeue Herausforderung Nikotinbeutel\u201c<\/strong><\/p>\n<p>Am <strong>5. Juni 2023<\/strong> wird von 18.00 bis 19.30 Uhr ein Webinar mit dem Titel \u201eNeue Herausforderung Nikotinbeutel \u2013 Warum die Produkte vor allem Jugendliche ansprechen\u201c angeboten. Dieses Webinar findet in Kooperation mit\u00a0dem Institut Suchtpr\u00e4vention statt und richtet sich an Erziehungsberechtigte und Lehrpersonen. Auch das Webinar steht im Anschluss zum Nachsehen f\u00fcr Sie bereit.<\/p>\n<p>Zur Anmeldung: <a href=\"https:\/\/gesundheitskasse.clickmeeting.com\/496583284\/register\" target=\"_blank\" rel=\"noopener\">Gesundheitstskasse<\/a><\/p>\n<p>[\/et_pb_toggle][et_pb_toggle title=&#8221;2022&#8243; disabled_on=&#8221;on|on|on&#8221; admin_label=&#8221;2022&#8243; _builder_version=&#8221;4.22.1&#8243; _module_preset=&#8221;default&#8221; disabled=&#8221;on&#8221; global_colors_info=&#8221;{}&#8221;]<\/p>\n<p><strong>20. Deutsche Konferenz f\u00fcr Tabakkontrolle am 07. und 08. Dezember 2022 in Heidelberg und online!<\/strong><\/p>\n<p>Mehr Informationen zur Veranstaltung und zur Anmeldung finden Sie <a href=\"https:\/\/www.dkfz.de\/de\/krebspraevention\/Veranstaltungen\/1_Deutsche-Konferenz-fuer-Tabakkontrolle.html\" target=\"_blank\" rel=\"noopener\">hier<\/a>:<\/p>\n<p>&nbsp;<\/p>\n<p>Webinar-Reihe anl\u00e4sslich des Weltnichtrauchertages 2022<\/p>\n<p>Vortrag: \u201eAuch (k)alter Rauch sch\u00e4digt &#8211; Wissenswertes zu Passiv-&amp; Dritthandrauch\u201c<br \/>Vortragender: Dipl.-Ing. Dr. Hans-Peter Hutter (Umweltmediziner, Zentrum f\u00fcr Public Health, Universit\u00e4t Wien, Abt. Umwelthygiene und Umweltmedizin)<br \/>Wann: Montag, 30.05.2022, 18:00 bis 19:00<br \/>Anmeldung unter: dlz.sg.office@svs.at<\/p>\n<p>Vortrag: &#8220;Rauchfrei werden? Aber ja!&#8221;<\/p>\n<p>Vortragende: MMag. Sophie Meingassner (Gesundheitspsychologin, \u00d6sterreichische Gesundheitskasse)<br \/>Wann: Dienstag, 31.05.2022, 17:00 bis 18:00<br \/>Anmeldung unter: gesundleben-12@oegk.at<\/p>\n<p>Vortrag: &#8220;Rauchfrei in der Schwangerschaft&#8221;<br \/>(Vortrag f\u00fcr schwangere Frauen)<br \/>Vortragende: Mag. Bernadette Schnait (Klinische Psychologin, \u00d6sterreichische Gesundheitskasse)<br \/>Wann: Mittwoch 01.06.2022, 18:30 bis 20:00 Uhr<br \/>Anmeldung unter: gesundleben-12@oegk.at<\/p>\n<p>Vortrag: &#8220;Neue Nikotinprodukte&#8221;<br \/>Vortragende: Mag. Waltraud Posch; www.vivid.at<br \/>Wann: Donnerstag, 02.06.2022, 17:00 bis 18:00<br \/>Anmeldung unter: rauchfrei@bvaeb.at<\/p>\n<p>Vortrag: &#8220;Umwelt sch\u00fctzen? Rauchfrei Leben!&#8221;<br \/>Vortragende: Sonja von Eichborn, M.A.; www.unfairtobacco.org<br \/>Wann: Freitag, 03.06.2022, 11:00 bis 12:00<br \/>Anmeldung unter: gesundleben-12@oegk.at<\/p>\n<p>&nbsp;<\/p>\n<h4>Online-Vortrag \u201eRauchfrei in der Schwangerschaft&#8221;<br \/><span><\/span><\/h4>\n<p>Mag. Bernadette Schnait, Klinische und Gesundheitspsychologin<\/p>\n<p><strong>Wann:<\/strong> Mittwoch 22.03.2022, 19 Uhr<\/p>\n<p><strong>Anmeldung unter:<\/strong> <a href=\"mailto:gsund-12@oegk.at\">gsund-12@oegk.at<\/a> oder per Telefon unter 050766-126202<\/p>\n<p><strong>Mehr dazu:<\/strong><a href=\"https:\/\/www.gesundheitskasse.at\/cdscontent\/?contentid=10007.883904&amp;portal=oegkportal\" title=\"www.gesundheitskasse.at\"> www.gesundheitskasse.at<\/a><\/p>\n<p>&nbsp;<\/p>\n<h4>Online-Vortrag \u201eRauchfrei werden, ohne Gewichtszunahme&#8221;<br \/><span><\/span><\/h4>\n<p>MMag. Sophie Meingassner, Klinische und Gesundheitspsychologin<\/p>\n<p><strong>Wann:<\/strong> Mittwoch 16.03.2022, 19 Uhr<\/p>\n<p><strong>Anmeldung unter:<\/strong> <a href=\"mailto:gsund-12@oegk.at\">gsund-12@oegk.at<\/a> oder per Telefon unter 050766-126202<\/p>\n<p><strong>Mehr dazu:<\/strong> <a href=\"https:\/\/www.gesundheitskasse.at\/cdscontent\/?contentid=10007.883904&amp;portal=oegkportal\">www.gesundheitskasse.at<\/a><\/p>\n<p>&nbsp;<\/p>\n<p>Hier finden Sie einen \u00dcberblick \u00fcber die Veranstaltungen der vergangenen Jahre:<\/p>\n<p><strong><\/strong><\/p>\n<p><strong>19. Deutsche Konferenz f\u00fcr Tabakkontrolle des Krebsforschungszentrums Heidelberg<\/strong><br \/>15. und 16. Dezember\u00a0 2021 (virtuelle Onlinekonferenz)<\/p>\n<p>Programm und Anmeldung<\/p>\n<p>&nbsp;<\/p>\n<p>&nbsp;<\/p>\n<p><strong>Online Vortrag: &#8220;Neujahrsvorsatz Rauchfrei&#8221;<\/strong><\/p>\n<p>Zielgruppe: Raucher\/innen, die mit ihrem Rauchverhalten hadern bzw. schon \u00f6fters einmal \u00fcbers Aufh\u00f6ren nachgedacht haben.<\/p>\n<p>Webinarleiterin: MMag. Sophie Meingassner, Klinische und Gesundheitspsychologin, Fachliche Leitung des Rauchfrei Telefons<\/p>\n<p>Termin: Mittwoch, 26. J\u00e4nner 2022<\/p>\n<p>Kostenlosen Anmeldung: www.svs.at<\/p>\n<p>[\/et_pb_toggle][et_pb_toggle title=&#8221;2021&#8243; disabled_on=&#8221;on|on|on&#8221; admin_label=&#8221;2021&#8243; _builder_version=&#8221;4.16&#8243; _module_preset=&#8221;default&#8221; disabled=&#8221;on&#8221; global_colors_info=&#8221;{}&#8221;]<\/p>\n<p><strong>Fortbildungsreihe zur Beratung und Entw\u00f6hnung bei Tabakabh\u00e4ngigkeit 2021<br \/>Informationen, Termine und Anmeldung (bis sp\u00e4testens 20.08.2021) finden Sie unter folgender Adresse: <a href=\"https:\/\/www.ifgp.at\/cdscontent\/?contentid=10007.780082&amp;portal=ifgpportal\" target=\"_blank\" rel=\"noopener\">hier<\/a><\/strong><\/p>\n<p><strong><\/strong><\/p>\n<p><strong>Expertengespr\u00e4ch zur Tabakentw\u00f6hnung, 8. Juni 2021, 18-19 Uhr, online via Zoom\u00a0 <\/strong><\/p>\n<p>Mit Priv.-Doz. Dr. Tobias R\u00fcther, Leiter der Spezialambulanz f\u00fcr Tabakabh\u00e4ngigkeit (Tabakambulanz) am LMU Klinikum M\u00fcnchen und MMag. Sophie Meingassner, Fachliche Leiterin des \u00f6sterreichischen Rauchfrei Telefons.<br \/>Teilnahme kostenlos. N\u00e4here Informationen und den Link zur Anmeldung hier:<\/p>\n<p>Hier der <a href=\"https:\/\/youtu.be\/V5MBCgzckz8%20\">Link<\/a> zum Nachsehen des Expertengespr\u00e4ches: <a href=\"https:\/\/youtu.be\/V5MBCgzckz8%20\">Video zum Nachsehen<\/a><\/p>\n<p>&nbsp;<\/p>\n<p>&nbsp;<\/p>\n<p>[\/et_pb_toggle][et_pb_toggle title=&#8221;2020&#8243; disabled_on=&#8221;on|on|on&#8221; admin_label=&#8221;2020&#8243; _builder_version=&#8221;4.16&#8243; _module_preset=&#8221;default&#8221; disabled=&#8221;on&#8221; global_colors_info=&#8221;{}&#8221;]<\/p>\n<p><strong>18. Deutsche Konferenz f\u00fcr Tabakkontrolle des Krebsforschungszentrums Heidelberg<br \/><\/strong><strong>2. Dezember\u00a0 2020 (virtuelle Onlinekonferenz)<\/strong><\/p>\n<p><a href=\"https:\/\/www.dkfz.de\/de\/tabakkontrolle\/Deutsche_Konferenzen_fuer_Tabakkontrolle.html\" rel=\"noopener noreferrer\">Programm und Anmeldung<\/a><\/p>\n<p>&nbsp;<\/p>\n<p>[\/et_pb_toggle][et_pb_toggle title=&#8221;2019&#8243; title_tablet=&#8221;&#8221; title_phone=&#8221;&#8221; title_last_edited=&#8221;on|desktop&#8221; disabled_on=&#8221;on|on|on&#8221; admin_label=&#8221;2019&#8243; _builder_version=&#8221;4.16&#8243; _module_preset=&#8221;default&#8221; disabled=&#8221;on&#8221; global_colors_info=&#8221;{}&#8221;]<\/p>\n<p><strong>21. Vernetzungstreffen Tabakpr\u00e4vention und -entw\u00f6hnung\u00a0 <\/strong><strong>19. November 2019 <br \/><\/strong><\/p>\n<p>Versicherungsanstalt \u00f6ffentlich Bediensteter (BVA)<br \/><span class=\"LrzXr\">Josefst\u00e4dter Str. 80<br \/>1080 Wien<\/span><br \/><a href=\"https:\/\/rauchfrei.at\/wp-content\/uploads\/Einladung_Vernetzungstreffen_19.11.19-BVA.pdf\" rel=\"noopener noreferrer\">Programm und Anmeldung<\/a><\/p>\n<p><strong>Society for Research on Nicotine and Tobacco \u201eTobacco in clinical practice and populations\u201c<br \/>19th Annual Conference\u00a0 12.-14. September\u00a0 2019<\/strong><br \/>Oslo, Norway<br \/><a href=\"https:\/\/web.cvent.com\/event\/00db6ff5-ffae-41eb-9c68-64d7cc114ef3\/summary\" rel=\"noopener noreferrer\">Programm und Anmeldung<\/a><\/p>\n<p><strong>10. Tabaksymposium zur psychologischen Behandlung der Tabakabh\u00e4ngigkeit \u201eDie Psychologie der Tabakkontrolle\u201c\u00a0 <\/strong><strong>20. Mai 2019 (8:30 \u2013 16:00 Uhr)<\/strong><\/p>\n<p>N\u00d6 Gebietskrankenkasse<br \/>Sitzungssaal 1, 7. Stock<br \/>Kremser Landstra\u00dfe 3<br \/>3100 St. P\u00f6lten<br \/><a href=\"https:\/\/www.boep.or.at\/veranstaltungen\/boep-veranstaltungen\/detail?vtkid=F14002000\" rel=\"noopener noreferrer\">Programm und Anmeldung<\/a><\/p>\n<p><strong>20. Vernetzungstreffen Tabakpr\u00e4vention und -entw\u00f6hnung\u00a0 <\/strong><strong>4. April 2019 (9:30 \u2013 16:00 Uhr)<\/strong><\/p>\n<p>Salzburger Gebietskrankenkasse<br \/>Konferenzzentrum 5. Stock, Raum A\/B<br \/>Engelbert-Wei\u00df-Weg 10<br \/>5020 Salzburg<br \/><a href=\"https:\/\/rauchfrei.at\/wp-content\/uploads\/2019_SV-Vernetzung_SGKK_Programm_final.pdf\" rel=\"noopener noreferrer\">Programm und Anmeldung<\/a><\/p>\n<p>[\/et_pb_toggle][et_pb_toggle title=&#8221;2018&#8243; disabled_on=&#8221;on|on|on&#8221; admin_label=&#8221;2018&#8243; _builder_version=&#8221;4.16&#8243; _module_preset=&#8221;default&#8221; disabled=&#8221;on&#8221; global_colors_info=&#8221;{}&#8221;]<\/p>\n<div id=\"threecolumns\">\n<div class=\"content-column\">\n<div id=\"twocolumns\">\n<div id=\"content\">\n<div class=\"single-post\">\n<h3>Symposium \u201eJugend und Rauchen\u201c<\/h3>\n<p>Anl\u00e4sslich des Weltnichtrauchertages 2018 veranstaltet das Rauchfrei Telefon mit der N\u00d6GKK und dem Hauptverband der Sozialversicherungstr\u00e4ger ein Symposium zum Thema \u201eJugend und Rauchen\u201c.<\/p>\n<\/div>\n<p><img loading=\"lazy\" decoding=\"async\" class=\"alignnone wp-image-11108\" src=\"https:\/\/rauchfrei.at\/wp-content\/uploads\/Jugendliche-die-mit-H\u00e4nden-einschlagen_shutterstock.png\" alt=\"\" width=\"403\" height=\"248\" srcset=\"https:\/\/rauchfrei.at\/wp-content\/uploads\/Jugendliche-die-mit-H\u00e4nden-einschlagen_shutterstock.png 560w, https:\/\/rauchfrei.at\/wp-content\/uploads\/Jugendliche-die-mit-H\u00e4nden-einschlagen_shutterstock-225x139.png 225w, https:\/\/rauchfrei.at\/wp-content\/uploads\/Jugendliche-die-mit-H\u00e4nden-einschlagen_shutterstock-480x296.png 480w\" sizes=\"(max-width: 403px) 100vw, 403px\" \/> (C) Shutterstock<\/p>\n<\/div>\n<\/div>\n<\/div>\n<\/div>\n<div class=\"wrapper-area\">\n<div class=\"wrapper-holder\">\n<div class=\"wrapper-frame\">\n<div id=\"wrapper\">\n<div id=\"main\">\n<div id=\"threecolumns\">\n<div class=\"content-column\">\n<div id=\"twocolumns\">\n<div id=\"content\">\n<div class=\"single-post\">\n<p><strong>Inhaltliche Schwerpunkte:<br \/><\/strong>\u2013 Wie wirkt Tabak-\/Nikotinkonsum bei Jugendlichen (Suchtentwicklung, etc.)?<br \/>\u2013 Was st\u00e4rkt Jugendliche in einem rauchfreien Lebensstil?<br \/>\u2013 Wie hilft man Jugendlichen beim Ausstieg aus der Tabakabh\u00e4ngigkeit?<br \/>\u2013 Welche Angebote zur Tabakpr\u00e4vention gibt es f\u00fcr Jugendliche?<\/p>\n<p><a class=\"small-button smallblue\" href=\"https:\/\/rauchfrei.at\/wp-content\/uploads\/Symposium_Jugend_und_Rauchen.pdf\" target=\"_blank\" rel=\"noopener noreferrer\">Programm<\/a><\/p>\n<\/div>\n<\/div>\n<div id=\"content\">\n<div class=\"single-post\">\n<p><a class=\"small-button smallblue\" href=\"https:\/\/rauchfrei.at\/wp-content\/uploads\/WNRT-Symposium_Jugend_und_Rauchen_Abstracts-3.pdf\" target=\"_blank\" rel=\"noopener noreferrer\">Abstracts<\/a><\/p>\n<p><strong>Hier k\u00f6nnen Sie alle Pr\u00e4sentationen einsehen:<\/strong><\/p>\n<p>Vortrag von Dr. Klaus Vavrik (Ambulatorium Fernkorngasse):<br \/><a class=\"small-button smalllightblue\" href=\"https:\/\/rauchfrei.at\/wp-content\/uploads\/Suchtentwicklung-und-Tabakfolgen-medizinische-Aspekte.pdf\" target=\"_blank\" rel=\"noopener noreferrer\">Suchtentwicklung und Tabakfolgen \u2013 medizinische Aspekte<\/a><\/p>\n<p>Vortrag von\u00a0Mag. Waltraud Posch (VIVID):<br \/><a class=\"small-button smalllightblue\" href=\"https:\/\/rauchfrei.at\/wp-content\/uploads\/Regulierungen-fordern-Ressourcen-f%C3%B6rdern.-Effektive-Tabakpr%C3%A4vention-bei-Jugendlichen.pdf\" target=\"_blank\" rel=\"noopener noreferrer\">Regulierungen fordern, Ressourcen f\u00f6rdern. Effektive Tabakpr\u00e4vention bei Jugendlichen<\/a><\/p>\n<p>Vortrag von Dr. Edith Pickl (IfGP):<br \/><a class=\"small-button smalllightblue\" href=\"https:\/\/rauchfrei.at\/wp-content\/uploads\/Die-rauchfreie-Schule-welchen-Beitrag-kann-die-Sozialversicherung-leisten.pdf\" target=\"_blank\" rel=\"noopener noreferrer\">Die rauchfreie Schule \u2013 welchen Beitrag kann die Sozialversicherung leisten<\/a><\/p>\n<p><a class=\"small-button smalllightblue\" href=\"http:\/\/www.hauptverband.at\/tabakpraevention_schule\" target=\"_blank\" rel=\"noopener noreferrer\">Factsheet Tabakpr\u00e4vention in der Schule<\/a><\/p>\n<p>Vortrag von MMag. Sophie Meingassner (Rauchfrei Telefon):<br \/><a class=\"small-button smalllightblue\" href=\"#\" target=\"_blank\" rel=\"noopener noreferrer\">Die Beratung rauchender Jugendlicher am Rauchfrei Telefon<\/a><\/p>\n<p>Vortrag von DSA Markus Weissensteiner, MSc &amp; Mag. Sabrina Schmied (Fachstelle N\u00d6):<br \/><a class=\"small-button smalllightblue\" target=\"_blank\" rel=\"noopener noreferrer\">\u00d6sterreichweite Angebote der Suchtpr\u00e4vention f\u00fcr Schulen, Jugendliche<\/a><\/p>\n<p>Vortrag von Ing. Petra Gajar (FG\u00d6):<br \/><a class=\"small-button smalllightblue\" href=\"https:\/\/rauchfrei.at\/wp-content\/uploads\/YOLO-\u2013-oder-wie-begeistere-ich-Kinder-f\u00fcr\u00b4s-Nichtrauchen.pdf\" target=\"_blank\" rel=\"noopener noreferrer\">YOLO \u2013 oder wie begeistere ich Kinder f\u00fcr\u2019s Nichtrauchen<\/a><\/p>\n<p>Vortrag von Mag. (FH) Sandra Klinger (VIVID):<br \/><a class=\"small-button smalllightblue\" href=\"https:\/\/rauchfrei.at\/wp-content\/uploads\/Tabakpr\u00e4vention-macht-Schule.pdf\" target=\"_blank\" rel=\"noopener noreferrer\">Tabakpr\u00e4vention macht Schule<\/a><\/p>\n<p>Vortrag von Mag. Sabrina Schmied (Fachstelle N\u00d6) &amp; Mag. Alexander Beroggio (N\u00d6GKK):<br \/><a class=\"small-button smalllightblue\" href=\"https:\/\/rauchfrei.at\/wp-content\/uploads\/knowyourdrugs.at-Wer-raucht-sollte-auch-wissen-was.pdf\" target=\"_blank\" rel=\"noopener noreferrer\">knowyourdrugs.at \u2013 Wer raucht, sollte auch wissen, was!<\/a><\/p>\n<p>Vortrag von Mag. Nadine Hasenzagl, BA &amp; Brigitte Hagenauer (Jugend:info N\u00d6):<br \/><a class=\"small-button smalllightblue\" href=\"https:\/\/rauchfrei.at\/wp-content\/uploads\/F\u00f6rderung-des-Nichtrauchens-durch-Infopeers.pdf\" target=\"_blank\" rel=\"noopener noreferrer\">F\u00f6rderung der Nichtrauchens durch Infopeers<\/a><\/p>\n<\/div>\n<\/div>\n<\/div>\n<\/div>\n<\/div>\n<\/div>\n<\/div>\n<\/div>\n<\/div>\n<\/div>\n<p>[\/et_pb_toggle][et_pb_toggle title=&#8221;2017&#8243; disabled_on=&#8221;on|on|on&#8221; admin_label=&#8221;2017&#8243; _builder_version=&#8221;4.27.4&#8243; _module_preset=&#8221;default&#8221; disabled=&#8221;on&#8221; locked=&#8221;off&#8221; global_colors_info=&#8221;{}&#8221;]<\/p>\n<p>Anl\u00e4sslich des Weltnichtrauchertages 2017 veranstaltete das Rauchfrei Telefon ein Symposium zum Thema Schwangerschaft und\u00a0Rauchen.<\/p>\n<a href='https:\/\/rauchfrei.at\/wp-content\/uploads\/Einladung_Symposium-Schwangerschaft-und-Rauchen.pdf' class='small-button smallblue' target=\"_blank\">Programm<\/a>\n<div class=\"wrapper-area\">\n<div class=\"wrapper-holder\">\n<div class=\"wrapper-frame\">\n<div id=\"wrapper\">\n<div id=\"main\">\n<div id=\"threecolumns\">\n<div class=\"content-column\">\n<div id=\"twocolumns\">\n<div id=\"content\">\n<div class=\"single-post\">\n<a href='https:\/\/rauchfrei.at\/wp-content\/uploads\/Symposium-zum-Weltnichtrauchertag_Abstracts.pdf' class='small-button smallblue' target=\"_blank\">Abstracts<\/a>\n<p><strong>Hier k\u00f6nnen Sie alle Pr\u00e4sentationen einsehen:<\/strong><\/p>\n<p>Vortrag von O\u00c4 Priv.-Doz. Dr. Angela Zacharasiewicz:<\/p>\n<p><a href='https:\/\/rauchfrei.at\/wp-content\/uploads\/N%C3%96GKK-FTS-A-Zacharasiewicz-Autosaved-v-1.pdf' class='small-button smalllightblue' target=\"_blank\">Fetales Tabaksyndrom<\/a>Vortrag Mag. Dr. Laura Brandt:<br \/><a href=\"https:\/\/rauchfrei.at\/wp-content\/uploads\/Die-Situation-rauchender-schwangerer-Frauen_Brandt_zur-Ver\u00f6ffentlichung.pdf\" target=\"_blank\" rel=\"noopener noreferrer\"><a href='https:\/\/rauchfrei.at\/wp-content\/uploads\/Die-Situation-rauchender-schwangerer-Frauen_Brandt_zur-Ver%C3%B6ffentlichung.pdf' class='small-button smalllightblue' target=\"_blank\">Die Situation rauchender schwangerer Frauen<\/a> <\/a><\/p>\n<p>&nbsp;<\/p>\n<p>Vortrag MMag. Sophie Meingassner: <a href='https:\/\/rauchfrei.at\/wp-content\/uploads\/Meingassner_Beratung_Rauchfrei-Telefon.pdf' class='small-button smalllightblue' target=\"_blank\">Die Beratung schwangeren Raucherinnen am Rauchfrei Telefon<\/a><\/p>\n<p>Vortrag Marianne Mayer:<a href='https:\/\/rauchfrei.at\/wp-content\/uploads\/Rauchen-in-der-Schwangerschaft_Die-Perspektive-einer-Hebamme.pdf' class='small-button smalllightblue' target=\"_blank\">Rauchen in der Schwangerschaft \u2013 Die Perspektive einer Hebamme<\/a><\/p>\n<p>Vortrag von Mag. Daniela Thurner: <a href='https:\/\/rauchfrei.at\/wp-content\/uploads\/symposium_thurner_finale_version.pdf' class='small-button smalllightblue' target=\"_blank\">Brosch\u00fcre \u201eEine Auszeit f\u00fcr Ihr Baby\u201c \u2013 Information zu Alkohol und Rauchen f\u00fcr werdende M\u00fctter<\/a><\/p>\n<p>Vortrag: Prof. Dr. Dipl.-Ing. Hilda Tellioglu: <a href='https:\/\/rauchfrei.at\/wp-content\/uploads\/Vibrette_Haptisches-Tool-zur-Tabakentw\u00f6hnung.pdf' class='small-button smalllightblue' target=\"_blank\">Vibrette: Haptisches Tool zur Tabakentw\u00f6hnung<\/a><\/p>\n<p>Vortrag MMag. Sophie Meingassner:<a href='https:\/\/rauchfrei.at\/wp-content\/uploads\/Meingassner_Empfehlungen.pdf' class='small-button smalllightblue' target=\"_blank\">Schlussfolgerungen und Empfehlungen f\u00fcr die Praxis<\/a><\/p>\n<\/div>\n<\/div>\n<\/div>\n<\/div>\n<\/div>\n<\/div>\n<\/div>\n<\/div>\n<\/div>\n<\/div>\n<p>&nbsp;<\/p>\n<p>&nbsp;<\/p>\n<p>[\/et_pb_toggle][et_pb_video _builder_version=&#8221;4.16&#8243; _module_preset=&#8221;default&#8221; global_colors_info=&#8221;{}&#8221;][\/et_pb_video][\/et_pb_column][et_pb_column type=&#8221;1_3&#8243; _builder_version=&#8221;4.16&#8243; custom_padding=&#8221;|||&#8221; global_colors_info=&#8221;{}&#8221; custom_padding__hover=&#8221;|||&#8221;][et_pb_text admin_label=&#8221;Angebote in \u00d6sterreich&#8221; _builder_version=&#8221;4.27.4&#8243; custom_margin=&#8221;||60px&#8221; custom_padding=&#8221;||&#8221; link_option_url=&#8221;https:\/\/rauchfrei.at\/aufhoeren\/weitere-beratungsangebote-in-oe\/beratungsangebote\/&#8221; link_option_url_new_window=&#8221;on&#8221; global_module=&#8221;13404&#8243; saved_tabs=&#8221;all&#8221; global_colors_info=&#8221;{}&#8221;]<\/p>\n<p>&nbsp;<\/p>\n<h2>Angebote in \u00d6sterreich<\/h2>\n<p><img loading=\"lazy\" decoding=\"async\" class=\"wp-image-13438 alignnone size-large\" src=\"https:\/\/rauchfrei.at\/wp-content\/uploads\/oesterreichkarte-2-480x248.png\" alt=\"\" width=\"480\" height=\"248\" srcset=\"https:\/\/rauchfrei.at\/wp-content\/uploads\/oesterreichkarte-2-480x248.png 480w, https:\/\/rauchfrei.at\/wp-content\/uploads\/oesterreichkarte-2-225x116.png 225w, https:\/\/rauchfrei.at\/wp-content\/uploads\/oesterreichkarte-2-768x397.png 768w, https:\/\/rauchfrei.at\/wp-content\/uploads\/oesterreichkarte-2-1080x558.png 1080w, https:\/\/rauchfrei.at\/wp-content\/uploads\/oesterreichkarte-2.png 1736w\" sizes=\"(max-width: 480px) 100vw, 480px\" \/><\/p>\n<p>Finden Sie das passende Angebot von ambulanter Einzelberatung bis hin zur station\u00e4ren Gruppenberatung<\/p>\n<p><a class=\"mehr\" href=\"https:\/\/rauchfrei.at\/aufhoeren\/weitere-beratungsangebote-in-oe\/beratungsangebote\/\" target=\"_blank\" rel=\"noopener\">mehr<\/a><\/p>\n<p>[\/et_pb_text][et_pb_text admin_label=&#8221;Das Rauchfrei Ticket&#8221; _builder_version=&#8221;4.27.4&#8243; link_option_url=&#8221;https:\/\/rauchfrei.at\/fuer-gesundheitsberufe\/rauchfreiticket\/&#8221; link_option_url_new_window=&#8221;on&#8221; global_module=&#8221;15221&#8243; saved_tabs=&#8221;all&#8221; global_colors_info=&#8221;{}&#8221;]<\/p>\n<h2>Das Rauchfrei Ticket &#8211; Informationen f\u00fcr Profis<\/h2>\n<p><img loading=\"lazy\" decoding=\"async\" class=\"size-medium alignnone\" style=\"border: 3px solid #212121;\" src=\"https:\/\/rauchfrei.at\/wp-content\/uploads\/eins-2.jpg\" alt=\"\" width=\"1215\" height=\"1179\" \/><\/p>\n<a href='#' class='small-button smallblue'>mehr<\/a>\n<p>[\/et_pb_text][\/et_pb_column][\/et_pb_row][\/et_pb_section]<\/p>\n","protected":false},"excerpt":{"rendered":"<p>Veranstaltungen rund ums Thema Tabakentw\u00f6hnung und &#8211; pr\u00e4vention Kommende Veranstaltungen: 11. Pneumo Pflegetag der \u00d6GP (\u00d6sterreichische Gesellschaft f\u00fcr Pneumologie) 17. April.2026 (9-17 Uhr), LinzInfos und Anmeldung Vernetzungstreffen Tabak &amp; Nikotin der \u00f6sterreichischen Sozialversicherung07. Mai 2026, St. P\u00f6ltenInfos und Anmeldung European Conference on Tobacco or Health (ECToH)20.-22. Mai 2026, MailandInfos und Anmeldung 50. bzw. 10. Jahrestagung [&hellip;]<\/p>\n","protected":false},"author":11,"featured_media":0,"parent":0,"menu_order":0,"comment_status":"closed","ping_status":"closed","template":"","meta":{"_et_pb_use_builder":"on","_et_pb_old_content":"<p>N\u00d6GKK Symposium<\/p><p>Aktuelle Veranstaltungen<\/p><p>Lunge Umwelt<\/p><p>B\u00f6p Symposium<\/p>","_et_gb_content_width":"","footnotes":""},"class_list":["post-10281","page","type-page","status-publish","hentry"],"yoast_head":"<!-- This site is optimized with the Yoast SEO plugin v26.2 - https:\/\/yoast.com\/wordpress\/plugins\/seo\/ -->\n<title>Veranstaltungen - Rauchfrei Telefon<\/title>\n<meta name=\"robots\" content=\"index, follow, max-snippet:-1, max-image-preview:large, max-video-preview:-1\" \/>\n<link rel=\"canonical\" href=\"https:\/\/rauchfrei.at\/veranstaltungen\/\" \/>\n<meta property=\"og:locale\" content=\"en_US\" \/>\n<meta property=\"og:type\" content=\"article\" \/>\n<meta property=\"og:title\" content=\"Veranstaltungen - Rauchfrei Telefon\" \/>\n<meta property=\"og:description\" content=\"Veranstaltungen rund ums Thema Tabakentw\u00f6hnung und - pr\u00e4vention Kommende Veranstaltungen: 11. Pneumo Pflegetag der \u00d6GP (\u00d6sterreichische Gesellschaft f\u00fcr Pneumologie) 17. April.2026 (9-17 Uhr), LinzInfos und Anmeldung Vernetzungstreffen Tabak &amp; Nikotin der \u00f6sterreichischen Sozialversicherung07. Mai 2026, St. P\u00f6ltenInfos und Anmeldung European Conference on Tobacco or Health (ECToH)20.-22. Mai 2026, MailandInfos und Anmeldung 50. bzw. 10. Jahrestagung [&hellip;]\" \/>\n<meta property=\"og:url\" content=\"https:\/\/rauchfrei.at\/veranstaltungen\/\" \/>\n<meta property=\"og:site_name\" content=\"Rauchfrei Telefon\" \/>\n<meta property=\"article:modified_time\" content=\"2026-04-08T07:24:27+00:00\" \/>\n<meta property=\"og:image\" content=\"https:\/\/rauchfrei.at\/wp-content\/uploads\/oesterreichkarte-2.png\" \/>\n\t<meta property=\"og:image:width\" content=\"1736\" \/>\n\t<meta property=\"og:image:height\" content=\"897\" \/>\n\t<meta property=\"og:image:type\" content=\"image\/png\" \/>\n<meta name=\"twitter:card\" content=\"summary_large_image\" \/>\n<meta name=\"twitter:label1\" content=\"Est. reading time\" \/>\n\t<meta name=\"twitter:data1\" content=\"3 minutes\" \/>\n<script type=\"application\/ld+json\" class=\"yoast-schema-graph\">{\"@context\":\"https:\/\/schema.org\",\"@graph\":[{\"@type\":\"WebPage\",\"@id\":\"https:\/\/rauchfrei.at\/veranstaltungen\/\",\"url\":\"https:\/\/rauchfrei.at\/veranstaltungen\/\",\"name\":\"Veranstaltungen - Rauchfrei Telefon\",\"isPartOf\":{\"@id\":\"https:\/\/rauchfrei.at\/#website\"},\"primaryImageOfPage\":{\"@id\":\"https:\/\/rauchfrei.at\/veranstaltungen\/#primaryimage\"},\"image\":{\"@id\":\"https:\/\/rauchfrei.at\/veranstaltungen\/#primaryimage\"},\"thumbnailUrl\":\"https:\/\/rauchfrei.at\/wp-content\/uploads\/oesterreichkarte-2-480x248.png\",\"datePublished\":\"2018-06-20T11:12:38+00:00\",\"dateModified\":\"2026-04-08T07:24:27+00:00\",\"inLanguage\":\"en-US\",\"potentialAction\":[{\"@type\":\"ReadAction\",\"target\":[\"https:\/\/rauchfrei.at\/veranstaltungen\/\"]}]},{\"@type\":\"ImageObject\",\"inLanguage\":\"en-US\",\"@id\":\"https:\/\/rauchfrei.at\/veranstaltungen\/#primaryimage\",\"url\":\"https:\/\/rauchfrei.at\/wp-content\/uploads\/oesterreichkarte-2-480x248.png\",\"contentUrl\":\"https:\/\/rauchfrei.at\/wp-content\/uploads\/oesterreichkarte-2-480x248.png\"},{\"@type\":\"WebSite\",\"@id\":\"https:\/\/rauchfrei.at\/#website\",\"url\":\"https:\/\/rauchfrei.at\/\",\"name\":\"Rauchfrei Telefon\",\"description\":\"Eine \u00f6sterreichweite Initiative der Sozialversicherungen.\",\"potentialAction\":[{\"@type\":\"SearchAction\",\"target\":{\"@type\":\"EntryPoint\",\"urlTemplate\":\"https:\/\/rauchfrei.at\/?s={search_term_string}\"},\"query-input\":{\"@type\":\"PropertyValueSpecification\",\"valueRequired\":true,\"valueName\":\"search_term_string\"}}],\"inLanguage\":\"en-US\"}]}<\/script>\n<!-- \/ Yoast SEO plugin. -->","yoast_head_json":{"title":"Veranstaltungen - Rauchfrei Telefon","robots":{"index":"index","follow":"follow","max-snippet":"max-snippet:-1","max-image-preview":"max-image-preview:large","max-video-preview":"max-video-preview:-1"},"canonical":"https:\/\/rauchfrei.at\/veranstaltungen\/","og_locale":"en_US","og_type":"article","og_title":"Veranstaltungen - Rauchfrei Telefon","og_description":"Veranstaltungen rund ums Thema Tabakentw\u00f6hnung und - pr\u00e4vention Kommende Veranstaltungen: 11. Pneumo Pflegetag der \u00d6GP (\u00d6sterreichische Gesellschaft f\u00fcr Pneumologie) 17. April.2026 (9-17 Uhr), LinzInfos und Anmeldung Vernetzungstreffen Tabak &amp; Nikotin der \u00f6sterreichischen Sozialversicherung07. Mai 2026, St. P\u00f6ltenInfos und Anmeldung European Conference on Tobacco or Health (ECToH)20.-22. Mai 2026, MailandInfos und Anmeldung 50. bzw. 10. Jahrestagung [&hellip;]","og_url":"https:\/\/rauchfrei.at\/veranstaltungen\/","og_site_name":"Rauchfrei Telefon","article_modified_time":"2026-04-08T07:24:27+00:00","og_image":[{"width":1736,"height":897,"url":"https:\/\/rauchfrei.at\/wp-content\/uploads\/oesterreichkarte-2.png","type":"image\/png"}],"twitter_card":"summary_large_image","twitter_misc":{"Est. reading time":"3 minutes"},"schema":{"@context":"https:\/\/schema.org","@graph":[{"@type":"WebPage","@id":"https:\/\/rauchfrei.at\/veranstaltungen\/","url":"https:\/\/rauchfrei.at\/veranstaltungen\/","name":"Veranstaltungen - Rauchfrei Telefon","isPartOf":{"@id":"https:\/\/rauchfrei.at\/#website"},"primaryImageOfPage":{"@id":"https:\/\/rauchfrei.at\/veranstaltungen\/#primaryimage"},"image":{"@id":"https:\/\/rauchfrei.at\/veranstaltungen\/#primaryimage"},"thumbnailUrl":"https:\/\/rauchfrei.at\/wp-content\/uploads\/oesterreichkarte-2-480x248.png","datePublished":"2018-06-20T11:12:38+00:00","dateModified":"2026-04-08T07:24:27+00:00","inLanguage":"en-US","potentialAction":[{"@type":"ReadAction","target":["https:\/\/rauchfrei.at\/veranstaltungen\/"]}]},{"@type":"ImageObject","inLanguage":"en-US","@id":"https:\/\/rauchfrei.at\/veranstaltungen\/#primaryimage","url":"https:\/\/rauchfrei.at\/wp-content\/uploads\/oesterreichkarte-2-480x248.png","contentUrl":"https:\/\/rauchfrei.at\/wp-content\/uploads\/oesterreichkarte-2-480x248.png"},{"@type":"WebSite","@id":"https:\/\/rauchfrei.at\/#website","url":"https:\/\/rauchfrei.at\/","name":"Rauchfrei Telefon","description":"Eine \u00f6sterreichweite Initiative der Sozialversicherungen.","potentialAction":[{"@type":"SearchAction","target":{"@type":"EntryPoint","urlTemplate":"https:\/\/rauchfrei.at\/?s={search_term_string}"},"query-input":{"@type":"PropertyValueSpecification","valueRequired":true,"valueName":"search_term_string"}}],"inLanguage":"en-US"}]}},"_links":{"self":[{"href":"https:\/\/rauchfrei.at\/en\/wp-json\/wp\/v2\/pages\/10281","targetHints":{"allow":["GET"]}}],"collection":[{"href":"https:\/\/rauchfrei.at\/en\/wp-json\/wp\/v2\/pages"}],"about":[{"href":"https:\/\/rauchfrei.at\/en\/wp-json\/wp\/v2\/types\/page"}],"author":[{"embeddable":true,"href":"https:\/\/rauchfrei.at\/en\/wp-json\/wp\/v2\/users\/11"}],"replies":[{"embeddable":true,"href":"https:\/\/rauchfrei.at\/en\/wp-json\/wp\/v2\/comments?post=10281"}],"version-history":[{"count":119,"href":"https:\/\/rauchfrei.at\/en\/wp-json\/wp\/v2\/pages\/10281\/revisions"}],"predecessor-version":[{"id":32973,"href":"https:\/\/rauchfrei.at\/en\/wp-json\/wp\/v2\/pages\/10281\/revisions\/32973"}],"wp:attachment":[{"href":"https:\/\/rauchfrei.at\/en\/wp-json\/wp\/v2\/media?parent=10281"}],"curies":[{"name":"wp","href":"https:\/\/api.w.org\/{rel}","templated":true}]}}