
{"id":10300,"date":"2018-06-27T10:46:53","date_gmt":"2018-06-27T08:46:53","guid":{"rendered":"http:\/\/rauchfrei.at\/?page_id=10300"},"modified":"2023-05-10T09:32:30","modified_gmt":"2023-05-10T07:32:30","slug":"angebote-fuer-jugendliche","status":"publish","type":"page","link":"https:\/\/rauchfrei.at\/en\/angebote-fuer-jugendliche\/","title":{"rendered":"Angebote f\u00fcr Jugendliche"},"content":{"rendered":"<p>[et_pb_section fb_built=&#8221;1&#8243; custom_padding_last_edited=&#8221;off|&#8221; module_class=&#8221;header&#8221; _builder_version=&#8221;4.16&#8243; background_color=&#8221;#67BAD3&#8243; custom_margin=&#8221;||0px|&#8221; custom_padding=&#8221;100px||10px|&#8221; global_colors_info=&#8221;{}&#8221;][et_pb_row _builder_version=&#8221;4.16&#8243; custom_margin=&#8221;||0px|&#8221; custom_padding=&#8221;||0px|&#8221; global_colors_info=&#8221;{}&#8221;][et_pb_column type=&#8221;4_4&#8243; _builder_version=&#8221;4.16&#8243; custom_padding=&#8221;||0px|&#8221; global_colors_info=&#8221;{}&#8221; custom_padding__hover=&#8221;|||&#8221;][et_pb_text admin_label=&#8221;Blue Background Header&#8221; _builder_version=&#8221;4.16&#8243; custom_margin=&#8221;||0px|&#8221; custom_padding=&#8221;||0px|&#8221; z_index_tablet=&#8221;500&#8243; global_colors_info=&#8221;{}&#8221;]<\/p>\n<h1>Angebote f\u00fcr jugendliche Raucher\/innen<\/h1>\n<p>[\/et_pb_text][\/et_pb_column][\/et_pb_row][\/et_pb_section][et_pb_section fb_built=&#8221;1&#8243; specialty=&#8221;on&#8221; _builder_version=&#8221;4.16&#8243; global_colors_info=&#8221;{}&#8221;][et_pb_column type=&#8221;2_3&#8243; specialty_columns=&#8221;2&#8243; _builder_version=&#8221;4.16&#8243; custom_padding=&#8221;|||&#8221; global_colors_info=&#8221;{}&#8221; custom_padding__hover=&#8221;|||&#8221;][et_pb_row_inner admin_label=&#8221;Zeile&#8221; _builder_version=&#8221;4.16&#8243; custom_margin=&#8221;||-10px|&#8221; custom_padding=&#8221;||0px|&#8221; global_colors_info=&#8221;{}&#8221;][et_pb_column_inner saved_specialty_column_type=&#8221;2_3&#8243; _builder_version=&#8221;4.16&#8243; custom_padding=&#8221;|||&#8221; global_colors_info=&#8221;{}&#8221; custom_padding__hover=&#8221;|||&#8221;][et_pb_text _builder_version=&#8221;4.17.1&#8243; z_index_tablet=&#8221;500&#8243; global_colors_info=&#8221;{}&#8221;]<\/p>\n<h2>Telefonische Beratung<\/h2>\n<p>Jugendliche, die rauchen und damit aufh\u00f6ren m\u00f6chten, bekommen Information und Beratung beim <a href=\"https:\/\/rauchfrei.at\/beratung-vom-rauchfrei-telefon\/\">Rauchfrei Telefon<\/a>. Wir stehen f\u00fcr alle Fragen rund ums Thema bereit, die Gespr\u00e4che sind anonym.<\/p>\n<p>&nbsp;<\/p>\n<h2>Suchtpr\u00e4ventionsstellen in den Bundesl\u00e4ndern<\/h2>\n<p>[\/et_pb_text][et_pb_text _builder_version=&#8221;4.16&#8243; global_colors_info=&#8221;{}&#8221;]<\/p>\n<p>Verschiedenste Angebote zum Thema Tabak, die sich an Jugendliche richten, werden von den Suchtpr\u00e4ventionsstellen in den Bundesl\u00e4ndern angeboten.<\/p>\n<p>[\/et_pb_text][\/et_pb_column_inner][\/et_pb_row_inner][et_pb_row_inner column_structure=&#8221;1_2,1_2&#8243; admin_label=&#8221;Zeile&#8221; _builder_version=&#8221;4.16&#8243; custom_padding=&#8221;||0px|&#8221; global_colors_info=&#8221;{}&#8221;][et_pb_column_inner type=&#8221;1_2&#8243; saved_specialty_column_type=&#8221;2_3&#8243; _builder_version=&#8221;4.16&#8243; custom_padding=&#8221;|||&#8221; global_colors_info=&#8221;{}&#8221; custom_padding__hover=&#8221;|||&#8221;][et_pb_text admin_label=&#8221;Wien&#8221; _builder_version=&#8221;4.17.4&#8243; z_index_tablet=&#8221;500&#8243; global_colors_info=&#8221;{}&#8221;]<\/p>\n<h5>WIEN<\/h5>\n<p><strong>Institut f\u00fcr Suchtpr\u00e4vention der Sucht- und Drogenkoordination Wien <\/strong><br \/>Telefon: +43 1 4000 \u2013 87338 \u00a0oder \u2013 87334<br \/>Webadresse: <a href=\"http:\/\/www.isp.wien\">www.isp.wien<\/a><\/p>\n<p>Modecenterstra\u00dfe 14\/Block B\/2. OG, 1030 Wien<br \/>01 4000-87326<br \/><a href=\"mailto:isp@sd-wien.at\" target=\"_blank\" rel=\"noopener noreferrer\">isp@sd-wien.at<\/a><br \/><a href=\"http:\/\/www.sdw.wien\" target=\"_blank\" rel=\"noopener noreferrer\">www.sdw.wien<\/a><\/p>\n<p>[\/et_pb_text][et_pb_text admin_label=&#8221;Ober\u00f6sterreich&#8221; _builder_version=&#8221;4.16&#8243; global_colors_info=&#8221;{}&#8221;]<\/p>\n<h5>Ober\u00f6sterreich<\/h5>\n<h6>Institut Suchtpr\u00e4vention pro mente Ober\u00f6sterreich<\/h6>\n<p>Hirschgasse 44, 4020 Linz<br \/> 0732\/778936<br \/> <a href=\"mailto:info@praevention.at\" target=\"_blank\" rel=\"noopener noreferrer\">info@praevention.at<\/a><br \/> <a href=\"https:\/\/www.praevention.at\/\" target=\"_blank\" rel=\"noopener noreferrer\">www.praevention.at<\/a><\/p>\n<p>[\/et_pb_text][et_pb_text admin_label=&#8221;Salzburg&#8221; _builder_version=&#8221;4.17.4&#8243; global_colors_info=&#8221;{}&#8221;]<\/p>\n<h5>Salzburg<\/h5>\n<h6>Akzente Salzburg, Fachstelle f\u00fcr Suchtpr\u00e4vention<\/h6>\n<p><span style=\"font-family: inherit;\">Glockengasse 4c, 5020 Salzburg<\/span><br \/>0662\/84 92 91-44<br \/><a href=\"http:\/\/office@akzente.net\" target=\"_blank\" rel=\"noopener noreferrer\">\u00a0<\/a><a href=\"mailto:suchtpraevention@akzente.net\">suchtpraevention@akzente.net<\/a><a href=\"http:\/\/office@akzente.net\" target=\"_blank\" rel=\"noopener noreferrer\"><\/a><br \/><a href=\"http:\/\/www.akzente.net\/suchtpraevention\/\">www.akzente.net\/suchtpraevention\/<\/a><a href=\"http:\/\/www.akzente.net\/fachbereiche\/suchtpraevention\/praevention-fuer-jugendarbeit-ausbildung-und-lehre\/angerauscht\/?L=0\" target=\"_blank\" rel=\"noopener noreferrer\"><\/a><\/p>\n<p>[\/et_pb_text][et_pb_text admin_label=&#8221;Burgenland&#8221; _builder_version=&#8221;4.17.4&#8243; z_index_tablet=&#8221;500&#8243; global_colors_info=&#8221;{}&#8221;]<\/p>\n<h5>Burgenland<\/h5>\n<p><strong><u>Soziale Dienste Burgenland GmbH<\/u>, <\/strong><strong>Fachstelle f\u00fcr Pr\u00e4vention und Koordination <\/strong><strong>von Sucht- und Abh\u00e4ngigkeitserkrankungen<\/strong><\/p>\n<p>Colmarplatz 1 | T\u00fcre XXIV | 7000 Eisenstadt<\/p>\n<p>057979 20017<\/p>\n<p><a href=\"mailto:PSD.SuchtpraeventionEisenstadt@psd-bgld.at\">PSD.SuchtpraeventionEisenstadt@psd-bgld.at<\/a><br \/><a href=\"http:\/\/www.psd-bgld.at\/\">www.psd-bgld.at<\/a><\/p>\n<p>&nbsp;<\/p>\n<p>[\/et_pb_text][et_pb_text admin_label=&#8221;Vorarlberg&#8221; _builder_version=&#8221;4.16&#8243; global_colors_info=&#8221;{}&#8221;]<\/p>\n<h5>Vorarlberg<\/h5>\n<h6>SUPRO \u2013 Gesundheitsf\u00f6rderung und Pr\u00e4vention<\/h6>\n<p>Am Garnmarkt 1, 6840 G\u00f6tzis<br \/>05523 549 41<br \/><a href=\"http:\/\/info@supro.at\" target=\"_blank\" rel=\"noopener noreferrer\">info@supro.at<\/a><br \/><a href=\"http:\/\/www.supro.at\" target=\"_blank\" rel=\"noopener noreferrer\">www.supro.at<\/a><\/p>\n<p>[\/et_pb_text][\/et_pb_column_inner][et_pb_column_inner type=&#8221;1_2&#8243; saved_specialty_column_type=&#8221;2_3&#8243; _builder_version=&#8221;4.16&#8243; custom_padding=&#8221;|||&#8221; global_colors_info=&#8221;{}&#8221; custom_padding__hover=&#8221;|||&#8221;][et_pb_text admin_label=&#8221;Nieder\u00f6sterreich&#8221; _builder_version=&#8221;4.16&#8243; global_colors_info=&#8221;{}&#8221;]<\/p>\n<h5>Nieder\u00f6sterreich<\/h5>\n<h6>Fachstelle f\u00fcr Suchtpr\u00e4vention Nieder\u00f6sterreich<\/h6>\n<p>Brunngasse 8, 3100 St. P\u00f6lten<br \/>02742\/31 440<br \/><a href=\"mailto:office@fachstelle.at\" target=\"_blank\" rel=\"noopener noreferrer\">office@fachstelle.at<\/a><br \/><a href=\"http:\/\/www.fachstelle.at\" target=\"_blank\" rel=\"noopener noreferrer\">www.fachstelle.at<\/a><\/p>\n<p>[\/et_pb_text][et_pb_text admin_label=&#8221;Steiermark&#8221; _builder_version=&#8221;4.16&#8243; global_colors_info=&#8221;{}&#8221;]<\/p>\n<h5>Steiermark<\/h5>\n<h6>VIVID \u2013 Fachstelle f\u00fcr Suchtpr\u00e4vention<\/h6>\n<p>Zimmerplatzgasse 13\/I, 8010 Graz<br \/>0316 \/ 82 33 00<br \/><a href=\"mailto:info@vivid.at\" target=\"_blank\" rel=\"noopener noreferrer\">info@vivid.at<\/a><br \/><a href=\"http:\/\/www.vivid.at\/\" target=\"_blank\" rel=\"noopener noreferrer\">www.vivid.at <\/a><\/p>\n<p>[\/et_pb_text][et_pb_text admin_label=&#8221;K\u00e4rnten&#8221; _builder_version=&#8221;4.16&#8243; global_colors_info=&#8221;{}&#8221;]<\/p>\n<h5>K\u00e4rnten<\/h5>\n<h6>Landesstelle Suchtpr\u00e4vention, Amt der K\u00e4rntner Landesregierung, Abteilung 5 &#8211; Gesundheit und Pflege, UA Pr\u00e4vention und Suchtkoordination<\/h6>\n<p>Bahnhofplatz 5\/2, 9021 Klagenfurt am W\u00f6rthersee<br \/>050 536-15112<br \/><span style=\"font-size: 15px;\"><\/span><a href=\"http:\/\/abt5.suchtpraevention@ktn.gv.at\" target=\"_blank\" rel=\"noopener noreferrer\" style=\"font-size: 15px;\">abt5.suchtpraevention@ktn.gv.at<br \/><\/a><span style=\"font-size: 15px;\"><\/span><a href=\"http:\/\/www.kaernten-rauchfrei.at\" target=\"_blank\" rel=\"noopener noreferrer\" style=\"font-size: 15px;\">www.kaernten-rauchfrei.at<\/a><\/p>\n<p>[\/et_pb_text][et_pb_text admin_label=&#8221;Tirol&#8221; _builder_version=&#8221;4.16&#8243; z_index_tablet=&#8221;500&#8243; global_colors_info=&#8221;{}&#8221;]<\/p>\n<h5>Tirol<\/h5>\n<h6>kontakt+co Suchtpr\u00e4vention Jugendrotkreuz<\/h6>\n<p>B\u00fcrgerstra\u00dfe 18, 6020 Innsbruck<br \/>0512 58 57 30<br \/><a href=\"mailto:office@kontaktco.at\" target=\"_blank\" rel=\"noopener noreferrer\">office@kontaktco.at<\/a><br \/><a href=\"http:\/\/www.kontaktco.at\" target=\"_blank\" rel=\"noopener noreferrer\">www.kontaktco.at<\/a><\/p>\n<p>[\/et_pb_text][\/et_pb_column_inner][\/et_pb_row_inner][et_pb_row_inner admin_label=&#8221;Zeile&#8221; _builder_version=&#8221;4.16&#8243; global_colors_info=&#8221;{}&#8221;][et_pb_column_inner saved_specialty_column_type=&#8221;2_3&#8243; _builder_version=&#8221;4.16&#8243; custom_padding=&#8221;|||&#8221; global_colors_info=&#8221;{}&#8221; custom_padding__hover=&#8221;|||&#8221;][et_pb_divider divider_weight=&#8221;0px&#8221; _builder_version=&#8221;4.16&#8243; background_color=&#8221;#f5f2e4&#8243; height=&#8221;3px&#8221; custom_margin=&#8221;40px|||&#8221; custom_padding=&#8221;||0px|&#8221; global_colors_info=&#8221;{}&#8221;]<br \/>\n[\/et_pb_divider][\/et_pb_column_inner][\/et_pb_row_inner][\/et_pb_column][et_pb_column type=&#8221;1_3&#8243; _builder_version=&#8221;4.16&#8243; custom_padding=&#8221;|||&#8221; global_colors_info=&#8221;{}&#8221; custom_padding__hover=&#8221;|||&#8221;][et_pb_dp_dmb_module_10093 farbe=&#8221;blitzblau&#8221; headline=&#8221;Rauchfrei schwanger&#8221; image=&#8221;https:\/\/rauchfrei.at\/wp-content\/uploads\/Pregnant.png&#8221; image_position=&#8221;center&#8221; link_text=&#8221;mehr dazu&#8221; link_url=&#8221;https:\/\/rauchfrei.at\/fakten\/schwangerschaft\/&#8221; admin_label=&#8221;Schwangere&#8221; _builder_version=&#8221;3.19.15&#8243; custom_margin=&#8221;0px|||&#8221; custom_padding=&#8221;0px|||&#8221; global_module=&#8221;12601&#8243; saved_tabs=&#8221;all&#8221; global_colors_info=&#8221;{}&#8221;]<\/p>\n<p>In der Schwangerschaft bewirkt die Rauchfreiheit besonders viel Gutes.<\/p>\n<p>[\/et_pb_dp_dmb_module_10093][et_pb_text admin_label=&#8221;Wichtige Links&#8221; module_class=&#8221;jugend wichtige-links&#8221; _builder_version=&#8221;4.20.4&#8243; hover_enabled=&#8221;0&#8243; global_colors_info=&#8221;{}&#8221; sticky_enabled=&#8221;0&#8243;]<\/p>\n<h3>Wichtige Links<\/h3>\n<ul>\n<li><a href=\"https:\/\/www.feel-ok.at\/de_AT\/jugendliche\/jugendliche.cfm\" target=\"_blank\" rel=\"noopener noreferrer\">www.feel-ok.at<\/a><\/li>\n<li><a href=\"https:\/\/www.check-yourself.at\" target=\"_blank\" rel=\"noopener noreferrer\">www.check-yourself.at<\/a><\/li>\n<li><a href=\"https:\/\/www.suchtvorbeugung.net\/\" target=\"_blank\" rel=\"noopener noreferrer\">www.suchtvorbeugung.net<\/a><\/li>\n<li><a href=\"https:\/\/www.ready4life.at\/\" target=\"_blank\" rel=\"noopener noreferrer\">www.ready4life.at<\/a><a href=\"http:\/\/www.juliarauchfrei.at\"><\/a><\/li>\n<\/ul>\n<p>[\/et_pb_text][et_pb_text admin_label=&#8221;Downloads&#8221; module_class=&#8221;jugend downloads&#8221; _builder_version=&#8221;4.16&#8243; link_option_url_new_window=&#8221;on&#8221; global_colors_info=&#8221;{}&#8221;]<\/p>\n<h3>Downloads<\/h3>\n<ul>\n<li><a href=\"https:\/\/rauchfrei.at\/wp-content\/uploads\/Informationsbrosch\u00fcre-f\u00fcr-junge-Menschen_Tabak.pdf\" target=\"_blank\" rel=\"noopener noreferrer\">Pocket Info Tabak<\/a><\/li>\n<li><a href=\"https:\/\/rauchfrei.at\/angebote-fuer-jugendliche\/oofv_la02_kickohnetschik_leporello_90x125mm\/\" target=\"_blank\" rel=\"attachment noopener wp-att-12235 noreferrer\">KickOhneTschik \u2013 10 Tipps f\u00fcr Eltern und Gro\u00dfeltern <\/a><\/li>\n<li><a href=\"https:\/\/rauchfrei.at\/wp-content\/uploads\/Folder_Jugend_web-2.pdf\" target=\"_blank\" rel=\"noopener noreferrer\">Jugendfolder \u2013 \u201eBesser Schluss machen\u201c<\/a><\/li>\n<li><a href=\"http:\/\/www.cancer.lu\/sites\/cancer\/files\/insider_75_web_DE.pdf\" target=\"_blank\" rel=\"noopener noreferrer\">Der ins!der <\/a><\/li>\n<li><a href=\"https:\/\/rauchfrei.at\/wp-content\/uploads\/Ueber_Rauchen_reden_2015-1.pdf\" target=\"_blank\" rel=\"noopener noreferrer\">\u00dcbers Rauchen reden! Was Eltern wissen sollten<\/a> <br \/>(Bestellung bei der Fachstelle f\u00fcr Suchtpr\u00e4vention Ihres Bundeslandes.)<\/li>\n<\/ul>\n<p>[\/et_pb_text][\/et_pb_column][\/et_pb_section][et_pb_section fb_built=&#8221;1&#8243; disabled_on=&#8221;on|on|on&#8221; _builder_version=&#8221;4.16&#8243; global_colors_info=&#8221;{}&#8221;][\/et_pb_section]<\/p>\n","protected":false},"excerpt":{"rendered":"<p>Angebote f\u00fcr jugendliche Raucher\/innen Telefonische Beratung Jugendliche, die rauchen und damit aufh\u00f6ren m\u00f6chten, bekommen Information und Beratung beim Rauchfrei Telefon. Wir stehen f\u00fcr alle Fragen rund ums Thema bereit, die Gespr\u00e4che sind anonym. &nbsp; Suchtpr\u00e4ventionsstellen in den Bundesl\u00e4ndernVerschiedenste Angebote zum Thema Tabak, die sich an Jugendliche richten, werden von den Suchtpr\u00e4ventionsstellen in den Bundesl\u00e4ndern angeboten. [&hellip;]<\/p>\n","protected":false},"author":11,"featured_media":0,"parent":0,"menu_order":0,"comment_status":"closed","ping_status":"closed","template":"","meta":{"_et_pb_use_builder":"on","_et_pb_old_content":"","_et_gb_content_width":"","footnotes":""},"class_list":["post-10300","page","type-page","status-publish","hentry"],"yoast_head":"<!-- This site is optimized with the Yoast SEO plugin v26.2 - https:\/\/yoast.com\/wordpress\/plugins\/seo\/ -->\n<title>Angebote f\u00fcr Jugendliche - Rauchfrei Telefon<\/title>\n<meta name=\"robots\" content=\"index, follow, max-snippet:-1, max-image-preview:large, max-video-preview:-1\" \/>\n<link rel=\"canonical\" href=\"https:\/\/rauchfrei.at\/angebote-fuer-jugendliche\/\" \/>\n<meta property=\"og:locale\" content=\"en_US\" \/>\n<meta property=\"og:type\" content=\"article\" \/>\n<meta property=\"og:title\" content=\"Angebote f\u00fcr Jugendliche - Rauchfrei Telefon\" \/>\n<meta property=\"og:description\" content=\"Angebote f\u00fcr jugendliche Raucher\/innen Telefonische Beratung Jugendliche, die rauchen und damit aufh\u00f6ren m\u00f6chten, bekommen Information und Beratung beim Rauchfrei Telefon. Wir stehen f\u00fcr alle Fragen rund ums Thema bereit, die Gespr\u00e4che sind anonym. &nbsp; Suchtpr\u00e4ventionsstellen in den Bundesl\u00e4ndernVerschiedenste Angebote zum Thema Tabak, die sich an Jugendliche richten, werden von den Suchtpr\u00e4ventionsstellen in den Bundesl\u00e4ndern angeboten. [&hellip;]\" \/>\n<meta property=\"og:url\" content=\"https:\/\/rauchfrei.at\/angebote-fuer-jugendliche\/\" \/>\n<meta property=\"og:site_name\" content=\"Rauchfrei Telefon\" \/>\n<meta property=\"article:modified_time\" content=\"2023-05-10T07:32:30+00:00\" \/>\n<meta name=\"twitter:card\" content=\"summary_large_image\" \/>\n<meta name=\"twitter:label1\" content=\"Est. reading time\" \/>\n\t<meta name=\"twitter:data1\" content=\"5 minutes\" \/>\n<script type=\"application\/ld+json\" class=\"yoast-schema-graph\">{\"@context\":\"https:\/\/schema.org\",\"@graph\":[{\"@type\":\"WebPage\",\"@id\":\"https:\/\/rauchfrei.at\/angebote-fuer-jugendliche\/\",\"url\":\"https:\/\/rauchfrei.at\/angebote-fuer-jugendliche\/\",\"name\":\"Angebote f\u00fcr Jugendliche - Rauchfrei Telefon\",\"isPartOf\":{\"@id\":\"https:\/\/rauchfrei.at\/#website\"},\"datePublished\":\"2018-06-27T08:46:53+00:00\",\"dateModified\":\"2023-05-10T07:32:30+00:00\",\"inLanguage\":\"en-US\",\"potentialAction\":[{\"@type\":\"ReadAction\",\"target\":[\"https:\/\/rauchfrei.at\/angebote-fuer-jugendliche\/\"]}]},{\"@type\":\"WebSite\",\"@id\":\"https:\/\/rauchfrei.at\/#website\",\"url\":\"https:\/\/rauchfrei.at\/\",\"name\":\"Rauchfrei Telefon\",\"description\":\"Eine \u00f6sterreichweite Initiative der Sozialversicherungen.\",\"potentialAction\":[{\"@type\":\"SearchAction\",\"target\":{\"@type\":\"EntryPoint\",\"urlTemplate\":\"https:\/\/rauchfrei.at\/?s={search_term_string}\"},\"query-input\":{\"@type\":\"PropertyValueSpecification\",\"valueRequired\":true,\"valueName\":\"search_term_string\"}}],\"inLanguage\":\"en-US\"}]}<\/script>\n<!-- \/ Yoast SEO plugin. -->","yoast_head_json":{"title":"Angebote f\u00fcr Jugendliche - Rauchfrei Telefon","robots":{"index":"index","follow":"follow","max-snippet":"max-snippet:-1","max-image-preview":"max-image-preview:large","max-video-preview":"max-video-preview:-1"},"canonical":"https:\/\/rauchfrei.at\/angebote-fuer-jugendliche\/","og_locale":"en_US","og_type":"article","og_title":"Angebote f\u00fcr Jugendliche - Rauchfrei Telefon","og_description":"Angebote f\u00fcr jugendliche Raucher\/innen Telefonische Beratung Jugendliche, die rauchen und damit aufh\u00f6ren m\u00f6chten, bekommen Information und Beratung beim Rauchfrei Telefon. Wir stehen f\u00fcr alle Fragen rund ums Thema bereit, die Gespr\u00e4che sind anonym. &nbsp; Suchtpr\u00e4ventionsstellen in den Bundesl\u00e4ndernVerschiedenste Angebote zum Thema Tabak, die sich an Jugendliche richten, werden von den Suchtpr\u00e4ventionsstellen in den Bundesl\u00e4ndern angeboten. [&hellip;]","og_url":"https:\/\/rauchfrei.at\/angebote-fuer-jugendliche\/","og_site_name":"Rauchfrei Telefon","article_modified_time":"2023-05-10T07:32:30+00:00","twitter_card":"summary_large_image","twitter_misc":{"Est. reading time":"5 minutes"},"schema":{"@context":"https:\/\/schema.org","@graph":[{"@type":"WebPage","@id":"https:\/\/rauchfrei.at\/angebote-fuer-jugendliche\/","url":"https:\/\/rauchfrei.at\/angebote-fuer-jugendliche\/","name":"Angebote f\u00fcr Jugendliche - Rauchfrei Telefon","isPartOf":{"@id":"https:\/\/rauchfrei.at\/#website"},"datePublished":"2018-06-27T08:46:53+00:00","dateModified":"2023-05-10T07:32:30+00:00","inLanguage":"en-US","potentialAction":[{"@type":"ReadAction","target":["https:\/\/rauchfrei.at\/angebote-fuer-jugendliche\/"]}]},{"@type":"WebSite","@id":"https:\/\/rauchfrei.at\/#website","url":"https:\/\/rauchfrei.at\/","name":"Rauchfrei Telefon","description":"Eine \u00f6sterreichweite Initiative der Sozialversicherungen.","potentialAction":[{"@type":"SearchAction","target":{"@type":"EntryPoint","urlTemplate":"https:\/\/rauchfrei.at\/?s={search_term_string}"},"query-input":{"@type":"PropertyValueSpecification","valueRequired":true,"valueName":"search_term_string"}}],"inLanguage":"en-US"}]}},"_links":{"self":[{"href":"https:\/\/rauchfrei.at\/en\/wp-json\/wp\/v2\/pages\/10300","targetHints":{"allow":["GET"]}}],"collection":[{"href":"https:\/\/rauchfrei.at\/en\/wp-json\/wp\/v2\/pages"}],"about":[{"href":"https:\/\/rauchfrei.at\/en\/wp-json\/wp\/v2\/types\/page"}],"author":[{"embeddable":true,"href":"https:\/\/rauchfrei.at\/en\/wp-json\/wp\/v2\/users\/11"}],"replies":[{"embeddable":true,"href":"https:\/\/rauchfrei.at\/en\/wp-json\/wp\/v2\/comments?post=10300"}],"version-history":[{"count":13,"href":"https:\/\/rauchfrei.at\/en\/wp-json\/wp\/v2\/pages\/10300\/revisions"}],"predecessor-version":[{"id":27018,"href":"https:\/\/rauchfrei.at\/en\/wp-json\/wp\/v2\/pages\/10300\/revisions\/27018"}],"wp:attachment":[{"href":"https:\/\/rauchfrei.at\/en\/wp-json\/wp\/v2\/media?parent=10300"}],"curies":[{"name":"wp","href":"https:\/\/api.w.org\/{rel}","templated":true}]}}