
{"id":115,"date":"2012-02-28T11:43:42","date_gmt":"2012-02-28T11:43:42","guid":{"rendered":"http:\/\/web362.itscserver.org\/wordpress\/?page_id=115"},"modified":"2025-12-16T10:22:31","modified_gmt":"2025-12-16T08:22:31","slug":"mein-kind-raucht","status":"publish","type":"page","link":"https:\/\/rauchfrei.at\/en\/fakten\/eltern-kinder\/mein-kind-raucht\/","title":{"rendered":"Mein Kind raucht!"},"content":{"rendered":"<p>[et_pb_section fb_built=&#8221;1&#8243; custom_padding_last_edited=&#8221;off|&#8221; module_class=&#8221;header&#8221; _builder_version=&#8221;4.16&#8243; background_color=&#8221;#67BAD3&#8243; custom_margin=&#8221;||0px|&#8221; custom_padding=&#8221;100px||10px|&#8221; global_colors_info=&#8221;{}&#8221;][et_pb_row _builder_version=&#8221;4.16&#8243; custom_margin=&#8221;||0px|&#8221; custom_padding=&#8221;||0px|&#8221; global_colors_info=&#8221;{}&#8221;][et_pb_column type=&#8221;4_4&#8243; _builder_version=&#8221;4.16&#8243; custom_padding=&#8221;||0px|&#8221; global_colors_info=&#8221;{}&#8221; custom_padding__hover=&#8221;|||&#8221;][et_pb_text admin_label=&#8221;Blue Background Header&#8221; _builder_version=&#8221;4.16&#8243; custom_margin=&#8221;||0px|&#8221; custom_padding=&#8221;||0px|&#8221; global_colors_info=&#8221;{}&#8221;]<\/p>\n<h1>Mein Kind raucht<\/h1>\n<h2>Informationen f\u00fcr Eltern<\/h2>\n<p>[\/et_pb_text][\/et_pb_column][\/et_pb_row][\/et_pb_section][et_pb_section fb_built=&#8221;1&#8243; _builder_version=&#8221;4.16&#8243; global_colors_info=&#8221;{}&#8221;][et_pb_row column_structure=&#8221;2_3,1_3&#8243; _builder_version=&#8221;4.16&#8243; background_size=&#8221;initial&#8221; background_position=&#8221;top_left&#8221; background_repeat=&#8221;repeat&#8221; global_colors_info=&#8221;{}&#8221;][et_pb_column type=&#8221;2_3&#8243; _builder_version=&#8221;4.16&#8243; custom_padding=&#8221;|||&#8221; global_colors_info=&#8221;{}&#8221; custom_padding__hover=&#8221;|||&#8221;][et_pb_text _builder_version=&#8221;4.16&#8243; global_colors_info=&#8221;{}&#8221;]<\/p>\n<p>Viele Eltern machen sich Sorgen, wenn sie vermuten, dass ihr Kind raucht. Gespr\u00e4che mit Jugendlichen zu diesem Thema sind nicht einfach und der Widerstand gegen\u00fcber \u201eMoralpredigten&#8221; von Erwachsenen ist oft gro\u00df. Gerade auch, wenn ein oder beide Elternteile selbst rauchen, und dennoch nicht m\u00f6chten, dass das Kind zu rauchen beginnt, gibt es Potential f\u00fcr Konflikte.<\/p>\n<p>Wir haben wichtige Punkte f\u00fcr Sie zusammengefasst, die Ihnen helfen sollen, mit Ihrem Kind \u00fcber das Thema Rauchen zu sprechen.<\/p>\n<p>[\/et_pb_text][et_pb_toggle title=&#8221;Jugendliche rauchen, weil sie&#8230;&#8221; admin_label=&#8221;Jugendliche rauchen, weil sie&#8230;&#8221; _builder_version=&#8221;4.27.4&#8243; hover_enabled=&#8221;0&#8243; global_colors_info=&#8221;{}&#8221; sticky_enabled=&#8221;0&#8243;]<\/p>\n<ul>\n<li>erwachsen sein wollen<\/li>\n<li>gegen famili\u00e4re oder gesellschaftliche Normen protestieren wollen<\/li>\n<li>Anerkennung in der Gruppe suchen<\/li>\n<li>Leistungsanforderungen bew\u00e4ltigen wollen<\/li>\n<li>schlank bleiben oder werden wollen<\/li>\n<li>&#8220;cool&#8221; aussehen wollen<\/li>\n<li>Langeweile \u00fcberbr\u00fccken wollen<\/li>\n<li>sich besser konzentrieren wollen<\/li>\n<li>Kontakt aufnehmen wollen<\/li>\n<li>ein paar Zigaretten probiert haben, und rasch eine Abh\u00e4ngigkeit entwickelt haben<\/li>\n<\/ul>\n<p>[\/et_pb_toggle][et_pb_toggle title=&#8221;Wie rede ich mit meinem Kind&#8221; admin_label=&#8221;Wie rede ich mit meinem Kind&#8221; _builder_version=&#8221;4.27.4&#8243; hover_enabled=&#8221;0&#8243; global_colors_info=&#8221;{}&#8221; sticky_enabled=&#8221;0&#8243;]<\/p>\n<p>Wenn Sie das Gespr\u00e4ch suchen, ist es hilfreich folgendes zu beachten:<\/p>\n<ul>\n<li>Zeigen Sie wertsch\u00e4tzendes Interesse.<\/li>\n<li>St\u00e4rken Sie die kritische Haltung gegen\u00fcber dem Rauchen.<\/li>\n<li>Bleiben Sie glaubw\u00fcrdig und vermeiden Sie \u00dcbertreibungen.<\/li>\n<li>Argumente gegen das Rauchen durch sachliche Informationen begr\u00fcnden.<\/li>\n<li>Teilen Sie Ihrem Kind Ihre eigenen Sorgen um die Gesundheit des Kindes mit.<\/li>\n<li>Signalisieren Sie Offenheit und Gespr\u00e4chsbereitschaft.<\/li>\n<li>W\u00e4hlen Sie einen m\u00f6glichst entspannten Moment f\u00fcr das Gespr\u00e4ch (nicht \u201ezwischen T\u00fcr und Angel\u201c).<\/li>\n<li>Versuchen Sie, sachlich zu bleiben.<\/li>\n<li>Drohen Sie nicht mit Bestrafungen, sondern treffen Sie Vereinbarungen.<\/li>\n<li>Belohnungen k\u00f6nnen hilfreich sein, um das Erreichen des Ziels zu f\u00f6rdern.<\/li>\n<li>Suchen Sie nach gemeinsamen Wegen zum Nichtrauchen.<\/li>\n<li>Erz\u00e4hlen Sie von Ihren eigenen Erfahrungen mit dem Rauchen.<\/li>\n<li>Bleiben Sie am Ball \u2013 Fragen Sie immer wieder nach.<\/li>\n<li>Bieten Sie weitere Hilfen an (<a href=\"https:\/\/rauchfrei.at\/wp-content\/uploads\/Folder_Jugend_web-2.pdf\" target=\"_blank\" rel=\"noopener noreferrer\">Jugendfolder<\/a>,\u00a0<a href=\"https:\/\/rauchfrei.at\/beratung-vom-rauchfrei-telefon\/\" target=\"_blank\" rel=\"noopener noreferrer\">Beratung durch das Rauchfrei Telefon<\/a>).<\/li>\n<\/ul>\n<p>[\/et_pb_toggle][et_pb_toggle title=&#8221;Argumente und sachliche Gegenargumente&#8221; admin_label=&#8221;Argumente und sachliche Gegenargumente&#8221; _builder_version=&#8221;4.16&#8243; global_colors_info=&#8221;{}&#8221;]<\/p>\n<ul>\n<li>\u201eIch kann jederzeit mit dem Rauchen aufh\u00f6ren\u201c<\/li>\n<\/ul>\n<p>Die Frage \u201eK\u00f6nntest du dir vorstellen, in 5 Jahren noch zu rauchen?\u201c beantworteten in einer Jugendbefragung 95% mit \u201eNein\u201c. Tats\u00e4chlich rauchten aber 75% der befragten Jugendlichen nach 5 Jahren noch.<\/p>\n<ul>\n<li>\u201eIch rauche ja nur \u201eleichte\u201c Zigaretten\u201c<\/li>\n<\/ul>\n<p>Die Bezeichnung von Zigaretten als \u201eleicht\u201c war eine Irref\u00fchrung der Tabakwerbung und ist mittlerweile verboten. Der geringere Nikotingehalt mancher Sorten wird meist durch tieferes Einatmen und vermehrtes Rauchen wettgemacht, wodurch gleich viel sch\u00e4dliche Stoffe in die Lunge geraten.<\/p>\n<ul>\n<li>\u201eMit einer Zigarette kann ich besser nachdenken\u201c<\/li>\n<\/ul>\n<p>Das stimmt so nicht! Die schlechtere Konzentrationsleistung vor der Zigarette ist zumeist nur Resultat der Entzugserscheinungen. Nikotin hemmt eher die Sauerstoffaufnahme und f\u00fchrt so zu einer Unterversorgung des Gehirns.<\/p>\n<ul>\n<li>\u201eAlle anderen rauchen doch auch\u201c<\/li>\n<\/ul>\n<p>Wer sich mit Rauchen gedanklich besch\u00e4ftigt, nimmt Raucher \/innen in der Umgebung eher wahr. Das Ph\u00e4nomen nennt sich \u201eselektive Wahrnehmung\u201c. In Wirklichkeit rauchen aber nur ca. 27% der 15-J\u00e4hrigen regelm\u00e4\u00dfig.<\/p>\n<ul>\n<li>\u201eWenn ich rauche, nehme ich nicht zu\u201c<\/li>\n<\/ul>\n<p>Nikotin wirkt leicht appetithemmend und regt den Stoffwechsel an. Das K\u00f6rpergewicht wird aber von vielen Faktoren (Ern\u00e4hrung, Bewegung, Veranlagung) bestimmt und \u201eErgebnisse\u201c sind nicht planbar. Eigentlich macht Rauchen sogar dick, n\u00e4mlich dann, wenn man aufh\u00f6rt. Es ist eindeutig belegt, dass die meisten Raucher\/innen deutlich an Gewicht zulegen, wenn sie mit dem Rauchen aufh\u00f6ren. Rauchen eignet sich keinesfalls zur Gewichtskontrolle!<\/p>\n<ul>\n<li>\u201eRauchen hilft mir, mich zu entspannen\u201c<\/li>\n<\/ul>\n<p>Raucher\/innen verlernen, sich auf nat\u00fcrliche Weise zu entspannen. Sie brauchen eine Zigarette zum \u201eDurchatmen\u201c. In Wirklichkeit ist der gef\u00fchlte Stress zumeist durch die nachlassende Nikotinwirkung ausgel\u00f6st. Die gef\u00fchlte Entspannung ist die Linderung der Entzugssymptomatik. Raucher\/innen haben nachgewiesen einen h\u00f6heren durchschnittlichen Stresslevel als Nichtraucher\/innen.<\/p>\n<ul>\n<li>\u201eDu rauchst ja selbst\u201c<\/li>\n<\/ul>\n<p>Wenn Sie mit Ihrem eigenen Rauchen unzufrieden sind, erz\u00e4hlen Sie Ihrem Kind davon. Sprechen Sie dar\u00fcber, wie es dazu gekommen ist, dass Sie abh\u00e4ngig sind, warum es Ihnen schwerf\u00e4llt aufzuh\u00f6ren und was es f\u00fcr einen Unterschied gemacht h\u00e4tte, wenn Sie als Jugendliche\/r nicht angefangen h\u00e4tten. Vielleicht ergibt es sich ja, dass Sie selbst aufh\u00f6ren, um dieses Argument entkr\u00e4ften zu k\u00f6nnen.<\/p>\n<p>[\/et_pb_toggle][et_pb_dp_dmb_module_10080 link_text=&#8221;\u00dcbers Rauchen reden&#8221; link_new_tab=&#8221;on&#8221; link_url=&#8221;https:\/\/www.praevention.at\/fileadmin\/user_upload\/09_Infobox\/Infomaterialien\/Ueber_Rauchen_reden_2015.pdf&#8221; _builder_version=&#8221;4.16&#8243; custom_margin=&#8221;30px||&#8221; global_colors_info=&#8221;{}&#8221;]<\/p>\n<p>Informationsbrosch\u00fcre <strong>f\u00fcr Eltern<\/strong><\/p>\n<p>[\/et_pb_dp_dmb_module_10080][\/et_pb_column][et_pb_column type=&#8221;1_3&#8243; _builder_version=&#8221;4.16&#8243; custom_padding=&#8221;|||&#8221; global_colors_info=&#8221;{}&#8221; custom_padding__hover=&#8221;|||&#8221;][et_pb_text admin_label=&#8221;Angebote in \u00d6sterreich&#8221; _builder_version=&#8221;4.23.1&#8243; custom_margin=&#8221;||60px&#8221; custom_padding=&#8221;||&#8221; link_option_url=&#8221;https:\/\/rauchfrei.at\/aufhoeren\/weitere-beratungsangebote-in-oe\/beratungsangebote\/&#8221; link_option_url_new_window=&#8221;on&#8221; global_module=&#8221;13404&#8243; saved_tabs=&#8221;all&#8221; global_colors_info=&#8221;{}&#8221;]<\/p>\n<p><a style=\"color: #212121;\" href=\"https:\/\/rauchfrei.at\/aufhoeren\/weitere-beratungsangebote-in-oe\/ambulante-beratung\/\"><\/a><\/p>\n<h2>Angebote in \u00d6sterreich<\/h2>\n<p><img loading=\"lazy\" decoding=\"async\" class=\"wp-image-13438 alignnone size-large\" src=\"https:\/\/rauchfrei.at\/wp-content\/uploads\/oesterreichkarte-2-480x248.png\" alt=\"\" width=\"480\" height=\"248\" srcset=\"https:\/\/rauchfrei.at\/wp-content\/uploads\/oesterreichkarte-2-480x248.png 480w, https:\/\/rauchfrei.at\/wp-content\/uploads\/oesterreichkarte-2-225x116.png 225w, https:\/\/rauchfrei.at\/wp-content\/uploads\/oesterreichkarte-2-768x397.png 768w, https:\/\/rauchfrei.at\/wp-content\/uploads\/oesterreichkarte-2-1080x558.png 1080w, https:\/\/rauchfrei.at\/wp-content\/uploads\/oesterreichkarte-2.png 1736w\" sizes=\"(max-width: 480px) 100vw, 480px\" \/><\/p>\n<p>Finden Sie das passende Angebot von ambulanter Einzelberatung bis hin zur station\u00e4ren Gruppenberatung<\/p>\n<p>&nbsp;<\/p>\n<p><a class=\"mehr\" href=\"https:\/\/rauchfrei.at\/aufhoeren\/weitere-beratungsangebote-in-oe\/beratungsangebote\/\" target=\"_blank\" rel=\"noopener\">mehr<\/a><\/p>\n<p>[\/et_pb_text][et_pb_dp_dmb_module_10080 link_text=&#8221;hier downloaden&#8221; link_url=&#8221;https:\/\/rauchfrei.at\/broschueren-downloads\/download-broschueren\/&#8221; admin_label=&#8221;Materialdownloads&#8221; _builder_version=&#8221;4.16&#8243; global_module=&#8221;13235&#8243; saved_tabs=&#8221;all&#8221; global_colors_info=&#8221;{}&#8221;]<\/p>\n<p><span lang=\"DE-AT\"><strong>Brosch\u00fcren, Folder<\/strong> und <strong>Poster<\/strong><\/span><\/p>\n<p>[\/et_pb_dp_dmb_module_10080][\/et_pb_column][\/et_pb_row][\/et_pb_section]<\/p>\n","protected":false},"excerpt":{"rendered":"<p>Mein Kind raucht Informationen f\u00fcr Eltern Viele Eltern machen sich Sorgen, wenn sie vermuten, dass ihr Kind raucht. Gespr\u00e4che mit Jugendlichen zu diesem Thema sind nicht einfach und der Widerstand gegen\u00fcber \u201eMoralpredigten&#8221; von Erwachsenen ist oft gro\u00df. Gerade auch, wenn ein oder beide Elternteile selbst rauchen, und dennoch nicht m\u00f6chten, dass das Kind zu rauchen [&hellip;]<\/p>\n","protected":false},"author":2,"featured_media":0,"parent":109,"menu_order":0,"comment_status":"closed","ping_status":"open","template":"","meta":{"_et_pb_use_builder":"on","_et_pb_old_content":"<p>Viele Eltern machen sich Sorgen, wenn sie vermuten, dass ihr Kind raucht. Das Gespr\u00e4ch mit Jugendlichen zu diesem Thema ist nicht einfach und der Widerstand gegen\u00fcber \u201eMoralpredigten\" von Erwachsenen oft sehr gro\u00df.<\/p><p>Wir haben wichtige Punkte f\u00fcr Sie zusammengefasst, die Ihnen helfen sollen, mit Ihrem Kind \u00fcber das Thema Rauchen zu sprechen.<\/p><p>[toggle Title=\"Wie rede ich mit meinem Kind?\"]<\/p><p>\u00a0<\/p><p>Wichtig im Gespr\u00e4ch ist:<\/p><ul><li>Die kritische Haltung gegen das Rauchen st\u00e4rken<\/li><li>Glaubw\u00fcrdig bleiben und \u00dcbertreibungen vermeiden<\/li><li>Argumente gegen das Rauchen durch sachliche Informationen begr\u00fcnden<\/li><\/ul><p>[\/toggle]<\/p><p>[toggle Title=\"Jugendliche rauchen, weil sie...\"]<\/p><p>\u00a0<\/p><ul><li>Erwachsen sein wollen<\/li><li>Gegen famili\u00e4re oder gesellschaftliche Normen protestieren wollen<\/li><li>Anerkennung in der Gruppe suchen<\/li><li>Interesse zeigen am anderen Geschlecht<\/li><li>Leistungsanforderungen bew\u00e4ltigen wollen<\/li><li>Schlank bleiben oder werden wollen<\/li><li>\"Cool\" aussehen wollen<\/li><li>Langeweile \u00fcberbr\u00fccken wollen<\/li><li>Sich besser konzentrieren wollen<\/li><li>Kontakt aufnehmen wollen<\/li><\/ul><p>[\/toggle]<\/p><p>[toggle Title=\"Wenn mein Kind bereits raucht\"]<\/p><p>\u00a0<\/p><p>F\u00fcr Eltern oder andere Bezugspersonen ist es nicht einfach, mit Jugendlichen \u00fcber das Thema Rauchen zu sprechen. Verst\u00e4ndlicherweise machen sie sich Sorgen. Manchmal reagieren sie durch die Sorge auch ver\u00e4rgert. Wenn Sie das Gespr\u00e4ch suchen, ist es hilfreich folgendes zu beachten:<\/p><p>\u00a0<\/p><ul><li>Signalisieren Sie Offenheit und Gespr\u00e4chsbereitschaft<\/li><li>W\u00e4hlen Sie einen m\u00f6glichst entspannten Moment f\u00fcr das Gespr\u00e4ch (nicht \u201ezwischen T\u00fcr und Angel\u201c)<\/li><li>Versuchen Sie, sachlich zu bleiben<\/li><li>Drohen Sie nicht mit Bestrafungen, sondern treffen Sie Vereinbarungen<\/li><li>Belohnungen k\u00f6nnen hilfreich sein, um das Erreichen des Ziels zu f\u00f6rdern<\/li><li>Suchen Sie nach gemeinsamen Wegen zum Nichtrauchen<\/li><li>Erz\u00e4hlen Sie von Ihren eigenen Erfahrungen mit dem Rauchen<\/li><li>Bleiben Sie am Ball \u2013 Fragen Sie immer wieder nach<\/li><li>Bieten Sie weitere Hilfen an (<a title=\"Download Brosch\u00fcren\" href=\"\/broschueren-downloads\/download-broschueren\/\">Jugendbrosch\u00fcre <\/a>und <a title=\"Jung & rauchfrei\" href=\"https:\/\/rauchfrei.at\/jung-und-rauchfrei\/\">Jugendseite <\/a>oder Beratung durch das Rauchfrei Telefon)<\/li><\/ul><p>[\/toggle]<\/p><p>[toggle Title=\"Argumenten mit denen Sie m\u00f6glicherweise rechnen m\u00fcssen\"]<\/p><p>\u00a0<\/p><ul><li>\u201eIch kann jederzeit mit dem Rauchen aufh\u00f6ren\u201c<\/li><\/ul><p>Die Frage \u201eK\u00f6nntest du dir vorstellen, in 5 Jahren noch zu rauchen?\u201c beantworteten in einer Jugendbefragung 95% mit \u201eNein\u201c. Tats\u00e4chlich rauchten aber 75% der befragten Jugendlichen nach 5 Jahren noch.<\/p><p>\u00a0<\/p><ul><li>\u201eIch rauche ja nur \u201eleichte\u201c Zigaretten\u201c<\/li><\/ul><p>Die Bezeichnung von Zigaretten als \u201eleicht\u201c war eine Irref\u00fchrung der Tabakwerbung und ist mittlerweile verboten. Der geringere Nikotingehalt mancher Sorten wird meist durch tieferes Einatmen und vermehrtes Rauchen wettgemacht, wodurch gleich viel sch\u00e4dliche Stoffe in die Lunge geraten.<\/p><p>\u00a0<\/p><ul><li>\u201eMit einer Zigarette kann ich besser nachdenken\u201c<\/li><\/ul><p>Das stimmt so nicht! Die schlechtere Konzentrationsleistung vor der Zigarette ist zumeist nur Resultat der Entzugserscheinungen. Nikotin hemmt eher die Sauerstoffaufnahme und f\u00fchrt so zu einer Unterversorgung des Gehirns.<\/p><p>\u00a0<\/p><ul><li>\u201eAlle anderen rauchen doch auch\u201c<\/li><\/ul><p>Wer sich mit Rauchen gedanklich besch\u00e4ftigt, nimmt Raucher \/innen in der Umgebung eher war. Das Ph\u00e4nomen nennt sich \u201eselektive Wahrnehmung\u201c. In Wirklichkeit rauchen aber nur ca. 27% der 15-J\u00e4hrigen regelm\u00e4\u00dfig.<\/p><p>\u00a0<\/p><ul><li>\u201eWenn ich zu rauchen beginne, nehme ich nicht zu\u201c<\/li><\/ul><p>Nikotin wirkt leicht appetithemmend und regt den Stoffwechsel an. Das K\u00f6rpergewicht wird aber von vielen Faktoren (Ern\u00e4hrung, Bewegung, Veranlagung) bestimmt und \u201eErgebnisse\u201c sind nicht planbar. Eigentlich macht Rauchen sogar dick, n\u00e4mlich dann, wenn man aufh\u00f6rt. Es ist eindeutig belegt, dass die meisten Raucher\/innen deutlich an Gewicht zulegen wenn sie mit dem Rauchen aufh\u00f6ren. Rauchen eignet sich keinesfalls zur Gewichtskontrolle!<\/p><p>\u00a0<\/p><ul><li>\u201eRauchen hilft mir, mich zu entspannen\u201c<\/li><\/ul><p>Raucher\/innen verlernen, sich auf nat\u00fcrliche Weise zu entspannen. Sie brauchen eine Zigarette zum \u201eDurchatmen\u201c. In Wirklichkeit ist der gef\u00fchlte Stress zumeist durch die nachlassende Nikotinwirkung ausgel\u00f6st. Raucher\/innen haben nachgewiesen einen h\u00f6heren durchschnittlichen Stresslevel als Nichtraucher\/innen.<\/p><p>[\/toggle]<\/p><p>\u00a0<\/p><p>Quellen und mehr:<\/p><p><a title=\"\u00dcbers Rauchen reden\" href=\"http:\/\/www.praevention.at\/fileadmin\/user_upload\/09_Infobox\/Infomaterialien\/Ueber_Rauchen_reden_2015.pdf\" target=\"_blank\" rel=\"noopener\">\u201e\u00dcbers Rauchen reden\"<\/a>, Institut Suchtpr\u00e4vention Pro Mente, Ober\u00f6sterreich<br \/><a title=\"\u00dcbers Rauchen reden\" href=\"http:\/\/olga.pixelpoint.at\/media\/PPM_3DAK_suchtvorbeugung\/~M0\/379.3dak.pdf\" target=\"_blank\" rel=\"noopener\">\u201e\u00dcbers Rauchen reden\"<\/a>, Gesundheit Suchtpr\u00e4vention, K\u00e4rnten<br \/><a title=\"Raucht mein Kind?\" href=\"http:\/\/www.bzga.de\/pdf.php?id=747c9ac7d9308349e1970eeb18af87fc\" target=\"_blank\" rel=\"noopener\">\u201eRaucht mein Kind? Ein Ratgeber f\u00fcr Eltern\u201c<\/a>, Bundeszentrale f\u00fcr gesundheitliche Aufkl\u00e4rung, Deutschland<\/p>","_et_gb_content_width":"","footnotes":""},"class_list":["post-115","page","type-page","status-publish","hentry"],"yoast_head":"<!-- This site is optimized with the Yoast SEO plugin v26.2 - https:\/\/yoast.com\/wordpress\/plugins\/seo\/ -->\n<title>Mein Kind raucht! - Rauchfrei Telefon<\/title>\n<meta name=\"robots\" content=\"index, follow, max-snippet:-1, max-image-preview:large, max-video-preview:-1\" \/>\n<link rel=\"canonical\" href=\"https:\/\/rauchfrei.at\/fakten\/eltern-kinder\/mein-kind-raucht\/\" \/>\n<meta property=\"og:locale\" content=\"en_US\" \/>\n<meta property=\"og:type\" content=\"article\" \/>\n<meta property=\"og:title\" content=\"Mein Kind raucht! - Rauchfrei Telefon\" \/>\n<meta property=\"og:description\" content=\"Mein Kind raucht Informationen f\u00fcr Eltern Viele Eltern machen sich Sorgen, wenn sie vermuten, dass ihr Kind raucht. Gespr\u00e4che mit Jugendlichen zu diesem Thema sind nicht einfach und der Widerstand gegen\u00fcber \u201eMoralpredigten&quot; von Erwachsenen ist oft gro\u00df. Gerade auch, wenn ein oder beide Elternteile selbst rauchen, und dennoch nicht m\u00f6chten, dass das Kind zu rauchen [&hellip;]\" \/>\n<meta property=\"og:url\" content=\"https:\/\/rauchfrei.at\/fakten\/eltern-kinder\/mein-kind-raucht\/\" \/>\n<meta property=\"og:site_name\" content=\"Rauchfrei Telefon\" \/>\n<meta property=\"article:modified_time\" content=\"2025-12-16T08:22:31+00:00\" \/>\n<meta property=\"og:image\" content=\"https:\/\/rauchfrei.at\/wp-content\/uploads\/oesterreichkarte-2.png\" \/>\n\t<meta property=\"og:image:width\" content=\"1736\" \/>\n\t<meta property=\"og:image:height\" content=\"897\" \/>\n\t<meta property=\"og:image:type\" content=\"image\/png\" \/>\n<meta name=\"twitter:card\" content=\"summary_large_image\" \/>\n<meta name=\"twitter:label1\" content=\"Est. reading time\" \/>\n\t<meta name=\"twitter:data1\" content=\"4 minutes\" \/>\n<script type=\"application\/ld+json\" class=\"yoast-schema-graph\">{\"@context\":\"https:\/\/schema.org\",\"@graph\":[{\"@type\":\"WebPage\",\"@id\":\"https:\/\/rauchfrei.at\/fakten\/eltern-kinder\/mein-kind-raucht\/\",\"url\":\"https:\/\/rauchfrei.at\/fakten\/eltern-kinder\/mein-kind-raucht\/\",\"name\":\"Mein Kind raucht! - Rauchfrei Telefon\",\"isPartOf\":{\"@id\":\"https:\/\/rauchfrei.at\/#website\"},\"primaryImageOfPage\":{\"@id\":\"https:\/\/rauchfrei.at\/fakten\/eltern-kinder\/mein-kind-raucht\/#primaryimage\"},\"image\":{\"@id\":\"https:\/\/rauchfrei.at\/fakten\/eltern-kinder\/mein-kind-raucht\/#primaryimage\"},\"thumbnailUrl\":\"https:\/\/rauchfrei.at\/wp-content\/uploads\/oesterreichkarte-2-480x248.png\",\"datePublished\":\"2012-02-28T11:43:42+00:00\",\"dateModified\":\"2025-12-16T08:22:31+00:00\",\"breadcrumb\":{\"@id\":\"https:\/\/rauchfrei.at\/fakten\/eltern-kinder\/mein-kind-raucht\/#breadcrumb\"},\"inLanguage\":\"en-US\",\"potentialAction\":[{\"@type\":\"ReadAction\",\"target\":[\"https:\/\/rauchfrei.at\/fakten\/eltern-kinder\/mein-kind-raucht\/\"]}]},{\"@type\":\"ImageObject\",\"inLanguage\":\"en-US\",\"@id\":\"https:\/\/rauchfrei.at\/fakten\/eltern-kinder\/mein-kind-raucht\/#primaryimage\",\"url\":\"https:\/\/rauchfrei.at\/wp-content\/uploads\/oesterreichkarte-2-480x248.png\",\"contentUrl\":\"https:\/\/rauchfrei.at\/wp-content\/uploads\/oesterreichkarte-2-480x248.png\"},{\"@type\":\"BreadcrumbList\",\"@id\":\"https:\/\/rauchfrei.at\/fakten\/eltern-kinder\/mein-kind-raucht\/#breadcrumb\",\"itemListElement\":[{\"@type\":\"ListItem\",\"position\":1,\"name\":\"Fakten\",\"item\":\"https:\/\/rauchfrei.at\/fakten\/\"},{\"@type\":\"ListItem\",\"position\":2,\"name\":\"Eltern &#038; Kinder\",\"item\":\"https:\/\/rauchfrei.at\/fakten\/eltern-kinder\/\"},{\"@type\":\"ListItem\",\"position\":3,\"name\":\"Mein Kind raucht!\"}]},{\"@type\":\"WebSite\",\"@id\":\"https:\/\/rauchfrei.at\/#website\",\"url\":\"https:\/\/rauchfrei.at\/\",\"name\":\"Rauchfrei Telefon\",\"description\":\"Eine \u00f6sterreichweite Initiative der Sozialversicherungen.\",\"potentialAction\":[{\"@type\":\"SearchAction\",\"target\":{\"@type\":\"EntryPoint\",\"urlTemplate\":\"https:\/\/rauchfrei.at\/?s={search_term_string}\"},\"query-input\":{\"@type\":\"PropertyValueSpecification\",\"valueRequired\":true,\"valueName\":\"search_term_string\"}}],\"inLanguage\":\"en-US\"}]}<\/script>\n<!-- \/ Yoast SEO plugin. -->","yoast_head_json":{"title":"Mein Kind raucht! - Rauchfrei Telefon","robots":{"index":"index","follow":"follow","max-snippet":"max-snippet:-1","max-image-preview":"max-image-preview:large","max-video-preview":"max-video-preview:-1"},"canonical":"https:\/\/rauchfrei.at\/fakten\/eltern-kinder\/mein-kind-raucht\/","og_locale":"en_US","og_type":"article","og_title":"Mein Kind raucht! - Rauchfrei Telefon","og_description":"Mein Kind raucht Informationen f\u00fcr Eltern Viele Eltern machen sich Sorgen, wenn sie vermuten, dass ihr Kind raucht. Gespr\u00e4che mit Jugendlichen zu diesem Thema sind nicht einfach und der Widerstand gegen\u00fcber \u201eMoralpredigten\" von Erwachsenen ist oft gro\u00df. Gerade auch, wenn ein oder beide Elternteile selbst rauchen, und dennoch nicht m\u00f6chten, dass das Kind zu rauchen [&hellip;]","og_url":"https:\/\/rauchfrei.at\/fakten\/eltern-kinder\/mein-kind-raucht\/","og_site_name":"Rauchfrei Telefon","article_modified_time":"2025-12-16T08:22:31+00:00","og_image":[{"width":1736,"height":897,"url":"https:\/\/rauchfrei.at\/wp-content\/uploads\/oesterreichkarte-2.png","type":"image\/png"}],"twitter_card":"summary_large_image","twitter_misc":{"Est. reading time":"4 minutes"},"schema":{"@context":"https:\/\/schema.org","@graph":[{"@type":"WebPage","@id":"https:\/\/rauchfrei.at\/fakten\/eltern-kinder\/mein-kind-raucht\/","url":"https:\/\/rauchfrei.at\/fakten\/eltern-kinder\/mein-kind-raucht\/","name":"Mein Kind raucht! - Rauchfrei Telefon","isPartOf":{"@id":"https:\/\/rauchfrei.at\/#website"},"primaryImageOfPage":{"@id":"https:\/\/rauchfrei.at\/fakten\/eltern-kinder\/mein-kind-raucht\/#primaryimage"},"image":{"@id":"https:\/\/rauchfrei.at\/fakten\/eltern-kinder\/mein-kind-raucht\/#primaryimage"},"thumbnailUrl":"https:\/\/rauchfrei.at\/wp-content\/uploads\/oesterreichkarte-2-480x248.png","datePublished":"2012-02-28T11:43:42+00:00","dateModified":"2025-12-16T08:22:31+00:00","breadcrumb":{"@id":"https:\/\/rauchfrei.at\/fakten\/eltern-kinder\/mein-kind-raucht\/#breadcrumb"},"inLanguage":"en-US","potentialAction":[{"@type":"ReadAction","target":["https:\/\/rauchfrei.at\/fakten\/eltern-kinder\/mein-kind-raucht\/"]}]},{"@type":"ImageObject","inLanguage":"en-US","@id":"https:\/\/rauchfrei.at\/fakten\/eltern-kinder\/mein-kind-raucht\/#primaryimage","url":"https:\/\/rauchfrei.at\/wp-content\/uploads\/oesterreichkarte-2-480x248.png","contentUrl":"https:\/\/rauchfrei.at\/wp-content\/uploads\/oesterreichkarte-2-480x248.png"},{"@type":"BreadcrumbList","@id":"https:\/\/rauchfrei.at\/fakten\/eltern-kinder\/mein-kind-raucht\/#breadcrumb","itemListElement":[{"@type":"ListItem","position":1,"name":"Fakten","item":"https:\/\/rauchfrei.at\/fakten\/"},{"@type":"ListItem","position":2,"name":"Eltern &#038; Kinder","item":"https:\/\/rauchfrei.at\/fakten\/eltern-kinder\/"},{"@type":"ListItem","position":3,"name":"Mein Kind raucht!"}]},{"@type":"WebSite","@id":"https:\/\/rauchfrei.at\/#website","url":"https:\/\/rauchfrei.at\/","name":"Rauchfrei Telefon","description":"Eine \u00f6sterreichweite Initiative der Sozialversicherungen.","potentialAction":[{"@type":"SearchAction","target":{"@type":"EntryPoint","urlTemplate":"https:\/\/rauchfrei.at\/?s={search_term_string}"},"query-input":{"@type":"PropertyValueSpecification","valueRequired":true,"valueName":"search_term_string"}}],"inLanguage":"en-US"}]}},"_links":{"self":[{"href":"https:\/\/rauchfrei.at\/en\/wp-json\/wp\/v2\/pages\/115","targetHints":{"allow":["GET"]}}],"collection":[{"href":"https:\/\/rauchfrei.at\/en\/wp-json\/wp\/v2\/pages"}],"about":[{"href":"https:\/\/rauchfrei.at\/en\/wp-json\/wp\/v2\/types\/page"}],"author":[{"embeddable":true,"href":"https:\/\/rauchfrei.at\/en\/wp-json\/wp\/v2\/users\/2"}],"replies":[{"embeddable":true,"href":"https:\/\/rauchfrei.at\/en\/wp-json\/wp\/v2\/comments?post=115"}],"version-history":[{"count":5,"href":"https:\/\/rauchfrei.at\/en\/wp-json\/wp\/v2\/pages\/115\/revisions"}],"predecessor-version":[{"id":32567,"href":"https:\/\/rauchfrei.at\/en\/wp-json\/wp\/v2\/pages\/115\/revisions\/32567"}],"up":[{"embeddable":true,"href":"https:\/\/rauchfrei.at\/en\/wp-json\/wp\/v2\/pages\/109"}],"wp:attachment":[{"href":"https:\/\/rauchfrei.at\/en\/wp-json\/wp\/v2\/media?parent=115"}],"curies":[{"name":"wp","href":"https:\/\/api.w.org\/{rel}","templated":true}]}}