
{"id":11662,"date":"2018-10-05T16:39:45","date_gmt":"2018-10-05T14:39:45","guid":{"rendered":"http:\/\/rauchfrei.at\/?page_id=11662"},"modified":"2025-07-09T14:27:15","modified_gmt":"2025-07-09T12:27:15","slug":"ausbildung-tabakentwoehnung","status":"publish","type":"page","link":"https:\/\/rauchfrei.at\/en\/ausbildung-tabakentwoehnung\/","title":{"rendered":"Ausbildung Tabakentw\u00f6hnung"},"content":{"rendered":"<p>[et_pb_section fb_built=&#8221;1&#8243; custom_padding_last_edited=&#8221;off|&#8221; module_class=&#8221;header&#8221; _builder_version=&#8221;4.16&#8243; background_color=&#8221;#67BAD3&#8243; custom_margin=&#8221;||0px|&#8221; custom_padding=&#8221;100px||10px|&#8221; global_colors_info=&#8221;{}&#8221;][et_pb_row _builder_version=&#8221;4.16&#8243; custom_margin=&#8221;||0px|&#8221; custom_padding=&#8221;||0px|&#8221; global_colors_info=&#8221;{}&#8221;][et_pb_column type=&#8221;4_4&#8243; _builder_version=&#8221;4.16&#8243; custom_padding=&#8221;||0px|&#8221; global_colors_info=&#8221;{}&#8221; custom_padding__hover=&#8221;|||&#8221;][et_pb_text admin_label=&#8221;Blue Background Header&#8221; _builder_version=&#8221;4.23.1&#8243; custom_margin=&#8221;||0px|&#8221; custom_padding=&#8221;||0px|&#8221; z_index_tablet=&#8221;500&#8243; global_colors_info=&#8221;{}&#8221;]<\/p>\n<h1>Aus- und Fortbildung in der Nikotin- und Tabakentw\u00f6hnung<\/h1>\n<p>[\/et_pb_text][\/et_pb_column][\/et_pb_row][\/et_pb_section][et_pb_section fb_built=&#8221;1&#8243; _builder_version=&#8221;4.16&#8243; global_colors_info=&#8221;{}&#8221;][et_pb_row column_structure=&#8221;2_3,1_3&#8243; _builder_version=&#8221;4.27.4&#8243; background_size=&#8221;initial&#8221; background_position=&#8221;top_left&#8221; background_repeat=&#8221;repeat&#8221; hover_enabled=&#8221;0&#8243; global_colors_info=&#8221;{}&#8221; sticky_enabled=&#8221;0&#8243;][et_pb_column type=&#8221;2_3&#8243; _builder_version=&#8221;4.16&#8243; custom_padding=&#8221;|||&#8221; global_colors_info=&#8221;{}&#8221; custom_padding__hover=&#8221;|||&#8221;][et_pb_text admin_label=&#8221;Raucherinnenentw\u00f6hnung und -beratung beim IfGP&#8221; _builder_version=&#8221;4.27.4&#8243; hover_enabled=&#8221;0&#8243; z_index_tablet=&#8221;500&#8243; global_colors_info=&#8221;{}&#8221; sticky_enabled=&#8221;0&#8243;]<\/p>\n<div class=\"wrapper-area\">\n<div class=\"wrapper-holder\">\n<div class=\"wrapper-frame\">\n<div id=\"wrapper\">\n<div id=\"main\">\n<div id=\"threecolumns\">\n<div class=\"content-column\">\n<div id=\"twocolumns\">\n<div id=\"content\">\n<div class=\"single-post\">\n<h2>Nikotinentw\u00f6hnung und -beratung beim IfGP<\/h2>\n<h3><strong>Fortbildungsreihe des Instituts f\u00fcr Gesundheitsf\u00f6rderung und Pr\u00e4vention (IfGP) nach den Qualit\u00e4tsstandards der \u00f6sterreichischen Sozialversicherung<\/strong><\/h3>\n<p>Die nach internationalen Standards, Leitlinien und Best-Practice-Modellen entwickelte Fortbildung zur Nikotinentw\u00f6hnung und Nikotinberatung richtet sich an <em>\u00c4rztinnen und \u00c4rzte, Psychologinnen und Psychologen sowie Fachkr\u00e4fte aus dem Gesundheits- und Sozialwesen<\/em>, die sich im Bereich Nikotinentw\u00f6hnung weiterbilden m\u00f6chten.<\/p>\n<p>Mit der Ausbildung k\u00f6nnen Sie ein Zertifikat zur Nikotinberater\/in bzw. Nikotinentw\u00f6hner\/in erlangen.<\/p>\n<\/div>\n<p><em>Nikotinberatung: <\/em>Bei der Beratung erhalten die Patientinnen und Patienten Informationen und erste Tipps sowie Kurzberatung zum Nikotinstopp.<\/p>\n<p><em>Nikotinentw\u00f6hnung:<\/em> Diese Expertinnen und Experten haben eine intensivere Ausbildung absolviert und begleiten\u00a0mit mehreren Beratungen auf\u00a0dem Weg in die Rauchfreiheit.<\/p>\n<div class=\"single-post\">\n<p>In Abh\u00e4ngigkeit von den Vorkenntnissen der Teilnehmer\/innen, kann aus\u00a0mehreren Modulen ausgew\u00e4hlt werden. Weitere Informationen zu Ablauf, Ort und Kursinhalten finden Sie <a href=\"https:\/\/www.ifgp.at\/cdscontent\/?contentid=10007.780082&amp;portal=ifgpportal\" target=\"_blank\" rel=\"noopener noreferrer\">hier<\/a>.<\/p>\n<\/div>\n<\/div>\n<\/div>\n<\/div>\n<\/div>\n<\/div>\n<\/div>\n<\/div>\n<\/div>\n<\/div>\n<p>[\/et_pb_text][et_pb_text admin_label=&#8221;Tabakentw\u00f6hnexpertinnen und -experten nach den Qualit\u00e4tsstandards der \u00d6sterreichischen Sozialversicherung&#8221; _builder_version=&#8221;4.27.4&#8243; hover_enabled=&#8221;0&#8243; z_index_tablet=&#8221;500&#8243; global_colors_info=&#8221;{}&#8221; sticky_enabled=&#8221;0&#8243;]<\/p>\n<h3>Tabakentw\u00f6hnexpertinnen und -experten nach den Qualit\u00e4tsstandards der \u00d6sterreichischen Sozialversicherung<\/h3>\n<p>Die aktuellen Listen der mit Diplom ausgebildeten Tabakentw\u00f6hner\/innen und -berater\/innen nach den Qualit\u00e4tsstandards der \u00d6sterreichischen Sozialversicherung finden Sie hier:<\/p>\n<p><a href=\"https:\/\/rauchfrei.at\/wp-content\/uploads\/Datenveroeffentlichung_NB_9.7.2025.xlsx\" target=\"_blank\" rel=\"attachment noopener noreferrer wp-att-12857\">Zertifizierte Nikotinberater\/innen<\/a><\/p>\n<p><a href=\"https:\/\/rauchfrei.at\/wp-content\/uploads\/Datenveroeffentlichung_NE_9.7.2025.xlsx\" target=\"_blank\" rel=\"attachment noopener noreferrer wp-att-12859\">Zertifizierte Nikotinentw\u00f6hner\/innen<\/a><\/p>\n<p>[\/et_pb_text][et_pb_text admin_label=&#8221;Weitere Fortbildungsm\u00f6glichkeiten&#8221; _builder_version=&#8221;4.20.4&#8243; z_index_tablet=&#8221;500&#8243; global_colors_info=&#8221;{}&#8221;]<\/p>\n<h2>Weitere Fortbildungsm\u00f6glichkeiten<\/h2>\n<p><a href=\"https:\/\/www.psychologieakademie.at\/\" target=\"_blank\" rel=\"noopener noreferrer\">Weiterbildung beim Berufsverband \u00d6sterreichischer Psychologinnen und Psychologen<\/a><\/p>\n<p>[\/et_pb_text][\/et_pb_column][et_pb_column type=&#8221;1_3&#8243; _builder_version=&#8221;4.16&#8243; custom_padding=&#8221;|||&#8221; global_colors_info=&#8221;{}&#8221; custom_padding__hover=&#8221;|||&#8221;][\/et_pb_column][\/et_pb_row][\/et_pb_section]<\/p>\n","protected":false},"excerpt":{"rendered":"<p>Aus- und Fortbildung in der Nikotin- und Tabakentw\u00f6hnung Nikotinentw\u00f6hnung und -beratung beim IfGP Fortbildungsreihe des Instituts f\u00fcr Gesundheitsf\u00f6rderung und Pr\u00e4vention (IfGP) nach den Qualit\u00e4tsstandards der \u00f6sterreichischen Sozialversicherung Die nach internationalen Standards, Leitlinien und Best-Practice-Modellen entwickelte Fortbildung zur Nikotinentw\u00f6hnung und Nikotinberatung richtet sich an \u00c4rztinnen und \u00c4rzte, Psychologinnen und Psychologen sowie Fachkr\u00e4fte aus dem Gesundheits- und [&hellip;]<\/p>\n","protected":false},"author":11,"featured_media":0,"parent":0,"menu_order":0,"comment_status":"closed","ping_status":"closed","template":"","meta":{"_et_pb_use_builder":"on","_et_pb_old_content":"","_et_gb_content_width":"","footnotes":""},"class_list":["post-11662","page","type-page","status-publish","hentry"],"yoast_head":"<!-- This site is optimized with the Yoast SEO plugin v26.2 - https:\/\/yoast.com\/wordpress\/plugins\/seo\/ -->\n<title>Ausbildung Tabakentw\u00f6hnung - Rauchfrei Telefon<\/title>\n<meta name=\"robots\" content=\"index, follow, max-snippet:-1, max-image-preview:large, max-video-preview:-1\" \/>\n<link rel=\"canonical\" href=\"https:\/\/rauchfrei.at\/ausbildung-tabakentwoehnung\/\" \/>\n<meta property=\"og:locale\" content=\"en_US\" \/>\n<meta property=\"og:type\" content=\"article\" \/>\n<meta property=\"og:title\" content=\"Ausbildung Tabakentw\u00f6hnung - Rauchfrei Telefon\" \/>\n<meta property=\"og:description\" content=\"Aus- und Fortbildung in der Nikotin- und Tabakentw\u00f6hnung Nikotinentw\u00f6hnung und -beratung beim IfGP Fortbildungsreihe des Instituts f\u00fcr Gesundheitsf\u00f6rderung und Pr\u00e4vention (IfGP) nach den Qualit\u00e4tsstandards der \u00f6sterreichischen Sozialversicherung Die nach internationalen Standards, Leitlinien und Best-Practice-Modellen entwickelte Fortbildung zur Nikotinentw\u00f6hnung und Nikotinberatung richtet sich an \u00c4rztinnen und \u00c4rzte, Psychologinnen und Psychologen sowie Fachkr\u00e4fte aus dem Gesundheits- und [&hellip;]\" \/>\n<meta property=\"og:url\" content=\"https:\/\/rauchfrei.at\/ausbildung-tabakentwoehnung\/\" \/>\n<meta property=\"og:site_name\" content=\"Rauchfrei Telefon\" \/>\n<meta property=\"article:modified_time\" content=\"2025-07-09T12:27:15+00:00\" \/>\n<meta name=\"twitter:card\" content=\"summary_large_image\" \/>\n<meta name=\"twitter:label1\" content=\"Est. reading time\" \/>\n\t<meta name=\"twitter:data1\" content=\"2 minutes\" \/>\n<script type=\"application\/ld+json\" class=\"yoast-schema-graph\">{\"@context\":\"https:\/\/schema.org\",\"@graph\":[{\"@type\":\"WebPage\",\"@id\":\"https:\/\/rauchfrei.at\/ausbildung-tabakentwoehnung\/\",\"url\":\"https:\/\/rauchfrei.at\/ausbildung-tabakentwoehnung\/\",\"name\":\"Ausbildung Tabakentw\u00f6hnung - Rauchfrei Telefon\",\"isPartOf\":{\"@id\":\"https:\/\/rauchfrei.at\/#website\"},\"datePublished\":\"2018-10-05T14:39:45+00:00\",\"dateModified\":\"2025-07-09T12:27:15+00:00\",\"inLanguage\":\"en-US\",\"potentialAction\":[{\"@type\":\"ReadAction\",\"target\":[\"https:\/\/rauchfrei.at\/ausbildung-tabakentwoehnung\/\"]}]},{\"@type\":\"WebSite\",\"@id\":\"https:\/\/rauchfrei.at\/#website\",\"url\":\"https:\/\/rauchfrei.at\/\",\"name\":\"Rauchfrei Telefon\",\"description\":\"Eine \u00f6sterreichweite Initiative der Sozialversicherungen.\",\"potentialAction\":[{\"@type\":\"SearchAction\",\"target\":{\"@type\":\"EntryPoint\",\"urlTemplate\":\"https:\/\/rauchfrei.at\/?s={search_term_string}\"},\"query-input\":{\"@type\":\"PropertyValueSpecification\",\"valueRequired\":true,\"valueName\":\"search_term_string\"}}],\"inLanguage\":\"en-US\"}]}<\/script>\n<!-- \/ Yoast SEO plugin. -->","yoast_head_json":{"title":"Ausbildung Tabakentw\u00f6hnung - Rauchfrei Telefon","robots":{"index":"index","follow":"follow","max-snippet":"max-snippet:-1","max-image-preview":"max-image-preview:large","max-video-preview":"max-video-preview:-1"},"canonical":"https:\/\/rauchfrei.at\/ausbildung-tabakentwoehnung\/","og_locale":"en_US","og_type":"article","og_title":"Ausbildung Tabakentw\u00f6hnung - Rauchfrei Telefon","og_description":"Aus- und Fortbildung in der Nikotin- und Tabakentw\u00f6hnung Nikotinentw\u00f6hnung und -beratung beim IfGP Fortbildungsreihe des Instituts f\u00fcr Gesundheitsf\u00f6rderung und Pr\u00e4vention (IfGP) nach den Qualit\u00e4tsstandards der \u00f6sterreichischen Sozialversicherung Die nach internationalen Standards, Leitlinien und Best-Practice-Modellen entwickelte Fortbildung zur Nikotinentw\u00f6hnung und Nikotinberatung richtet sich an \u00c4rztinnen und \u00c4rzte, Psychologinnen und Psychologen sowie Fachkr\u00e4fte aus dem Gesundheits- und [&hellip;]","og_url":"https:\/\/rauchfrei.at\/ausbildung-tabakentwoehnung\/","og_site_name":"Rauchfrei Telefon","article_modified_time":"2025-07-09T12:27:15+00:00","twitter_card":"summary_large_image","twitter_misc":{"Est. reading time":"2 minutes"},"schema":{"@context":"https:\/\/schema.org","@graph":[{"@type":"WebPage","@id":"https:\/\/rauchfrei.at\/ausbildung-tabakentwoehnung\/","url":"https:\/\/rauchfrei.at\/ausbildung-tabakentwoehnung\/","name":"Ausbildung Tabakentw\u00f6hnung - Rauchfrei Telefon","isPartOf":{"@id":"https:\/\/rauchfrei.at\/#website"},"datePublished":"2018-10-05T14:39:45+00:00","dateModified":"2025-07-09T12:27:15+00:00","inLanguage":"en-US","potentialAction":[{"@type":"ReadAction","target":["https:\/\/rauchfrei.at\/ausbildung-tabakentwoehnung\/"]}]},{"@type":"WebSite","@id":"https:\/\/rauchfrei.at\/#website","url":"https:\/\/rauchfrei.at\/","name":"Rauchfrei Telefon","description":"Eine \u00f6sterreichweite Initiative der Sozialversicherungen.","potentialAction":[{"@type":"SearchAction","target":{"@type":"EntryPoint","urlTemplate":"https:\/\/rauchfrei.at\/?s={search_term_string}"},"query-input":{"@type":"PropertyValueSpecification","valueRequired":true,"valueName":"search_term_string"}}],"inLanguage":"en-US"}]}},"_links":{"self":[{"href":"https:\/\/rauchfrei.at\/en\/wp-json\/wp\/v2\/pages\/11662","targetHints":{"allow":["GET"]}}],"collection":[{"href":"https:\/\/rauchfrei.at\/en\/wp-json\/wp\/v2\/pages"}],"about":[{"href":"https:\/\/rauchfrei.at\/en\/wp-json\/wp\/v2\/types\/page"}],"author":[{"embeddable":true,"href":"https:\/\/rauchfrei.at\/en\/wp-json\/wp\/v2\/users\/11"}],"replies":[{"embeddable":true,"href":"https:\/\/rauchfrei.at\/en\/wp-json\/wp\/v2\/comments?post=11662"}],"version-history":[{"count":29,"href":"https:\/\/rauchfrei.at\/en\/wp-json\/wp\/v2\/pages\/11662\/revisions"}],"predecessor-version":[{"id":30932,"href":"https:\/\/rauchfrei.at\/en\/wp-json\/wp\/v2\/pages\/11662\/revisions\/30932"}],"wp:attachment":[{"href":"https:\/\/rauchfrei.at\/en\/wp-json\/wp\/v2\/media?parent=11662"}],"curies":[{"name":"wp","href":"https:\/\/api.w.org\/{rel}","templated":true}]}}