
{"id":138,"date":"2012-02-28T11:51:28","date_gmt":"2012-02-28T11:51:28","guid":{"rendered":"http:\/\/web362.itscserver.org\/wordpress\/?page_id=138"},"modified":"2025-09-03T11:49:00","modified_gmt":"2025-09-03T09:49:00","slug":"passivrauch","status":"publish","type":"page","link":"https:\/\/rauchfrei.at\/en\/fakten\/passivrauch\/","title":{"rendered":"Passivrauch"},"content":{"rendered":"<p>[et_pb_section fb_built=&#8221;1&#8243; custom_padding_last_edited=&#8221;off|&#8221; module_class=&#8221;header&#8221; _builder_version=&#8221;4.16&#8243; background_color=&#8221;#67BAD3&#8243; custom_margin=&#8221;||0px|&#8221; custom_padding=&#8221;100px||10px|&#8221; global_colors_info=&#8221;{}&#8221;][et_pb_row _builder_version=&#8221;4.16&#8243; custom_margin=&#8221;||0px|&#8221; custom_padding=&#8221;||0px|&#8221; global_colors_info=&#8221;{}&#8221;][et_pb_column type=&#8221;4_4&#8243; _builder_version=&#8221;4.16&#8243; custom_padding=&#8221;||0px|&#8221; global_colors_info=&#8221;{}&#8221; custom_padding__hover=&#8221;|||&#8221;][et_pb_text admin_label=&#8221;Blue Background Header&#8221; _builder_version=&#8221;4.16&#8243; custom_margin=&#8221;||0px|&#8221; custom_padding=&#8221;||0px|&#8221; global_colors_info=&#8221;{}&#8221;]<\/p>\n<h1>Passivrauch<\/h1>\n<h2>Fakten \u00fcber Passivrauch und Dritthandrauch<\/h2>\n<p>[\/et_pb_text][\/et_pb_column][\/et_pb_row][\/et_pb_section][et_pb_section fb_built=&#8221;1&#8243; _builder_version=&#8221;4.16&#8243; global_colors_info=&#8221;{}&#8221;][et_pb_row column_structure=&#8221;2_3,1_3&#8243; _builder_version=&#8221;4.16&#8243; background_size=&#8221;initial&#8221; background_position=&#8221;top_left&#8221; background_repeat=&#8221;repeat&#8221; global_colors_info=&#8221;{}&#8221;][et_pb_column type=&#8221;2_3&#8243; _builder_version=&#8221;4.16&#8243; custom_padding=&#8221;|||&#8221; global_colors_info=&#8221;{}&#8221; custom_padding__hover=&#8221;|||&#8221;][et_pb_text _builder_version=&#8221;4.27.4&#8243; hover_enabled=&#8221;0&#8243; global_colors_info=&#8221;{}&#8221; sticky_enabled=&#8221;0&#8243;]<\/p>\n<h2>Passivrauch<\/h2>\n<p>Passivrauch entsteht durch das Rauchen von Tabakprodukten. Auch jene, die selbst nicht aktiv rauchen, atmen die Giftstoffe, die durch das Verbrennen und Verglimmen entstehen, ein. Tabakrauch gef\u00e4hrdet daher nicht nur die Gesundheit der Raucher\/innen selbst, sondern auch jener Menschen, die in ihrer Umgebung leben oder arbeiten. Kinder, S\u00e4uglinge, Ungeborene, alte und kranke Menschen reagieren besonders sensibel auf den Einfluss der Schadstoffe.<\/p>\n<p>Passivrauch ist vorhanden, wenn gerade aktiv geraucht wird und lagert sich auch in Form von Feinstaub ab. Diese kleinen Feinstaubpartikel bleiben lange nach dem Ausd\u00e4mpfen der Zigarette<br \/>&#8211; an Menschen, z.B. in Haaren, auf der Haut, in der Kleidung,<br \/>&#8211; in R\u00e4umen, z.B. an W\u00e4nden, auf M\u00f6beln, in Teppichen, in Vorh\u00e4ngen und Autositzen.<\/p>\n<p>Diese Ablagerungen von Passivrauch nennt man auch Dritthandrauch. Der Feinstaub wird wieder an die Raumluft abgegeben, auch wenn gerade nicht aktiv geraucht wird und wird so wieder eingeatmet.\u00a0 Der Aufenthalt in R\u00e4umen, in denen geraucht wird, schadet daher der Gesundheit, auch wenn gerade nicht aktiv geraucht wird. L\u00fcften reicht nicht aus, um diese Feinstaubpartikel zu entfernen.<\/p>\n<h3>Auswirkungen von Passivrauchbelastung<strong><br \/><\/strong><\/h3>\n<p>Kurzfristige Auswirkungen von Passivrauch sind:<\/p>\n<ul>\n<li>Augenbrennen bzw. tr\u00e4nende Augen<\/li>\n<li>Kopfschmerzen<\/li>\n<li>Reizungen der Atemwege<\/li>\n<li>M\u00fcdigkeit<\/li>\n<\/ul>\n<p>Mittelfristige Auswirkungen sind:<\/p>\n<ul>\n<li>Schwellungen und R\u00f6tungen der Schleimh\u00e4ute<\/li>\n<li>vermehrte Infektanf\u00e4lligkeit<\/li>\n<li>Schwindelanf\u00e4lle und<\/li>\n<li>Atemlosigkeit<\/li>\n<\/ul>\n<p>Langfristige Auswirkungen:<\/p>\n<p>Passivrauchbelastung f\u00fchrt zu denselben Erkrankungen wie aktives Rauchen und kann dadurch auch Erkrankungen mit Todesfolge bewirken.<\/p>\n<h3>Passivrauchbelastung im Auto<\/h3>\n<p>Rauchen im Auto stellt eine besondere Gesundheitsbelastung f\u00fcr alle Mitfahrenden dar, da die Schadstoffkonzentration im Auto wesentlich h\u00f6her ist als in jedem anderen Innenraum. Besonders f\u00fcr Kinder ist dies eine starke Belastung durch Giftstoffe aus dem Tabakrauch. Die Abgabe von Passiv- und Dritthandrauch erfolgt,, auch wenn gerade aktiv nicht geraucht wird. Daher reicht es nicht, nur dann nicht zu rauchen, wenn Kinder und Jugendliche mitfahren.<\/p>\n<h3>Passivrauchbelastung bei Kindern<\/h3>\n<p>Rauchen in Anwesenheit von Kindern stellt f\u00fcr diese eine Gesundheitsbelastung dar, gegen die sie sich nicht wehren k\u00f6nnen. Kinder reagieren empfindlicher auf die Gifte als Erwachsene, weil sich ihr K\u00f6rper noch in Entwicklung befindet. Sie haben eine h\u00f6here Atemfrequenz, atmen dadurch mehr Giftstoffe ein und zus\u00e4tzlich k\u00f6nnen ihre Organe die Schadstoffe noch nicht so schnell verarbeiten wie die Organe Erwachsener.<\/p>\n<p>Babys, die Tabakrauch einatmen, sterben nachweislich \u00f6fter am \u201epl\u00f6tzlichen Kindstod\u201c als Babys, die in einer rauchfreien Umgebung aufwachsen.<\/p>\n<p>Wenn Kinder mitrauchen, wird ihr Abwehrsystem geschw\u00e4cht. Deshalb sind sie insgesamt h\u00e4ufiger krank.<\/p>\n<p>Kinder, die Passivrauch ausgesetzt sind, haben unter anderem ein erh\u00f6htes Risiko f\u00fcr:<\/p>\n<ul>\n<li>Atemwegsprobleme (Bronchitis, Lungenentz\u00fcndung, Asthma)<\/li>\n<li>Mittelohrentz\u00fcndungen<\/li>\n<li>Schwindel, Bauch- &amp; Kopfschmerzen<\/li>\n<li>Konzentrationsst\u00f6rungen<\/li>\n<li>Kariesentwicklung<\/li>\n<\/ul>\n<h3>Schutz vor Passivrauch<\/h3>\n<p>Tabakrauch ist der wichtigste vermeidbare Innenraumschadstoff. Sie k\u00f6nnen sich und Ihr Umfeld einfach vor Passivrauch sch\u00fctzen:<\/p>\n<p>Halten Sie Ihre Wohnr\u00e4ume komplett rauchfrei.<br \/>Zigarettenrauch setzt sich an Decken, W\u00e4nden und Kleidung ab. L\u00fcften entfernt die Schadstoffe nicht vollst\u00e4ndig. Auch wenn nur in einem Raum geraucht wird, verteilen sich die Schadstoffe in die anderen R\u00e4ume. T\u00fcren sind kein ausreichender Schutz vor Passivrauch.<\/p>\n<p>Weisen Sie Ihre G\u00e4ste darauf hin, dass Ihre Wohnung rauchfrei ist.<br \/>Argumentieren Sie ruhig und sachlich, wenn Sie erkl\u00e4ren, warum bei Ihnen nicht geraucht wird. Die meisten Raucher\/innen wissen einfach nicht, wie stark sie anderen mit ihrem Tabakrauch schaden.<\/p>\n<p>Halten Sie Ihr Auto rauchfrei.<br \/>Die Konzentration der Tabakgifte in einem verrauchten Auto ist bis zu 23 Mal h\u00f6her, als in anderen verrauchten Innenr\u00e4umen.<\/p>\n<p>Bestehen Sie auf Rauchfreiheit in Anwesenheit von Kindern und Jugendlichen.<\/p>\n<p>Bitten Sie Gro\u00dfeltern, Babysitter und andere Bezugspersonen, nicht in Anwesenheit von Kindern zu rauchen.<br \/>In Kinderkrippen, Kinderg\u00e4rten und auf Kinderspielpl\u00e4tzen sollte es selbstverst\u00e4ndlich sein, dass nicht geraucht wird.<\/p>\n<p><a href=\"https:\/\/rauchfrei.at\/wp-content\/uploads\/rt25_Passivrauch_Folder_v13_online.pdf\" target=\"_blank\" rel=\"noopener noreferrer\">Informationsfolder Passivrauch<\/a><\/p>\n<p><a href=\"https:\/\/rauchfrei.at\/wp-content\/uploads\/rt25_Passivrauch_Poster_v9_online.pdf\" target=\"_blank\" rel=\"noopener noreferrer\">Poster Passivrauch<\/a><\/p>\n<p>Infobrosch\u00fcre in unterschiedlichen Sprachen: \u201eFrei von Tabak und Nikotin \u2013 F\u00fcr Sie, f\u00fcr Ihre Familie, f\u00fcr Ihre Umgebung\u201c:<\/p>\n<p><strong><a href=\"https:\/\/rauchfrei.at\/wp-content\/uploads\/rf25_es-brosch_deutsch_v5_online.pdf\">Deutsch<\/a>, <a href=\"https:\/\/rauchfrei.at\/wp-content\/uploads\/rf25_es-brosch_englisch_v3_online.pdf\">Englisch<\/a>, <a href=\"https:\/\/rauchfrei.at\/wp-content\/uploads\/rf25_es-brosch_araabisch_v1_online.pdf\">Arabisch<\/a>, <a href=\"https:\/\/rauchfrei.at\/wp-content\/uploads\/rf25_es-brosch_bosnisch_v2_online.pdf\">Bosnisch<\/a>, <a href=\"https:\/\/rauchfrei.at\/wp-content\/uploads\/rf25_es-brosch_kroatisch_v2_online.pdf\">Kroatisch<\/a>, <a href=\"https:\/\/rauchfrei.at\/wp-content\/uploads\/rf25_es-brosch_rumaenisch_v2_online.pdf\">Rum\u00e4nisch<\/a>,\u00a0<a href=\"https:\/\/rauchfrei.at\/wp-content\/uploads\/rf25_es-brosch_serbisch_v2_online.pdf\">Serbisch, <\/a><a href=\"https:\/\/rauchfrei.at\/wp-content\/uploads\/rf25_es-brosch_tuerkisch_v2_online.pdf\">T\u00fcrkisch<\/a><\/strong><\/p>\n<p>[\/et_pb_text][\/et_pb_column][et_pb_column type=&#8221;1_3&#8243; _builder_version=&#8221;4.16&#8243; custom_padding=&#8221;|||&#8221; global_colors_info=&#8221;{}&#8221; custom_padding__hover=&#8221;|||&#8221;][et_pb_image src=&#8221;https:\/\/rauchfrei.at\/wp-content\/uploads\/Passivrauchposter.png&#8221; title_text=&#8221;Passivrauchposter&#8221; url=&#8221;https:\/\/rauchfrei.at\/wp-content\/uploads\/rt25_Passivrauch_Poster_v9_online.pdf&#8221; align_tablet=&#8221;center&#8221; align_phone=&#8221;&#8221; align_last_edited=&#8221;on|desktop&#8221; _builder_version=&#8221;4.27.4&#8243; global_colors_info=&#8221;{}&#8221;][\/et_pb_image][et_pb_dp_dmb_module_10080 link_text=&#8221;mehr erfahren&#8221; link_url=&#8221;https:\/\/rauchfrei.at\/sigara-hatti\/&#8221; admin_label=&#8221;Infos in t\u00fcrkischer Sprache&#8221; _builder_version=&#8221;4.27.4&#8243; global_module=&#8221;13138&#8243; saved_tabs=&#8221;all&#8221; global_colors_info=&#8221;{}&#8221;]<\/p>\n<p>Informationen in t\u00fcrkischer Sprache<\/p>\n<p>[\/et_pb_dp_dmb_module_10080][et_pb_dp_dmb_module_10093 farbe=&#8221;blitzblau&#8221; headline=&#8221;Rauchfrei schwanger&#8221; image=&#8221;https:\/\/rauchfrei.at\/wp-content\/uploads\/Pregnant.png&#8221; image_position=&#8221;center&#8221; link_text=&#8221;mehr dazu&#8221; link_url=&#8221;https:\/\/rauchfrei.at\/fakten\/schwangerschaft\/&#8221; admin_label=&#8221;Schwangere&#8221; _builder_version=&#8221;4.21.0&#8243; custom_margin=&#8221;0px|||&#8221; custom_padding=&#8221;0px|||&#8221; global_module=&#8221;12601&#8243; saved_tabs=&#8221;all&#8221; global_colors_info=&#8221;{}&#8221;]<\/p>\n<p>In der Schwangerschaft bewirkt die Rauchfreiheit besonders viel Gutes.<\/p>\n<p>[\/et_pb_dp_dmb_module_10093][\/et_pb_column][\/et_pb_row][\/et_pb_section]<\/p>\n","protected":false},"excerpt":{"rendered":"<p>Was genau versteht man unter Passivrauch? Und ist er gef\u00e4hrlich? Antworten auf diese Fragen finden Sie hier.<\/p>\n","protected":false},"author":2,"featured_media":0,"parent":11,"menu_order":0,"comment_status":"closed","ping_status":"open","template":"","meta":{"_et_pb_use_builder":"on","_et_pb_old_content":"<p>Tabakrauch ist die gr\u00f6\u00dfte vermeidbare Gesundheitsgef\u00e4hrdung und Hauptquelle von Feinstaubbelastung in Innenr\u00e4umen. Passivrauch enth\u00e4lt dieselben Schadstoffe wie Tabakrauch.<\/p><p>Daher gef\u00e4hrdet Tabakrauch nicht nur die Raucher\/innen selbst, sondern auch die Menschen, die in ihrer Umgebung leben bzw. arbeiten. <strong>Kinder, S\u00e4uglinge und Ungeborene reagieren besonders sensibel<\/strong> auf die Einwirkungen des Tabakrauchs. An den negativen gesundheitlichen Folgen des Passivrauchens besteht heutzutage kein Zweifel mehr.<\/p>[caption id=\"attachment_7580\" align=\"aligncenter\" width=\"480\"]<a href=\"https:\/\/rauchfrei.at\/wp-content\/uploads\/Zeichenpostits_800px_Passivrauchen.jpg\"><img class=\"size-large wp-image-7580\" src=\"https:\/\/rauchfrei.at\/wp-content\/uploads\/Zeichenpostits_800px_Passivrauchen-480x480.jpg\" alt=\"\u00a9 www.yolo.at\" width=\"480\" height=\"480\" \/><\/a> \u00a9 www.yolo.at[\/caption]<p>\u00a0<\/p><p>\u00a0<\/p><p>\u00a0<\/p>","_et_gb_content_width":"","footnotes":""},"class_list":["post-138","page","type-page","status-publish","hentry"],"yoast_head":"<!-- This site is optimized with the Yoast SEO plugin v26.2 - https:\/\/yoast.com\/wordpress\/plugins\/seo\/ -->\n<title>Passivrauch - Rauchfrei Telefon<\/title>\n<meta name=\"robots\" content=\"index, follow, max-snippet:-1, max-image-preview:large, max-video-preview:-1\" \/>\n<link rel=\"canonical\" href=\"https:\/\/rauchfrei.at\/fakten\/passivrauch\/\" \/>\n<meta property=\"og:locale\" content=\"en_US\" \/>\n<meta property=\"og:type\" content=\"article\" \/>\n<meta property=\"og:title\" content=\"Passivrauch - Rauchfrei Telefon\" \/>\n<meta property=\"og:description\" content=\"Was genau versteht man unter Passivrauch? Und ist er gef\u00e4hrlich? Antworten auf diese Fragen finden Sie hier.\" \/>\n<meta property=\"og:url\" content=\"https:\/\/rauchfrei.at\/fakten\/passivrauch\/\" \/>\n<meta property=\"og:site_name\" content=\"Rauchfrei Telefon\" \/>\n<meta property=\"article:modified_time\" content=\"2025-09-03T09:49:00+00:00\" \/>\n<meta name=\"twitter:card\" content=\"summary_large_image\" \/>\n<meta name=\"twitter:label1\" content=\"Est. reading time\" \/>\n\t<meta name=\"twitter:data1\" content=\"5 minutes\" \/>\n<script type=\"application\/ld+json\" class=\"yoast-schema-graph\">{\"@context\":\"https:\/\/schema.org\",\"@graph\":[{\"@type\":\"WebPage\",\"@id\":\"https:\/\/rauchfrei.at\/fakten\/passivrauch\/\",\"url\":\"https:\/\/rauchfrei.at\/fakten\/passivrauch\/\",\"name\":\"Passivrauch - Rauchfrei Telefon\",\"isPartOf\":{\"@id\":\"https:\/\/rauchfrei.at\/#website\"},\"datePublished\":\"2012-02-28T11:51:28+00:00\",\"dateModified\":\"2025-09-03T09:49:00+00:00\",\"breadcrumb\":{\"@id\":\"https:\/\/rauchfrei.at\/fakten\/passivrauch\/#breadcrumb\"},\"inLanguage\":\"en-US\",\"potentialAction\":[{\"@type\":\"ReadAction\",\"target\":[\"https:\/\/rauchfrei.at\/fakten\/passivrauch\/\"]}]},{\"@type\":\"BreadcrumbList\",\"@id\":\"https:\/\/rauchfrei.at\/fakten\/passivrauch\/#breadcrumb\",\"itemListElement\":[{\"@type\":\"ListItem\",\"position\":1,\"name\":\"Fakten\",\"item\":\"https:\/\/rauchfrei.at\/fakten\/\"},{\"@type\":\"ListItem\",\"position\":2,\"name\":\"Passivrauch\"}]},{\"@type\":\"WebSite\",\"@id\":\"https:\/\/rauchfrei.at\/#website\",\"url\":\"https:\/\/rauchfrei.at\/\",\"name\":\"Rauchfrei Telefon\",\"description\":\"Eine \u00f6sterreichweite Initiative der Sozialversicherungen.\",\"potentialAction\":[{\"@type\":\"SearchAction\",\"target\":{\"@type\":\"EntryPoint\",\"urlTemplate\":\"https:\/\/rauchfrei.at\/?s={search_term_string}\"},\"query-input\":{\"@type\":\"PropertyValueSpecification\",\"valueRequired\":true,\"valueName\":\"search_term_string\"}}],\"inLanguage\":\"en-US\"}]}<\/script>\n<!-- \/ Yoast SEO plugin. -->","yoast_head_json":{"title":"Passivrauch - Rauchfrei Telefon","robots":{"index":"index","follow":"follow","max-snippet":"max-snippet:-1","max-image-preview":"max-image-preview:large","max-video-preview":"max-video-preview:-1"},"canonical":"https:\/\/rauchfrei.at\/fakten\/passivrauch\/","og_locale":"en_US","og_type":"article","og_title":"Passivrauch - Rauchfrei Telefon","og_description":"Was genau versteht man unter Passivrauch? Und ist er gef\u00e4hrlich? Antworten auf diese Fragen finden Sie hier.","og_url":"https:\/\/rauchfrei.at\/fakten\/passivrauch\/","og_site_name":"Rauchfrei Telefon","article_modified_time":"2025-09-03T09:49:00+00:00","twitter_card":"summary_large_image","twitter_misc":{"Est. reading time":"5 minutes"},"schema":{"@context":"https:\/\/schema.org","@graph":[{"@type":"WebPage","@id":"https:\/\/rauchfrei.at\/fakten\/passivrauch\/","url":"https:\/\/rauchfrei.at\/fakten\/passivrauch\/","name":"Passivrauch - Rauchfrei Telefon","isPartOf":{"@id":"https:\/\/rauchfrei.at\/#website"},"datePublished":"2012-02-28T11:51:28+00:00","dateModified":"2025-09-03T09:49:00+00:00","breadcrumb":{"@id":"https:\/\/rauchfrei.at\/fakten\/passivrauch\/#breadcrumb"},"inLanguage":"en-US","potentialAction":[{"@type":"ReadAction","target":["https:\/\/rauchfrei.at\/fakten\/passivrauch\/"]}]},{"@type":"BreadcrumbList","@id":"https:\/\/rauchfrei.at\/fakten\/passivrauch\/#breadcrumb","itemListElement":[{"@type":"ListItem","position":1,"name":"Fakten","item":"https:\/\/rauchfrei.at\/fakten\/"},{"@type":"ListItem","position":2,"name":"Passivrauch"}]},{"@type":"WebSite","@id":"https:\/\/rauchfrei.at\/#website","url":"https:\/\/rauchfrei.at\/","name":"Rauchfrei Telefon","description":"Eine \u00f6sterreichweite Initiative der Sozialversicherungen.","potentialAction":[{"@type":"SearchAction","target":{"@type":"EntryPoint","urlTemplate":"https:\/\/rauchfrei.at\/?s={search_term_string}"},"query-input":{"@type":"PropertyValueSpecification","valueRequired":true,"valueName":"search_term_string"}}],"inLanguage":"en-US"}]}},"_links":{"self":[{"href":"https:\/\/rauchfrei.at\/en\/wp-json\/wp\/v2\/pages\/138","targetHints":{"allow":["GET"]}}],"collection":[{"href":"https:\/\/rauchfrei.at\/en\/wp-json\/wp\/v2\/pages"}],"about":[{"href":"https:\/\/rauchfrei.at\/en\/wp-json\/wp\/v2\/types\/page"}],"author":[{"embeddable":true,"href":"https:\/\/rauchfrei.at\/en\/wp-json\/wp\/v2\/users\/2"}],"replies":[{"embeddable":true,"href":"https:\/\/rauchfrei.at\/en\/wp-json\/wp\/v2\/comments?post=138"}],"version-history":[{"count":11,"href":"https:\/\/rauchfrei.at\/en\/wp-json\/wp\/v2\/pages\/138\/revisions"}],"predecessor-version":[{"id":31099,"href":"https:\/\/rauchfrei.at\/en\/wp-json\/wp\/v2\/pages\/138\/revisions\/31099"}],"up":[{"embeddable":true,"href":"https:\/\/rauchfrei.at\/en\/wp-json\/wp\/v2\/pages\/11"}],"wp:attachment":[{"href":"https:\/\/rauchfrei.at\/en\/wp-json\/wp\/v2\/media?parent=138"}],"curies":[{"name":"wp","href":"https:\/\/api.w.org\/{rel}","templated":true}]}}