
{"id":17575,"date":"2019-10-23T11:53:53","date_gmt":"2019-10-23T09:53:53","guid":{"rendered":"https:\/\/rauchfrei.at\/?page_id=17575"},"modified":"2025-09-03T10:19:22","modified_gmt":"2025-09-03T08:19:22","slug":"unterstuetzung-durch-angehoerige","status":"publish","type":"page","link":"https:\/\/rauchfrei.at\/en\/unterstuetzung-durch-angehoerige\/","title":{"rendered":"Unterst\u00fctzung durch Angeh\u00f6rige"},"content":{"rendered":"<p>[et_pb_section fb_built=&#8221;1&#8243; custom_padding_last_edited=&#8221;off|&#8221; module_class=&#8221;header&#8221; _builder_version=&#8221;4.16&#8243; background_color=&#8221;#67BAD3&#8243; custom_margin=&#8221;||0px|&#8221; custom_padding=&#8221;100px||10px|&#8221; global_colors_info=&#8221;{}&#8221;][et_pb_row _builder_version=&#8221;4.16&#8243; custom_margin=&#8221;||0px|&#8221; custom_padding=&#8221;||0px|&#8221; global_colors_info=&#8221;{}&#8221;][et_pb_column type=&#8221;4_4&#8243; _builder_version=&#8221;4.16&#8243; custom_padding=&#8221;||0px|&#8221; global_colors_info=&#8221;{}&#8221; custom_padding__hover=&#8221;|||&#8221;][et_pb_text admin_label=&#8221;Blue Background Header&#8221; _builder_version=&#8221;4.16&#8243; custom_margin=&#8221;||0px|&#8221; custom_padding=&#8221;||0px|&#8221; z_index_tablet=&#8221;500&#8243; global_colors_info=&#8221;{}&#8221;]<\/p>\n<h1>Unterst\u00fctzung durch Angeh\u00f6rige<\/h1>\n<h2>Sie m\u00f6chten Raucher\/innen in Ihrem Umfeld beim Rauchstopp unterst\u00fctzen?<\/h2>\n<p>[\/et_pb_text][\/et_pb_column][\/et_pb_row][\/et_pb_section][et_pb_section fb_built=&#8221;1&#8243; _builder_version=&#8221;4.16&#8243; global_colors_info=&#8221;{}&#8221;][et_pb_row column_structure=&#8221;2_3,1_3&#8243; _builder_version=&#8221;4.16&#8243; background_size=&#8221;initial&#8221; background_position=&#8221;top_left&#8221; background_repeat=&#8221;repeat&#8221; global_colors_info=&#8221;{}&#8221;][et_pb_column type=&#8221;2_3&#8243; _builder_version=&#8221;4.16&#8243; custom_padding=&#8221;|||&#8221; global_colors_info=&#8221;{}&#8221; custom_padding__hover=&#8221;|||&#8221;][et_pb_text _builder_version=&#8221;4.16&#8243; z_index_tablet=&#8221;500&#8243; global_colors_info=&#8221;{}&#8221;]<\/p>\n<blockquote>\n<p><strong>\u00a0<\/strong><strong>Reden hilft:<\/strong><\/p>\n<\/blockquote>\n<p><strong>Wenn Sie das Gespr\u00e4ch suchen, ist es hilfreich, Folgendes zu beachten:<\/strong><\/p>\n<ul>\n<li>Zeigen Sie wertsch\u00e4tzendes Interesse am Thema und Gespr\u00e4chsbereitschaft. (z.B. Wie geht\u00b4s dir eigentlich mit dem Rauchen?)<\/li>\n<li>Vermeiden Sie vorwurfsvolle Belehrungen: \u201eH\u00f6r doch endlich mit dem Rauchen auf!\u201c ist selten hilfreich.<\/li>\n<li>Teilen Sie Ihre eigenen Sorgen um Gesundheit und Wohlbefinden mit (Ich mache mir Sorgen um deine Gesundheit, ich will, dass du lange und gesund lebst,&#8230;)<\/li>\n<li>Bieten Sie Ihre Unterst\u00fctzung an.<\/li>\n<\/ul>\n<ul>\n<li>Erfragen Sie, was die Person beim rauchfrei werden und rauchfrei bleiben als hilfreich empfindet. Das kann etwas Anderes sein, als Sie denken.<\/li>\n<\/ul>\n<ul>\n<li>Geben Sie Informationen \u00fcber Unterst\u00fctzungsangebote weiter, z.B. Beratung durch das Rauchfrei Telefon, Rauchfrei App, Kurse der Sozialversicherung.<strong> <br \/><\/strong><\/li>\n<\/ul>\n<blockquote>\n<p><strong>Rauchfreie Umgebung:<\/strong><\/p>\n<\/blockquote>\n<p>Um andere beim Rauchstopp zu unterst\u00fctzen, sorgen Sie vor allem f\u00fcr eine rauchfreie Umgebung. \u00dcberall, wo geraucht wird, werden Schadstoffe an die Luft abgegeben. Dieser Passivrauch l\u00e4sst sich auch durch L\u00fcften nicht beseitigen. Die Schadstoffe bleiben auf W\u00e4nden, M\u00f6bel, Vorh\u00e4ngen, Kleidung etc. haften und werden auch lange nach dem Rauchen weiter an die Luft abgegeben. Die kleinen Feinstaubpartikel des Passivrauchs gelangen durchs Einatmen in den K\u00f6rper und f\u00fchren zu Kopfschmerzen, Hustenreiz, Schwindel, M\u00fcdigkeit und Atemlosigkeit.<\/p>\n<ul>\n<li>Halten Sie alle Innenr\u00e4ume (Wohnung, Auto,\u2026) immer rauchfrei.<\/li>\n<\/ul>\n<blockquote>\n<p><strong>Weitere Unterst\u00fctzung:<\/strong><\/p>\n<\/blockquote>\n<p>Passivrauch ist aber nicht nur gesundheitssch\u00e4dlich, er verst\u00e4rkt auch den Drang zu rauchen. Innere oder \u00e4u\u00dfere Reize (z.B. Geruch, sichtbare Zigarettenschachteln etc.) k\u00f6nnen Verlangensattacken ausl\u00f6sen. Der Rauchgeruch und verf\u00fcgbare Zigaretten erschweren es, rauchfrei zu bleiben.<\/p>\n<ul>\n<li>Lassen Sie deshalb keine Rauchutensilien herumliegen und vermeiden Sie in Gegenwart von Exraucher\/innen zu rauchen.<\/li>\n<\/ul>\n<p>Beim Rauchen handelt es sich um ein automatisiertes Verhalten, das durch verschiedenste Signale aktiviert werden kann, z.B. die gemeinsame Arbeitspause mit Kolleginnen und Kollegen oder der Kaffee mit der besten Freundin\/dem besten Freund.<\/p>\n<ul>\n<li>Planen Sie gemeinsam andere Aktivit\u00e4ten oder Pausen oder entwickeln neue Rituale.<\/li>\n<li>Feiern Sie gemeinsam, wenn Ziele oder Zwischenziele geschafft sind (Essen gehen oder Wellness nach einem Monat,&#8230;).<\/li>\n<li>Es f\u00e4llt leichter, einen Rauchstopp zu machen bzw. rauchfrei zu bleiben, wenn Partner\/in und enge Bezugspersonen auch rauchfrei sind. Werden Sie selber rauchfrei \u2013 gemeinsam f\u00e4llt es oft leichter.<\/li>\n<\/ul>\n<p>&nbsp;<\/p>\n<p>[\/et_pb_text][\/et_pb_column][et_pb_column type=&#8221;1_3&#8243; _builder_version=&#8221;4.16&#8243; custom_padding=&#8221;|||&#8221; global_colors_info=&#8221;{}&#8221; custom_padding__hover=&#8221;|||&#8221;][et_pb_dp_dmb_module_10093 farbe=&#8221;blitzgelb&#8221; headline=&#8221;Rufen Sie uns an! &#8221; image=&#8221;https:\/\/rauchfrei.at\/wp-content\/uploads\/rauchfrei-telefondame-auf-gelb.png&#8221; image_position=&#8221;center&#8221; link_text=&#8221;mehr&#8221; link_url=&#8221;https:\/\/rauchfrei.at\/beratung-vom-rauchfrei-telefon\/&#8221; image_size=&#8221;80&#8243; admin_label=&#8221;Rufen Sie uns an!&#8221; _builder_version=&#8221;4.20.4&#8243; global_module=&#8221;13167&#8243; saved_tabs=&#8221;all&#8221; global_colors_info=&#8221;{}&#8221;]<\/p>\n<p>Wir beraten und informieren Sie gerne!<\/p>\n<p>[\/et_pb_dp_dmb_module_10093][\/et_pb_column][\/et_pb_row][\/et_pb_section]<\/p>\n","protected":false},"excerpt":{"rendered":"<p>Unterst\u00fctzung durch Angeh\u00f6rige Sie m\u00f6chten Raucher\/innen in Ihrem Umfeld beim Rauchstopp unterst\u00fctzen? \u00a0Reden hilft: Wenn Sie das Gespr\u00e4ch suchen, ist es hilfreich, Folgendes zu beachten: Zeigen Sie wertsch\u00e4tzendes Interesse am Thema und Gespr\u00e4chsbereitschaft. (z.B. Wie geht\u00b4s dir eigentlich mit dem Rauchen?) Vermeiden Sie vorwurfsvolle Belehrungen: \u201eH\u00f6r doch endlich mit dem Rauchen auf!\u201c ist selten hilfreich. [&hellip;]<\/p>\n","protected":false},"author":11,"featured_media":0,"parent":0,"menu_order":0,"comment_status":"closed","ping_status":"closed","template":"","meta":{"_et_pb_use_builder":"on","_et_pb_old_content":"","_et_gb_content_width":"","footnotes":""},"class_list":["post-17575","page","type-page","status-publish","hentry"],"yoast_head":"<!-- This site is optimized with the Yoast SEO plugin v26.2 - https:\/\/yoast.com\/wordpress\/plugins\/seo\/ -->\n<title>Unterst\u00fctzung durch Angeh\u00f6rige - Rauchfrei Telefon<\/title>\n<meta name=\"robots\" content=\"index, follow, max-snippet:-1, max-image-preview:large, max-video-preview:-1\" \/>\n<link rel=\"canonical\" href=\"https:\/\/rauchfrei.at\/unterstuetzung-durch-angehoerige\/\" \/>\n<meta property=\"og:locale\" content=\"en_US\" \/>\n<meta property=\"og:type\" content=\"article\" \/>\n<meta property=\"og:title\" content=\"Unterst\u00fctzung durch Angeh\u00f6rige - Rauchfrei Telefon\" \/>\n<meta property=\"og:description\" content=\"Unterst\u00fctzung durch Angeh\u00f6rige Sie m\u00f6chten Raucher\/innen in Ihrem Umfeld beim Rauchstopp unterst\u00fctzen? \u00a0Reden hilft: Wenn Sie das Gespr\u00e4ch suchen, ist es hilfreich, Folgendes zu beachten: Zeigen Sie wertsch\u00e4tzendes Interesse am Thema und Gespr\u00e4chsbereitschaft. (z.B. Wie geht\u00b4s dir eigentlich mit dem Rauchen?) Vermeiden Sie vorwurfsvolle Belehrungen: \u201eH\u00f6r doch endlich mit dem Rauchen auf!\u201c ist selten hilfreich. [&hellip;]\" \/>\n<meta property=\"og:url\" content=\"https:\/\/rauchfrei.at\/unterstuetzung-durch-angehoerige\/\" \/>\n<meta property=\"og:site_name\" content=\"Rauchfrei Telefon\" \/>\n<meta property=\"article:modified_time\" content=\"2025-09-03T08:19:22+00:00\" \/>\n<meta name=\"twitter:card\" content=\"summary_large_image\" \/>\n<meta name=\"twitter:label1\" content=\"Est. reading time\" \/>\n\t<meta name=\"twitter:data1\" content=\"3 minutes\" \/>\n<script type=\"application\/ld+json\" class=\"yoast-schema-graph\">{\"@context\":\"https:\/\/schema.org\",\"@graph\":[{\"@type\":\"WebPage\",\"@id\":\"https:\/\/rauchfrei.at\/unterstuetzung-durch-angehoerige\/\",\"url\":\"https:\/\/rauchfrei.at\/unterstuetzung-durch-angehoerige\/\",\"name\":\"Unterst\u00fctzung durch Angeh\u00f6rige - Rauchfrei Telefon\",\"isPartOf\":{\"@id\":\"https:\/\/rauchfrei.at\/#website\"},\"datePublished\":\"2019-10-23T09:53:53+00:00\",\"dateModified\":\"2025-09-03T08:19:22+00:00\",\"inLanguage\":\"en-US\",\"potentialAction\":[{\"@type\":\"ReadAction\",\"target\":[\"https:\/\/rauchfrei.at\/unterstuetzung-durch-angehoerige\/\"]}]},{\"@type\":\"WebSite\",\"@id\":\"https:\/\/rauchfrei.at\/#website\",\"url\":\"https:\/\/rauchfrei.at\/\",\"name\":\"Rauchfrei Telefon\",\"description\":\"Eine \u00f6sterreichweite Initiative der Sozialversicherungen.\",\"potentialAction\":[{\"@type\":\"SearchAction\",\"target\":{\"@type\":\"EntryPoint\",\"urlTemplate\":\"https:\/\/rauchfrei.at\/?s={search_term_string}\"},\"query-input\":{\"@type\":\"PropertyValueSpecification\",\"valueRequired\":true,\"valueName\":\"search_term_string\"}}],\"inLanguage\":\"en-US\"}]}<\/script>\n<!-- \/ Yoast SEO plugin. -->","yoast_head_json":{"title":"Unterst\u00fctzung durch Angeh\u00f6rige - Rauchfrei Telefon","robots":{"index":"index","follow":"follow","max-snippet":"max-snippet:-1","max-image-preview":"max-image-preview:large","max-video-preview":"max-video-preview:-1"},"canonical":"https:\/\/rauchfrei.at\/unterstuetzung-durch-angehoerige\/","og_locale":"en_US","og_type":"article","og_title":"Unterst\u00fctzung durch Angeh\u00f6rige - Rauchfrei Telefon","og_description":"Unterst\u00fctzung durch Angeh\u00f6rige Sie m\u00f6chten Raucher\/innen in Ihrem Umfeld beim Rauchstopp unterst\u00fctzen? \u00a0Reden hilft: Wenn Sie das Gespr\u00e4ch suchen, ist es hilfreich, Folgendes zu beachten: Zeigen Sie wertsch\u00e4tzendes Interesse am Thema und Gespr\u00e4chsbereitschaft. (z.B. Wie geht\u00b4s dir eigentlich mit dem Rauchen?) Vermeiden Sie vorwurfsvolle Belehrungen: \u201eH\u00f6r doch endlich mit dem Rauchen auf!\u201c ist selten hilfreich. [&hellip;]","og_url":"https:\/\/rauchfrei.at\/unterstuetzung-durch-angehoerige\/","og_site_name":"Rauchfrei Telefon","article_modified_time":"2025-09-03T08:19:22+00:00","twitter_card":"summary_large_image","twitter_misc":{"Est. reading time":"3 minutes"},"schema":{"@context":"https:\/\/schema.org","@graph":[{"@type":"WebPage","@id":"https:\/\/rauchfrei.at\/unterstuetzung-durch-angehoerige\/","url":"https:\/\/rauchfrei.at\/unterstuetzung-durch-angehoerige\/","name":"Unterst\u00fctzung durch Angeh\u00f6rige - Rauchfrei Telefon","isPartOf":{"@id":"https:\/\/rauchfrei.at\/#website"},"datePublished":"2019-10-23T09:53:53+00:00","dateModified":"2025-09-03T08:19:22+00:00","inLanguage":"en-US","potentialAction":[{"@type":"ReadAction","target":["https:\/\/rauchfrei.at\/unterstuetzung-durch-angehoerige\/"]}]},{"@type":"WebSite","@id":"https:\/\/rauchfrei.at\/#website","url":"https:\/\/rauchfrei.at\/","name":"Rauchfrei Telefon","description":"Eine \u00f6sterreichweite Initiative der Sozialversicherungen.","potentialAction":[{"@type":"SearchAction","target":{"@type":"EntryPoint","urlTemplate":"https:\/\/rauchfrei.at\/?s={search_term_string}"},"query-input":{"@type":"PropertyValueSpecification","valueRequired":true,"valueName":"search_term_string"}}],"inLanguage":"en-US"}]}},"_links":{"self":[{"href":"https:\/\/rauchfrei.at\/en\/wp-json\/wp\/v2\/pages\/17575","targetHints":{"allow":["GET"]}}],"collection":[{"href":"https:\/\/rauchfrei.at\/en\/wp-json\/wp\/v2\/pages"}],"about":[{"href":"https:\/\/rauchfrei.at\/en\/wp-json\/wp\/v2\/types\/page"}],"author":[{"embeddable":true,"href":"https:\/\/rauchfrei.at\/en\/wp-json\/wp\/v2\/users\/11"}],"replies":[{"embeddable":true,"href":"https:\/\/rauchfrei.at\/en\/wp-json\/wp\/v2\/comments?post=17575"}],"version-history":[{"count":6,"href":"https:\/\/rauchfrei.at\/en\/wp-json\/wp\/v2\/pages\/17575\/revisions"}],"predecessor-version":[{"id":31093,"href":"https:\/\/rauchfrei.at\/en\/wp-json\/wp\/v2\/pages\/17575\/revisions\/31093"}],"wp:attachment":[{"href":"https:\/\/rauchfrei.at\/en\/wp-json\/wp\/v2\/media?parent=17575"}],"curies":[{"name":"wp","href":"https:\/\/api.w.org\/{rel}","templated":true}]}}