
{"id":18625,"date":"2020-04-14T17:43:57","date_gmt":"2020-04-14T15:43:57","guid":{"rendered":"https:\/\/rauchfrei.at\/?page_id=18625"},"modified":"2020-04-21T15:46:27","modified_gmt":"2020-04-21T13:46:27","slug":"rauchfreies-arbeitsleben","status":"publish","type":"page","link":"https:\/\/rauchfrei.at\/en\/fakten\/gesetzliches\/rauchfreies-arbeitsleben\/","title":{"rendered":"Rauchfreies Arbeitsleben"},"content":{"rendered":"<p>[et_pb_section fb_built=&#8221;1&#8243; custom_padding_last_edited=&#8221;off|&#8221; module_class=&#8221;header&#8221; _builder_version=&#8221;3.22&#8243; background_color=&#8221;#67BAD3&#8243; custom_margin=&#8221;||0px|&#8221; custom_padding=&#8221;100px||10px|&#8221;][et_pb_row _builder_version=&#8221;3.25&#8243; custom_margin=&#8221;||0px|&#8221; custom_padding=&#8221;||0px|&#8221;][et_pb_column type=&#8221;4_4&#8243; _builder_version=&#8221;3.25&#8243; custom_padding=&#8221;||0px|&#8221; custom_padding__hover=&#8221;|||&#8221;][et_pb_text admin_label=&#8221;Blue Background Header&#8221; _builder_version=&#8221;4.4.3&#8243; custom_margin=&#8221;||0px|&#8221; custom_padding=&#8221;||0px|&#8221;]<\/p>\n<h1>Rauchfreies Arbeitsleben<\/h1>\n<p>[\/et_pb_text][\/et_pb_column][\/et_pb_row][\/et_pb_section][et_pb_section fb_built=&#8221;1&#8243; _builder_version=&#8221;3.22&#8243;][et_pb_row column_structure=&#8221;2_3,1_3&#8243; _builder_version=&#8221;3.25&#8243; background_size=&#8221;initial&#8221; background_position=&#8221;top_left&#8221; background_repeat=&#8221;repeat&#8221;][et_pb_column type=&#8221;2_3&#8243; _builder_version=&#8221;3.25&#8243; custom_padding=&#8221;|||&#8221; custom_padding__hover=&#8221;|||&#8221;][et_pb_text admin_label=&#8221;Rauchfreies Arbeitsleben&#8221; _builder_version=&#8221;4.4.3&#8243; hover_enabled=&#8221;0&#8243;]<\/p>\n<div id=\"esv-container\" role=\"\">\n<div id=\"esv-content_mitnav\" class=\"content\" role=\"main\">\n<div class=\"contentline\">\n<div class=\"right\">\n<div class=\"detail\">\n<div class=\"text\">\n<p>In \u00d6sterreich raucht jeder vierte bis f\u00fcnfte \u00d6sterreicher\/in ab 15 Jahren t\u00e4glich. Besonders alarmierend ist die Zahl der rauchenden Lehrlinge: Mehr als die H\u00e4lfte aller Lehrlinge konsumieren (t\u00e4glich) Zigaretten oder andere Tabakwaren. Die Folgen des Tabakkonsums sind auch f\u00fcr Betriebe von Bedeutung.\u00a0 Raucher\/innen weisen durchschnittlich 2,7 zus\u00e4tzliche Fehltage am Arbeitsplatz auf. Die Kosten durch Produktivit\u00e4tsausf\u00e4lle betragen pro Jahr 1,49 Mrd. Euro.<\/p>\n<p>Gesetzliche Regelungen verpflichten Arbeitgeber\/innen dazu, ihre Mitarbeitenden vor Tabakrauch am Arbeitsplatz zu sch\u00fctzen. Erfahrungen aus der Praxis zeigen jedoch, dass diese alleine oft zu kurz greifen. Hier setzt die betriebliche Tabakpr\u00e4vention an. Sie richtet sich an alle Personen im Betrieb und umfasst Regelungen zum Nichtraucherinnenschutz. Gleichzeitig werden Raucher\/innen und Nichtraucher\/innen mit gezielten Ma\u00dfnahmen informiert, beim Rauchstopp unterst\u00fctzt und so vor weiteren gesundheitlichen Folgen bewahrt. Damit leistet der Betrieb einen wesentlichen Beitrag zur Gesundheitsf\u00f6rderung von allen Mitarbeitenden, insbesondere Lehrlingen. Denn nicht zuletzt ist eine rauchfreie Arbeitsumgebung eine der wirksamsten Ma\u00dfnahmen, um bei jungen Arbeitnehmer\/innen den Einstieg in eine Rauchkarriere zeitlich nach hinten zu verz\u00f6gern oder gar zu verhindern.<\/p>\n<p>&nbsp;<\/p>\n<\/div>\n<p><strong>Umfassende Informationsmaterialien: <\/strong><\/p>\n<div class=\"text\">\n<p>Die \u00f6sterreichische Sozialversicherung m\u00f6chte Betriebe, Berater\/innen und allen am Thema Interessierten informieren: Folder, Checkliste und Faktensammlung fassen kompaktes Wissen zu aktuellen gesetzlichen Regelungen, aber auch praktischen Handlungsempfehlungen f\u00fcr die Pr\u00e4vention zusammen. Diese sowie weitere Informationen sind bei den Servicestellen des <a href=\"https:\/\/www.netzwerk-bgf.at\/cdscontent\/?contentid=10007.701055&amp;viewmode=content\" target=\"_blank\" rel=\"noopener noreferrer\">\u00d6NBGF<\/a> (\u00d6sterreichisches Netzwerk Betriebliche Gesundheitsf\u00f6rderung) erh\u00e4ltlich!<\/p>\n<\/div>\n<\/div>\n<\/div>\n<\/div>\n<\/div>\n<\/div>\n<p>&nbsp;<\/p>\n<p>Mehr dazu:<br \/><a href=\"https:\/\/rauchfrei.at\/wp-content\/uploads\/Faktensammlung_Nichtraucherschutz_im_Betrieb_final.pdf\" target=\"_blank\" rel=\"attachment noopener wp-att-18551 noreferrer\">Faktensammlung Nichtraucherschutz im Betrieb<\/a><br \/><a href=\"https:\/\/rauchfrei.at\/wp-content\/uploads\/Tabakfreies-Arbeitsleben.pdf\" rel=\"attachment wp-att-18633\">Folder Tabakfreies Arbeitsleben<\/a><br \/><a href=\"https:\/\/rauchfrei.at\/wp-content\/uploads\/Checkliste-Nichtraucherschutz-im-Betrieb.pdf\" rel=\"attachment wp-att-18634\">Checkliste Nichtraucherschutz im Betrieb<\/a><\/p>\n<p>&nbsp;<\/p>\n<p>[\/et_pb_text][\/et_pb_column][et_pb_column type=&#8221;1_3&#8243; _builder_version=&#8221;3.25&#8243; custom_padding=&#8221;|||&#8221; custom_padding__hover=&#8221;|||&#8221;][et_pb_dp_dmb_module_10080 link_text=&#8221;mehr&#8221; link_url=&#8221;https:\/\/rauchfrei.at\/fakten\/gesetzliches\/&#8221; admin_label=&#8221;\u00a7 Gesetzliches zum Thema Nichtraucher\u00adschutz und Rauchen&#8221; _builder_version=&#8221;3.19.15&#8243; max_width=&#8221;100%&#8221; global_module=&#8221;13120&#8243;]<\/p>\n<p><strong>Gesetzliches<\/strong> rund ums Thema \u00a7<\/p>\n<p>[\/et_pb_dp_dmb_module_10080][et_pb_dp_dmb_module_10080 link_text=&#8221;hier kostenfrei bestellen&#8221; link_url=&#8221;https:\/\/rauchfrei.at\/broschueren-downloads\/bestellung\/&#8221; admin_label=&#8221;Materialbestellung&#8221; _builder_version=&#8221;3.21&#8243; global_module=&#8221;13132&#8243; saved_tabs=&#8221;all&#8221;]<\/p>\n<p><strong>Brosch\u00fcren<br \/>bestellen\u00a0<\/strong><\/p>\n<p>[\/et_pb_dp_dmb_module_10080][\/et_pb_column][\/et_pb_row][\/et_pb_section]<\/p>\n","protected":false},"excerpt":{"rendered":"<p>Rauchfreies Arbeitsleben In \u00d6sterreich raucht jeder vierte bis f\u00fcnfte \u00d6sterreicher\/in ab 15 Jahren t\u00e4glich. Besonders alarmierend ist die Zahl der rauchenden Lehrlinge: Mehr als die H\u00e4lfte aller Lehrlinge konsumieren (t\u00e4glich) Zigaretten oder andere Tabakwaren. Die Folgen des Tabakkonsums sind auch f\u00fcr Betriebe von Bedeutung.\u00a0 Raucher\/innen weisen durchschnittlich 2,7 zus\u00e4tzliche Fehltage am Arbeitsplatz auf. Die Kosten [&hellip;]<\/p>\n","protected":false},"author":11,"featured_media":0,"parent":140,"menu_order":0,"comment_status":"closed","ping_status":"open","template":"","meta":{"_et_pb_use_builder":"on","_et_pb_old_content":"<p>Der Nichtraucherschutz am Arbeitsplatz ist neben dem Tabakgesetz durch das Arbeitnehmerschutzgesetz (AschG) und durch das Arbeitsverfassungsgesetz (ArbVG) geregelt.<\/p><h2>Rauchverbot<\/h2><p>Bei Einhaltung von Arbeitnehmerschutzgesetz (\u00a7 30 des ASchG, 1994) und Tabakgesetz besteht am Arbeitsplatz nur noch Raucherlaubnis,<\/p><ul><li>wenn ein Arbeitnehmer allein in seinem Einzelb\u00fcro ohne Kunden- bzw. Parteienverkehr bei geschlossener T\u00fcr arbeitet,<\/li><li>wenn es sich um typische Werks- bzw. Fabrikshallen handelt, und keine brand- oder explosionsgef\u00e4hrlichen Arbeitsstoffe verwendet werden bzw. keine produktionsbedingten Hinderungsgr\u00fcnde vorliegen,<\/li><li>in abgetrennten Raucherbereichen der Gastronomie,<\/li><li>wenn ausschlie\u00dflich Raucher\/innen in ihrem Arbeitsraum ohne Kunden Kundinnen bzw. Parteienverkehr t\u00e4tig sind.<\/li><\/ul><p>Ausnahmsloses Rauchverbot gilt in allen R\u00e4umlichkeiten \u00f6ffentlicher Orte, in R\u00e4umen mit bestimmter Zweckbestimmungen (Unterrichts- und Fortbildungszwecke, Verhandlungszwecke, schulsportliche Bet\u00e4tigung), sowie in Betrieben gem\u00e4\u00df \u00a713a Abs. 1 (Betriebe des Gastgewerbes).<\/p><h3>Ausz\u00fcge aus dem Arbeitnehmerschutzgesetz \u00a7 30<\/h3><ol><li>Arbeitgeber\/innen haben daf\u00fcr zu sorgen, dass Nichtraucher\/innen vor den Einwirkungen von Tabakrauch am Arbeitsplatz gesch\u00fctzt sind, soweit dies nach der Art des Betriebes m\u00f6glich ist.<\/li><li>Wenn aus betrieblichen Gr\u00fcnden Raucher\/innen und Nichtraucher\/innen gemeinsam in einem B\u00fcroraum oder einem vergleichbaren Arbeitsraum arbeiten m\u00fcssen, der nur durch Betriebsangeh\u00f6rige genutzt wird, ist das Rauchen am Arbeitsplatz verboten.<\/li><li>Durch geeignete technische oder organisatorische Ma\u00dfnahmen ist daf\u00fcr zu sorgen, dass in den Aufenthaltsr\u00e4umen und Bereitschaftsr\u00e4umen Nichtraucher\/innen vor den Einwirkungen von Tabakrauch gesch\u00fctzt sind.<\/li><li>In Sanit\u00e4tsr\u00e4umen und Umkleider\u00e4umen ist das Rauchen verboten.<\/li><\/ol><h3>Ausz\u00fcge aus dem Arbeitsverfassungsgesetz<\/h3><p>Nach \u00a7 97 k\u00f6nnen Betriebsvereinbarungen \u00fcber allgemeine Ordnungsvorschriften im Betrieb, die das Verhalten der Arbeitnehmer\/innen regeln, abgeschlossen werden. Da mit der Erlassung von Rauchverboten eine Regelung des Verhaltens der Arbeitnehmer\/innen bezweckt wird, f\u00e4llt diese nach einhelliger Lehre und Judikatur unter den Begriff \"allgemeine Ordnungsvorschriften\". Somit k\u00f6nnen Rauchverbote im Betrieb im Weg einer Betriebsvereinbarung gem\u00e4\u00df \u00a7 97 Abs. 1 Z 1 ArbVG vereinbart werden.<\/p><h3>Bestimmungen f\u00fcr Arbeitnehmer\/innen<\/h3><p>Mit der Tabakgesetz-Novelle 2008 traten Kollektivvertr\u00e4ge f\u00fcr Arbeiter und Arbeiterinnen bzw. Angestellte im Gastgewerbe in Kraft, mit folgenden Regelungen bei Besch\u00e4ftigung in Raucherbetrieben:<\/p><ul><li>Anspruch auf Dienstfreistellung:<br \/>Zeit zum Besuch diagnostischer Ma\u00dfnahmen, sowie gesundheitsf\u00f6rdernde Ma\u00dfnahmen<\/li><li>Anspruch auf Abfertigung alt:<br \/>Bei K\u00fcndigung des Arbeitsverh\u00e4ltnisses wegen Passivrauchbelastung<\/li><li>Besch\u00e4ftigungseinschr\u00e4nkung f\u00fcr Jugendliche:<br \/>Ausbildung \u00fcberwiegend in Nichtraucherr\u00e4umen, wenn vorhanden<\/li><li>Schutzma\u00dfnahmen f\u00fcr werdende M\u00fctter (gilt auch f\u00fcr Selbst\u00e4ndige):<br \/>Anspruch auf Wochengeld bzw. Betriebshilfe bei Arbeitsverbot<\/li><\/ul><p>Das Arbeitsverbot bei werdenden M\u00fcttern, sowie die Besch\u00e4ftigungseinschr\u00e4nkung bei Jugendlichen werden nicht direkt durch die Arbeitsinspektion kontrolliert, da diese Regelungen nicht als Arbeitnehmerschutzvorschriften gelten. Kontrolle und Erteilung von Sanktionen erfolgt hier durch die jeweiligen Bezirksverwaltungsbeh\u00f6rden.<\/p><p>Ausf\u00fchrlichere Informationen, sowie Downloads finden Sie unter den angef\u00fchrten Links der Arbeitsinspektion, der Arbeiterkammer, der Wirtschaftskammer und des Bundesministeriums f\u00fcr Gesundheit.<\/p><p>Mehr dazu:<br \/><a title=\"Arbeitsinspektion\" href=\"http:\/\/www.arbeitsinspektion.gv.at\/AI\/Arbeitsstaetten\/Nichraucherschutz\/default.htm\" target=\"_blank\" rel=\"noopener\">Arbeitsinspektion<\/a><br \/><a title=\"Rauchverbote - Nichtraucherschutz (AK)\" href=\"http:\/\/wien.arbeiterkammer.at\/beratung\/arbeitundrecht\/arbeitundgesundheit\/gesundimbetrieb\/Rauchverbote-Nichtraucherschutz.html\" target=\"_blank\" rel=\"noopener\">Arbeiterkammer Wien<\/a><br \/><a title=\"BM f\u00fcr Gesundheit\" href=\"http:\/\/bmg.gv.at\/home\/Schwerpunkte\/Drogen_Sucht\/Tabak_Rauchen\/\" target=\"_blank\" rel=\"noopener\">Bundesministerium f\u00fcr Gesundheit<\/a><br \/><a title=\"Wirtschaftskammer\" href=\"https:\/\/www.wko.at\/Content.Node\/Suche_Trefferliste.html?hostname=&searchTerm=rauchverbot&quicksearch_submit=Suchen\" target=\"_blank\" rel=\"noopener\">Wirtschaftskammer Wien<\/a><\/p><p>\u00a0<\/p>","_et_gb_content_width":"","footnotes":""},"class_list":["post-18625","page","type-page","status-publish","hentry"],"yoast_head":"<!-- This site is optimized with the Yoast SEO plugin v26.2 - https:\/\/yoast.com\/wordpress\/plugins\/seo\/ -->\n<title>Rauchfreies Arbeitsleben - Rauchfrei Telefon<\/title>\n<meta name=\"robots\" content=\"index, follow, max-snippet:-1, max-image-preview:large, max-video-preview:-1\" \/>\n<link rel=\"canonical\" href=\"https:\/\/rauchfrei.at\/fakten\/gesetzliches\/rauchfreies-arbeitsleben\/\" \/>\n<meta property=\"og:locale\" content=\"en_US\" \/>\n<meta property=\"og:type\" content=\"article\" \/>\n<meta property=\"og:title\" content=\"Rauchfreies Arbeitsleben - Rauchfrei Telefon\" \/>\n<meta property=\"og:description\" content=\"Rauchfreies Arbeitsleben In \u00d6sterreich raucht jeder vierte bis f\u00fcnfte \u00d6sterreicher\/in ab 15 Jahren t\u00e4glich. Besonders alarmierend ist die Zahl der rauchenden Lehrlinge: Mehr als die H\u00e4lfte aller Lehrlinge konsumieren (t\u00e4glich) Zigaretten oder andere Tabakwaren. Die Folgen des Tabakkonsums sind auch f\u00fcr Betriebe von Bedeutung.\u00a0 Raucher\/innen weisen durchschnittlich 2,7 zus\u00e4tzliche Fehltage am Arbeitsplatz auf. Die Kosten [&hellip;]\" \/>\n<meta property=\"og:url\" content=\"https:\/\/rauchfrei.at\/fakten\/gesetzliches\/rauchfreies-arbeitsleben\/\" \/>\n<meta property=\"og:site_name\" content=\"Rauchfrei Telefon\" \/>\n<meta property=\"article:modified_time\" content=\"2020-04-21T13:46:27+00:00\" \/>\n<meta name=\"twitter:card\" content=\"summary_large_image\" \/>\n<meta name=\"twitter:label1\" content=\"Est. reading time\" \/>\n\t<meta name=\"twitter:data1\" content=\"2 minutes\" \/>\n<script type=\"application\/ld+json\" class=\"yoast-schema-graph\">{\"@context\":\"https:\/\/schema.org\",\"@graph\":[{\"@type\":\"WebPage\",\"@id\":\"https:\/\/rauchfrei.at\/fakten\/gesetzliches\/rauchfreies-arbeitsleben\/\",\"url\":\"https:\/\/rauchfrei.at\/fakten\/gesetzliches\/rauchfreies-arbeitsleben\/\",\"name\":\"Rauchfreies Arbeitsleben - Rauchfrei Telefon\",\"isPartOf\":{\"@id\":\"https:\/\/rauchfrei.at\/#website\"},\"datePublished\":\"2020-04-14T15:43:57+00:00\",\"dateModified\":\"2020-04-21T13:46:27+00:00\",\"breadcrumb\":{\"@id\":\"https:\/\/rauchfrei.at\/fakten\/gesetzliches\/rauchfreies-arbeitsleben\/#breadcrumb\"},\"inLanguage\":\"en-US\",\"potentialAction\":[{\"@type\":\"ReadAction\",\"target\":[\"https:\/\/rauchfrei.at\/fakten\/gesetzliches\/rauchfreies-arbeitsleben\/\"]}]},{\"@type\":\"BreadcrumbList\",\"@id\":\"https:\/\/rauchfrei.at\/fakten\/gesetzliches\/rauchfreies-arbeitsleben\/#breadcrumb\",\"itemListElement\":[{\"@type\":\"ListItem\",\"position\":1,\"name\":\"Fakten\",\"item\":\"https:\/\/rauchfrei.at\/fakten\/\"},{\"@type\":\"ListItem\",\"position\":2,\"name\":\"Gesetzliche Regelungen\",\"item\":\"https:\/\/rauchfrei.at\/fakten\/gesetzliches\/\"},{\"@type\":\"ListItem\",\"position\":3,\"name\":\"Rauchfreies Arbeitsleben\"}]},{\"@type\":\"WebSite\",\"@id\":\"https:\/\/rauchfrei.at\/#website\",\"url\":\"https:\/\/rauchfrei.at\/\",\"name\":\"Rauchfrei Telefon\",\"description\":\"Eine \u00f6sterreichweite Initiative der Sozialversicherungen.\",\"potentialAction\":[{\"@type\":\"SearchAction\",\"target\":{\"@type\":\"EntryPoint\",\"urlTemplate\":\"https:\/\/rauchfrei.at\/?s={search_term_string}\"},\"query-input\":{\"@type\":\"PropertyValueSpecification\",\"valueRequired\":true,\"valueName\":\"search_term_string\"}}],\"inLanguage\":\"en-US\"}]}<\/script>\n<!-- \/ Yoast SEO plugin. -->","yoast_head_json":{"title":"Rauchfreies Arbeitsleben - Rauchfrei Telefon","robots":{"index":"index","follow":"follow","max-snippet":"max-snippet:-1","max-image-preview":"max-image-preview:large","max-video-preview":"max-video-preview:-1"},"canonical":"https:\/\/rauchfrei.at\/fakten\/gesetzliches\/rauchfreies-arbeitsleben\/","og_locale":"en_US","og_type":"article","og_title":"Rauchfreies Arbeitsleben - Rauchfrei Telefon","og_description":"Rauchfreies Arbeitsleben In \u00d6sterreich raucht jeder vierte bis f\u00fcnfte \u00d6sterreicher\/in ab 15 Jahren t\u00e4glich. Besonders alarmierend ist die Zahl der rauchenden Lehrlinge: Mehr als die H\u00e4lfte aller Lehrlinge konsumieren (t\u00e4glich) Zigaretten oder andere Tabakwaren. Die Folgen des Tabakkonsums sind auch f\u00fcr Betriebe von Bedeutung.\u00a0 Raucher\/innen weisen durchschnittlich 2,7 zus\u00e4tzliche Fehltage am Arbeitsplatz auf. Die Kosten [&hellip;]","og_url":"https:\/\/rauchfrei.at\/fakten\/gesetzliches\/rauchfreies-arbeitsleben\/","og_site_name":"Rauchfrei Telefon","article_modified_time":"2020-04-21T13:46:27+00:00","twitter_card":"summary_large_image","twitter_misc":{"Est. reading time":"2 minutes"},"schema":{"@context":"https:\/\/schema.org","@graph":[{"@type":"WebPage","@id":"https:\/\/rauchfrei.at\/fakten\/gesetzliches\/rauchfreies-arbeitsleben\/","url":"https:\/\/rauchfrei.at\/fakten\/gesetzliches\/rauchfreies-arbeitsleben\/","name":"Rauchfreies Arbeitsleben - Rauchfrei Telefon","isPartOf":{"@id":"https:\/\/rauchfrei.at\/#website"},"datePublished":"2020-04-14T15:43:57+00:00","dateModified":"2020-04-21T13:46:27+00:00","breadcrumb":{"@id":"https:\/\/rauchfrei.at\/fakten\/gesetzliches\/rauchfreies-arbeitsleben\/#breadcrumb"},"inLanguage":"en-US","potentialAction":[{"@type":"ReadAction","target":["https:\/\/rauchfrei.at\/fakten\/gesetzliches\/rauchfreies-arbeitsleben\/"]}]},{"@type":"BreadcrumbList","@id":"https:\/\/rauchfrei.at\/fakten\/gesetzliches\/rauchfreies-arbeitsleben\/#breadcrumb","itemListElement":[{"@type":"ListItem","position":1,"name":"Fakten","item":"https:\/\/rauchfrei.at\/fakten\/"},{"@type":"ListItem","position":2,"name":"Gesetzliche Regelungen","item":"https:\/\/rauchfrei.at\/fakten\/gesetzliches\/"},{"@type":"ListItem","position":3,"name":"Rauchfreies Arbeitsleben"}]},{"@type":"WebSite","@id":"https:\/\/rauchfrei.at\/#website","url":"https:\/\/rauchfrei.at\/","name":"Rauchfrei Telefon","description":"Eine \u00f6sterreichweite Initiative der Sozialversicherungen.","potentialAction":[{"@type":"SearchAction","target":{"@type":"EntryPoint","urlTemplate":"https:\/\/rauchfrei.at\/?s={search_term_string}"},"query-input":{"@type":"PropertyValueSpecification","valueRequired":true,"valueName":"search_term_string"}}],"inLanguage":"en-US"}]}},"_links":{"self":[{"href":"https:\/\/rauchfrei.at\/en\/wp-json\/wp\/v2\/pages\/18625","targetHints":{"allow":["GET"]}}],"collection":[{"href":"https:\/\/rauchfrei.at\/en\/wp-json\/wp\/v2\/pages"}],"about":[{"href":"https:\/\/rauchfrei.at\/en\/wp-json\/wp\/v2\/types\/page"}],"author":[{"embeddable":true,"href":"https:\/\/rauchfrei.at\/en\/wp-json\/wp\/v2\/users\/11"}],"replies":[{"embeddable":true,"href":"https:\/\/rauchfrei.at\/en\/wp-json\/wp\/v2\/comments?post=18625"}],"version-history":[{"count":5,"href":"https:\/\/rauchfrei.at\/en\/wp-json\/wp\/v2\/pages\/18625\/revisions"}],"predecessor-version":[{"id":18679,"href":"https:\/\/rauchfrei.at\/en\/wp-json\/wp\/v2\/pages\/18625\/revisions\/18679"}],"up":[{"embeddable":true,"href":"https:\/\/rauchfrei.at\/en\/wp-json\/wp\/v2\/pages\/140"}],"wp:attachment":[{"href":"https:\/\/rauchfrei.at\/en\/wp-json\/wp\/v2\/media?parent=18625"}],"curies":[{"name":"wp","href":"https:\/\/api.w.org\/{rel}","templated":true}]}}