
{"id":260,"date":"2012-03-08T06:27:48","date_gmt":"2012-03-08T06:27:48","guid":{"rendered":"http:\/\/web362.itscserver.org\/wordpress\/?page_id=260"},"modified":"2023-09-21T13:30:44","modified_gmt":"2023-09-21T11:30:44","slug":"kur-und-rehabilitation","status":"publish","type":"page","link":"https:\/\/rauchfrei.at\/en\/aufhoeren\/weitere-beratungsangebote-in-oe\/kur-und-rehabilitation\/","title":{"rendered":"Kur und Rehabilitation"},"content":{"rendered":"<p>[et_pb_section fb_built=&#8221;1&#8243; custom_padding_last_edited=&#8221;off|&#8221; module_class=&#8221;header&#8221; _builder_version=&#8221;4.16&#8243; background_color=&#8221;#67BAD3&#8243; custom_margin=&#8221;||0px|&#8221; custom_padding=&#8221;100px||10px|&#8221; global_colors_info=&#8221;{}&#8221;][et_pb_row _builder_version=&#8221;4.16&#8243; custom_margin=&#8221;||0px|&#8221; custom_padding=&#8221;||0px|&#8221; global_colors_info=&#8221;{}&#8221;][et_pb_column type=&#8221;4_4&#8243; _builder_version=&#8221;4.16&#8243; custom_padding=&#8221;||0px|&#8221; global_colors_info=&#8221;{}&#8221; custom_padding__hover=&#8221;|||&#8221;][et_pb_text admin_label=&#8221;Blue Background Header&#8221; _builder_version=&#8221;4.16&#8243; custom_margin=&#8221;||0px|&#8221; custom_padding=&#8221;||0px|&#8221; global_colors_info=&#8221;{}&#8221;]<\/p>\n<h1>Kur und Rehabilitation<\/h1>\n<h2>Nutzen Sie Ihren Aufenthalt zum Rauchstopp!<\/h2>\n<p>[\/et_pb_text][\/et_pb_column][\/et_pb_row][\/et_pb_section][et_pb_section fb_built=&#8221;1&#8243; _builder_version=&#8221;4.16&#8243; global_colors_info=&#8221;{}&#8221;][et_pb_row column_structure=&#8221;2_3,1_3&#8243; _builder_version=&#8221;4.16&#8243; background_size=&#8221;initial&#8221; background_position=&#8221;top_left&#8221; background_repeat=&#8221;repeat&#8221; global_colors_info=&#8221;{}&#8221;][et_pb_column type=&#8221;2_3&#8243; _builder_version=&#8221;4.16&#8243; custom_padding=&#8221;|||&#8221; global_colors_info=&#8221;{}&#8221; custom_padding__hover=&#8221;|||&#8221;][et_pb_text _builder_version=&#8221;4.16&#8243; global_colors_info=&#8221;{}&#8221;]<\/p>\n<p>Folgende Einrichtungen bieten im Rahmen eines Kur- oder Rehabilitationsaufenthalts Unterst\u00fctzung beim Rauchstopp an:<\/p>\n<p>[\/et_pb_text][et_pb_toggle title=&#8221;Sonderkrankenanstalt Rehabilitationszentrum Weyer der PVA&#8221; admin_label=&#8221;Sonderkrankenanstalt Rehabilitationszentrum Weyer der PVA&#8221; _builder_version=&#8221;4.22.1&#8243; hover_enabled=&#8221;0&#8243; z_index_tablet=&#8221;500&#8243; global_colors_info=&#8221;{}&#8221; sticky_enabled=&#8221;0&#8243;]<\/p>\n<p>Sonderkrankenanstalt Rehabilitationszentrum Weyer der PVA<br \/>M\u00fchlein 2<br \/>3335 Weyer<br \/>Tel. 07355\/8651<br \/>Email: <a href=\"mailto:ska-rz.weyer@pva.sozvers.at\" target=\"_blank\" rel=\"noopener noreferrer\">Sonderkrankenanstalt Weyer<\/a><br \/><a href=\"https:\/\/www.rz-weyer.at\/de\/reha-angebot\/raucherberatung\/\/\" target=\"_blank\" rel=\"noopener noreferrer\">Homepage<\/a><\/p>\n<p>[\/et_pb_toggle][et_pb_toggle title=&#8221;Mein Peterhof der \u00d6GK in Baden bei Wien&#8221; admin_label=&#8221;Mein Peterhof der \u00d6GK&#8221; _builder_version=&#8221;4.16&#8243; z_index_tablet=&#8221;500&#8243; global_colors_info=&#8221;{}&#8221;]<\/p>\n<p><strong>Mein Peterhof der \u00d6GK<br \/><\/strong>Sauerhofstra\u00dfe 9 &#8211; 15<br \/>2500\u00a0Baden bei Wien<br \/>Tel. 02252 481 77<br \/>Email: <a href=\"mailto:kph-verw@oegk.at\" target=\"_blank\" rel=\"noopener noreferrer\">Mein Peterhof<\/a><br \/><a title=\"Klinikum Peterhof\" href=\"https:\/\/www.gesundheitskasse.at\/cdscontent\/?contentid=10007.866706&amp;portal=oegkpeterhofportal\" target=\"_blank\" rel=\"noopener noreferrer\">Homepage<\/a><\/p>\n<p>[\/et_pb_toggle][et_pb_toggle title=&#8221;Zentrum f\u00fcr ambulante Rehabilitation Graz der PVA&#8221; admin_label=&#8221;Zentrum f\u00fcr ambulante Rehabilitation Graz der PVA&#8221; _builder_version=&#8221;4.16&#8243; z_index_tablet=&#8221;500&#8243; global_colors_info=&#8221;{}&#8221;]<\/p>\n<p><strong><br \/><\/strong>Eggenberger Stra\u00dfe\u00a07<br \/>8020 Graz<br \/>Tel.\u00a0050303\/84915<br \/>Email: <a href=\"mailto: zag@pensionsversicherung.at\">Zentrum f\u00fcr ambulante Rehabilitation<\/a><br \/><a title=\"Klinikum Peterhof\" href=\"http:\/\/www.pv-rehabzentrum-graz.at\" target=\"_blank\" rel=\"noopener noreferrer\">Homepage<\/a><\/p>\n<p>[\/et_pb_toggle][et_pb_toggle title=&#8221;Therapiezentrum Buchenberg in Waidhofen an der Ybbs der BVAEB&#8221; admin_label=&#8221;Buchenberg&#8221; _builder_version=&#8221;4.16&#8243; z_index_tablet=&#8221;500&#8243; global_colors_info=&#8221;{}&#8221;]<\/p>\n<p><strong><br \/><\/strong>H\u00f6tzendorferstra\u00dfe 1<br \/>3340 Waidhofen an der Ybbs<br \/>Tel.\u00a007442\/52285<br \/>Email: <a href=\"mailto:tz.buchenberg@bva.at\">Therapiezentrum Buchenberg<\/a><br \/><a href=\"https:\/\/www.bvaeb.sv.at\/de\/Buchenberg\/html5\/index.html\" target=\"_blank\" rel=\"noopener noreferrer\">Homepage<\/a><\/p>\n<p>[\/et_pb_toggle][et_pb_toggle title=&#8221;Ambulante pneumologische Rehabilitation Therme Wien&#8221; admin_label=&#8221;Therme Wien Med&#8221; _builder_version=&#8221;4.16&#8243; z_index_tablet=&#8221;500&#8243; global_colors_info=&#8221;{}&#8221;]<\/p>\n<p>Kurbadstra\u00dfe 14<br \/>1100 Wien<br \/>Tel. 01\/68009-9438<br \/>Email: <a href=\"mailto:reha@thermewienmed.at\" target=\"_blank\" rel=\"noopener noreferrer\">Therme Wien Med<\/a><br \/><a href=\"http:\/\/www.thermewienmed.at\" target=\"_blank\" rel=\"noopener noreferrer\">Homepage<\/a><\/p>\n<p>[\/et_pb_toggle][et_pb_toggle title=&#8221;Rehaklinik Enns&#8221; admin_label=&#8221;Reha Enns&#8221; _builder_version=&#8221;4.16&#8243; z_index_tablet=&#8221;500&#8243; global_colors_info=&#8221;{}&#8221;]<\/p>\n<p>Bahnhofweg 7<br \/>4470 Enns<br \/>Tel.: 07223\/82828<br \/>Email: <a href=\"mailto:rauchfrei@rehaenns.at\">rauchfrei@rehaenns.at<\/a><br \/><a href=\"http:\/\/www.rehaenns.at\/\">www.rehaenns.at<\/a><\/p>\n<p>[\/et_pb_toggle][et_pb_toggle title=&#8221;Sonderkrankenanstalt Rehabilitationszentrum Hochegg (SKA-RZ Hochegg)&#8221; admin_label=&#8221;SKA-RZ Hochegg&#8221; _builder_version=&#8221;4.16&#8243; z_index_tablet=&#8221;500&#8243; global_colors_info=&#8221;{}&#8221;]<\/p>\n<p>Friedrich Hillegeist-Stra\u00dfe 2<br \/>2840 Grimmenstein<br \/>Tel. 02644 \/ 60 10-0<br \/>Email: <a href=\"mailto:ska-rz.hochegg@pensionsversicherung.at\" target=\"_blank\" rel=\"noopener noreferrer\">SKA-RZ Hochegg<\/a><br \/><a href=\"http:\/\/www.ska-hochegg.at\" target=\"_blank\" rel=\"noopener noreferrer\">Homepage<\/a><\/p>\n<p>[\/et_pb_toggle][et_pb_toggle title=&#8221;Sonderkrankenanstalt Rehabilitationszentrum St. Radegund (SKA-RZ St. Radegund)&#8221; admin_label=&#8221;SKA-RZ Rehazentrum St. Radegund&#8221; _builder_version=&#8221;4.18.0&#8243; z_index_tablet=&#8221;500&#8243; global_colors_info=&#8221;{}&#8221;]<\/p>\n<p>Rauchfreies PVA Rehazentrum St. Radegund<br \/>Kontakt: Silvia Poschner, QB, Projektleitung<br \/>Tel. 03132 \/ 2351-75120<br \/>Email: <a href=\"mailto:silvia.bogensperger@pensionsversicherung.at\" target=\"_blank\" rel=\"noopener noreferrer\">SKA-RZ St. Radegund<\/a><br \/><a href=\"https:\/\/www.ska-st-radegund.at\/de\/home\/\" target=\"_blank\" rel=\"noopener noreferrer\">Homepage<\/a><\/p>\n<p>[\/et_pb_toggle][et_pb_toggle title=&#8221; Gesundheits- und Kurhotel Badener Hof&#8221; admin_label=&#8221;Badnerhof&#8221; _builder_version=&#8221;4.18.0&#8243; z_index_tablet=&#8221;500&#8243; global_colors_info=&#8221;{}&#8221;]<\/p>\n<p>Pelzgasse 30<br \/>2500 Baden<br \/>Tel: 02252 48580<br \/>E-Mail: <a href=\"mailto:info@badenerhof.at\" target=\"_blank\" rel=\"noopener\">info@badenerhof.at<\/a><br \/>Homepage: <a href=\"https:\/\/www.badenerhof.at\/therapien-medizin\/gesundheitsplus\/raucherentwoehnung-plus\" target=\"_blank\" rel=\"noopener\">www.badenerhof.at<\/a><\/p>\n<p>[\/et_pb_toggle][et_pb_text _builder_version=&#8221;4.18.0&#8243; custom_margin=&#8221;30px|||&#8221; z_index_tablet=&#8221;500&#8243; global_colors_info=&#8221;{}&#8221;]<\/p>\n<p>F\u00fcr detaillierte Fragen zu speziellen Rehabilitations-Angeboten bzw. zu Kur-Einrichtungen in \u00d6sterreich wenden Sie sich bitte an Ihren zust\u00e4ndigen Sozialversicherungstr\u00e4ger.<\/p>\n<p>[\/et_pb_text][\/et_pb_column][et_pb_column type=&#8221;1_3&#8243; _builder_version=&#8221;4.16&#8243; custom_padding=&#8221;|||&#8221; global_colors_info=&#8221;{}&#8221; custom_padding__hover=&#8221;|||&#8221;][et_pb_dp_dmb_module_10093 farbe=&#8221;blitzblau&#8221; headline=&#8221;Rauchfrei schwanger&#8221; image=&#8221;https:\/\/rauchfrei.at\/wp-content\/uploads\/Pregnant.png&#8221; image_position=&#8221;center&#8221; link_text=&#8221;mehr dazu&#8221; link_url=&#8221;https:\/\/rauchfrei.at\/fakten\/schwangerschaft\/&#8221; admin_label=&#8221;Schwangere&#8221; _builder_version=&#8221;4.21.0&#8243; custom_margin=&#8221;0px|||&#8221; custom_padding=&#8221;0px|||&#8221; global_module=&#8221;12601&#8243; saved_tabs=&#8221;all&#8221; global_colors_info=&#8221;{}&#8221;]<\/p>\n<p>In der Schwangerschaft bewirkt die Rauchfreiheit besonders viel Gutes.<\/p>\n<p>[\/et_pb_dp_dmb_module_10093][\/et_pb_column][\/et_pb_row][\/et_pb_section]<\/p>\n","protected":false},"excerpt":{"rendered":"<p>Kur und Rehabilitation Nutzen Sie Ihren Aufenthalt zum Rauchstopp! Folgende Einrichtungen bieten im Rahmen eines Kur- oder Rehabilitationsaufenthalts Unterst\u00fctzung beim Rauchstopp an: Sonderkrankenanstalt Rehabilitationszentrum Weyer der PVAM\u00fchlein 23335 WeyerTel. 07355\/8651Email: Sonderkrankenanstalt WeyerHomepageMein Peterhof der \u00d6GKSauerhofstra\u00dfe 9 &#8211; 152500\u00a0Baden bei WienTel. 02252 481 77Email: Mein PeterhofHomepageEggenberger Stra\u00dfe\u00a078020 GrazTel.\u00a0050303\/84915Email: Zentrum f\u00fcr ambulante RehabilitationHomepageH\u00f6tzendorferstra\u00dfe 13340 Waidhofen an der [&hellip;]<\/p>\n","protected":false},"author":2,"featured_media":0,"parent":251,"menu_order":0,"comment_status":"closed","ping_status":"open","template":"","meta":{"_et_pb_use_builder":"on","_et_pb_old_content":"<p>Folgende Einrichtungen bieten im Rahmen eines Kur- oder Rehabilitationsaufenthalts begleitend Unterst\u00fctzung beim Rauchstopp an:<\/p><p><strong>Sonderkrankenanstalt Rehabilitationszentrum Weyer der PVA<\/strong><br \/>M\u00fchlein 2<br \/>3335 Weyer<br \/>Tel. 07355\/8651<br \/>Email: <a href=\"mailto:ska-rz.weyer@pva.sozvers.at\" target=\"_blank\" rel=\"noopener\">Sonderkrankenanstalt Weyer<\/a><br \/><a href=\"http:\/\/www.pensionsversicherung.at\/portal27\/portal\/pvaportal\/content\/contentWindow?contentid=10007.707647&action=2\" target=\"_blank\" rel=\"noopener\">Homepage<\/a><\/p><p><strong>Klinikum Peterhof der N\u00d6GKK<br \/><\/strong>Sauerhofstra\u00dfe 9 - 15<br \/>2500\u00a0Baden bei Wien<br \/>Tel. 02252 481 77<br \/>Email:\u00a0<a href=\"mailto: kph-med@noegkk.at\">Klinikum Peterhof <\/a><br \/><a title=\"Klinikum Peterhof\" href=\"http:\/\/www.noegkk.at\/portal27\/portal\/noegkkportal\/content\/contentWindow?contentid=10007.702492&action=2&viewmode=content\" target=\"_blank\" rel=\"noopener\">Homepage<\/a><\/p><p><strong>Zentrum f\u00fcr ambulante Rehabilitation Graz der PVA<br \/><\/strong>Eggenberger Stra\u00dfe\u00a07<br \/>8020 Graz<br \/>Tel.\u00a0050303\/84915<br \/>Email: <a href=\"mailto: zag@pensionsversicherung.at\">Zentrum f\u00fcr ambulante Rehabilitation<\/a><br \/><a title=\"Klinikum Peterhof\" href=\"http:\/\/www.pv-rehabzentrum-graz.at\" target=\"_blank\" rel=\"noopener\">Homepage<\/a><\/p><p><strong>Therapiezentrum Buchenberg in Waidhofen an der Ybbs der BVA<br \/><\/strong>H\u00f6tzendorferstra\u00dfe 1<br \/>3340 Waidhofen an der Ybbs<br \/>Tel.\u00a007442\/52285<br \/>Email: <a href=\"mailto:tz.buchenberg@bva.at\">Therapiezentrum Buchenberg<\/a><br \/><a href=\"http:\/\/www.bva.at\/portal27\/bvaportal\/content?viewmode=content&content_contentid=10007.676553&contentid=10007.727852\" target=\"_blank\" rel=\"noopener\">Homepage<\/a><\/p><p><strong>Ambulante pneumologische Rehabilitation<\/strong><br \/>Kurbadstra\u00dfe 14<br \/>1100 Wien<br \/>Tel. 01\/68009-9438<br \/>Email: <a href=\"mailto:reha.thermewienmed.at\" target=\"_blank\" rel=\"noopener\">reha.thermewienmed.at<br \/><\/a><a href=\"http:\/\/www.thermewienmed.at\" target=\"_blank\" rel=\"noopener\">Homepage<\/a><\/p><p>\u00a0<\/p><p>F\u00fcr detaillierte Fragen zu speziellen Rehabilitations-Angeboten bzw. zu Kur-Einrichtungen in \u00d6sterreich wenden Sie sich bitte an Ihren zust\u00e4ndigen Sozialversicherungstr\u00e4ger.<\/p>","_et_gb_content_width":"","footnotes":""},"class_list":["post-260","page","type-page","status-publish","hentry"],"yoast_head":"<!-- This site is optimized with the Yoast SEO plugin v26.2 - https:\/\/yoast.com\/wordpress\/plugins\/seo\/ -->\n<title>Kur und Rehabilitation - Rauchfrei Telefon<\/title>\n<meta name=\"robots\" content=\"index, follow, max-snippet:-1, max-image-preview:large, max-video-preview:-1\" \/>\n<link rel=\"canonical\" href=\"https:\/\/rauchfrei.at\/aufhoeren\/weitere-beratungsangebote-in-oe\/kur-und-rehabilitation\/\" \/>\n<meta property=\"og:locale\" content=\"en_US\" \/>\n<meta property=\"og:type\" content=\"article\" \/>\n<meta property=\"og:title\" content=\"Kur und Rehabilitation - Rauchfrei Telefon\" \/>\n<meta property=\"og:description\" content=\"Kur und Rehabilitation Nutzen Sie Ihren Aufenthalt zum Rauchstopp! Folgende Einrichtungen bieten im Rahmen eines Kur- oder Rehabilitationsaufenthalts Unterst\u00fctzung beim Rauchstopp an: Sonderkrankenanstalt Rehabilitationszentrum Weyer der PVAM\u00fchlein 23335 WeyerTel. 07355\/8651Email: Sonderkrankenanstalt WeyerHomepageMein Peterhof der \u00d6GKSauerhofstra\u00dfe 9 - 152500\u00a0Baden bei WienTel. 02252 481 77Email: Mein PeterhofHomepageEggenberger Stra\u00dfe\u00a078020 GrazTel.\u00a0050303\/84915Email: Zentrum f\u00fcr ambulante RehabilitationHomepageH\u00f6tzendorferstra\u00dfe 13340 Waidhofen an der [&hellip;]\" \/>\n<meta property=\"og:url\" content=\"https:\/\/rauchfrei.at\/aufhoeren\/weitere-beratungsangebote-in-oe\/kur-und-rehabilitation\/\" \/>\n<meta property=\"og:site_name\" content=\"Rauchfrei Telefon\" \/>\n<meta property=\"article:modified_time\" content=\"2023-09-21T11:30:44+00:00\" \/>\n<meta name=\"twitter:card\" content=\"summary_large_image\" \/>\n<meta name=\"twitter:label1\" content=\"Est. reading time\" \/>\n\t<meta name=\"twitter:data1\" content=\"3 minutes\" \/>\n<script type=\"application\/ld+json\" class=\"yoast-schema-graph\">{\"@context\":\"https:\/\/schema.org\",\"@graph\":[{\"@type\":\"WebPage\",\"@id\":\"https:\/\/rauchfrei.at\/aufhoeren\/weitere-beratungsangebote-in-oe\/kur-und-rehabilitation\/\",\"url\":\"https:\/\/rauchfrei.at\/aufhoeren\/weitere-beratungsangebote-in-oe\/kur-und-rehabilitation\/\",\"name\":\"Kur und Rehabilitation - Rauchfrei Telefon\",\"isPartOf\":{\"@id\":\"https:\/\/rauchfrei.at\/#website\"},\"datePublished\":\"2012-03-08T06:27:48+00:00\",\"dateModified\":\"2023-09-21T11:30:44+00:00\",\"breadcrumb\":{\"@id\":\"https:\/\/rauchfrei.at\/aufhoeren\/weitere-beratungsangebote-in-oe\/kur-und-rehabilitation\/#breadcrumb\"},\"inLanguage\":\"en-US\",\"potentialAction\":[{\"@type\":\"ReadAction\",\"target\":[\"https:\/\/rauchfrei.at\/aufhoeren\/weitere-beratungsangebote-in-oe\/kur-und-rehabilitation\/\"]}]},{\"@type\":\"BreadcrumbList\",\"@id\":\"https:\/\/rauchfrei.at\/aufhoeren\/weitere-beratungsangebote-in-oe\/kur-und-rehabilitation\/#breadcrumb\",\"itemListElement\":[{\"@type\":\"ListItem\",\"position\":1,\"name\":\"Aufh\u00f6ren\",\"item\":\"https:\/\/rauchfrei.at\/aufhoeren\/\"},{\"@type\":\"ListItem\",\"position\":2,\"name\":\"Beratungsangebote in \u00d6sterreich\",\"item\":\"https:\/\/rauchfrei.at\/aufhoeren\/weitere-beratungsangebote-in-oe\/\"},{\"@type\":\"ListItem\",\"position\":3,\"name\":\"Kur und Rehabilitation\"}]},{\"@type\":\"WebSite\",\"@id\":\"https:\/\/rauchfrei.at\/#website\",\"url\":\"https:\/\/rauchfrei.at\/\",\"name\":\"Rauchfrei Telefon\",\"description\":\"Eine \u00f6sterreichweite Initiative der Sozialversicherungen.\",\"potentialAction\":[{\"@type\":\"SearchAction\",\"target\":{\"@type\":\"EntryPoint\",\"urlTemplate\":\"https:\/\/rauchfrei.at\/?s={search_term_string}\"},\"query-input\":{\"@type\":\"PropertyValueSpecification\",\"valueRequired\":true,\"valueName\":\"search_term_string\"}}],\"inLanguage\":\"en-US\"}]}<\/script>\n<!-- \/ Yoast SEO plugin. -->","yoast_head_json":{"title":"Kur und Rehabilitation - Rauchfrei Telefon","robots":{"index":"index","follow":"follow","max-snippet":"max-snippet:-1","max-image-preview":"max-image-preview:large","max-video-preview":"max-video-preview:-1"},"canonical":"https:\/\/rauchfrei.at\/aufhoeren\/weitere-beratungsangebote-in-oe\/kur-und-rehabilitation\/","og_locale":"en_US","og_type":"article","og_title":"Kur und Rehabilitation - Rauchfrei Telefon","og_description":"Kur und Rehabilitation Nutzen Sie Ihren Aufenthalt zum Rauchstopp! Folgende Einrichtungen bieten im Rahmen eines Kur- oder Rehabilitationsaufenthalts Unterst\u00fctzung beim Rauchstopp an: Sonderkrankenanstalt Rehabilitationszentrum Weyer der PVAM\u00fchlein 23335 WeyerTel. 07355\/8651Email: Sonderkrankenanstalt WeyerHomepageMein Peterhof der \u00d6GKSauerhofstra\u00dfe 9 - 152500\u00a0Baden bei WienTel. 02252 481 77Email: Mein PeterhofHomepageEggenberger Stra\u00dfe\u00a078020 GrazTel.\u00a0050303\/84915Email: Zentrum f\u00fcr ambulante RehabilitationHomepageH\u00f6tzendorferstra\u00dfe 13340 Waidhofen an der [&hellip;]","og_url":"https:\/\/rauchfrei.at\/aufhoeren\/weitere-beratungsangebote-in-oe\/kur-und-rehabilitation\/","og_site_name":"Rauchfrei Telefon","article_modified_time":"2023-09-21T11:30:44+00:00","twitter_card":"summary_large_image","twitter_misc":{"Est. reading time":"3 minutes"},"schema":{"@context":"https:\/\/schema.org","@graph":[{"@type":"WebPage","@id":"https:\/\/rauchfrei.at\/aufhoeren\/weitere-beratungsangebote-in-oe\/kur-und-rehabilitation\/","url":"https:\/\/rauchfrei.at\/aufhoeren\/weitere-beratungsangebote-in-oe\/kur-und-rehabilitation\/","name":"Kur und Rehabilitation - Rauchfrei Telefon","isPartOf":{"@id":"https:\/\/rauchfrei.at\/#website"},"datePublished":"2012-03-08T06:27:48+00:00","dateModified":"2023-09-21T11:30:44+00:00","breadcrumb":{"@id":"https:\/\/rauchfrei.at\/aufhoeren\/weitere-beratungsangebote-in-oe\/kur-und-rehabilitation\/#breadcrumb"},"inLanguage":"en-US","potentialAction":[{"@type":"ReadAction","target":["https:\/\/rauchfrei.at\/aufhoeren\/weitere-beratungsangebote-in-oe\/kur-und-rehabilitation\/"]}]},{"@type":"BreadcrumbList","@id":"https:\/\/rauchfrei.at\/aufhoeren\/weitere-beratungsangebote-in-oe\/kur-und-rehabilitation\/#breadcrumb","itemListElement":[{"@type":"ListItem","position":1,"name":"Aufh\u00f6ren","item":"https:\/\/rauchfrei.at\/aufhoeren\/"},{"@type":"ListItem","position":2,"name":"Beratungsangebote in \u00d6sterreich","item":"https:\/\/rauchfrei.at\/aufhoeren\/weitere-beratungsangebote-in-oe\/"},{"@type":"ListItem","position":3,"name":"Kur und Rehabilitation"}]},{"@type":"WebSite","@id":"https:\/\/rauchfrei.at\/#website","url":"https:\/\/rauchfrei.at\/","name":"Rauchfrei Telefon","description":"Eine \u00f6sterreichweite Initiative der Sozialversicherungen.","potentialAction":[{"@type":"SearchAction","target":{"@type":"EntryPoint","urlTemplate":"https:\/\/rauchfrei.at\/?s={search_term_string}"},"query-input":{"@type":"PropertyValueSpecification","valueRequired":true,"valueName":"search_term_string"}}],"inLanguage":"en-US"}]}},"_links":{"self":[{"href":"https:\/\/rauchfrei.at\/en\/wp-json\/wp\/v2\/pages\/260","targetHints":{"allow":["GET"]}}],"collection":[{"href":"https:\/\/rauchfrei.at\/en\/wp-json\/wp\/v2\/pages"}],"about":[{"href":"https:\/\/rauchfrei.at\/en\/wp-json\/wp\/v2\/types\/page"}],"author":[{"embeddable":true,"href":"https:\/\/rauchfrei.at\/en\/wp-json\/wp\/v2\/users\/2"}],"replies":[{"embeddable":true,"href":"https:\/\/rauchfrei.at\/en\/wp-json\/wp\/v2\/comments?post=260"}],"version-history":[{"count":12,"href":"https:\/\/rauchfrei.at\/en\/wp-json\/wp\/v2\/pages\/260\/revisions"}],"predecessor-version":[{"id":27569,"href":"https:\/\/rauchfrei.at\/en\/wp-json\/wp\/v2\/pages\/260\/revisions\/27569"}],"up":[{"embeddable":true,"href":"https:\/\/rauchfrei.at\/en\/wp-json\/wp\/v2\/pages\/251"}],"wp:attachment":[{"href":"https:\/\/rauchfrei.at\/en\/wp-json\/wp\/v2\/media?parent=260"}],"curies":[{"name":"wp","href":"https:\/\/api.w.org\/{rel}","templated":true}]}}