
{"id":2628,"date":"2012-06-19T13:45:27","date_gmt":"2012-06-19T13:45:27","guid":{"rendered":"http:\/\/web362.itscserver.org\/wordpress\/?page_id=2628"},"modified":"2021-07-28T09:58:00","modified_gmt":"2021-07-28T07:58:00","slug":"passivrauchbelastung-bei-kindern","status":"publish","type":"page","link":"https:\/\/rauchfrei.at\/en\/passivrauchbelastung-bei-kindern\/","title":{"rendered":"Passivrauchbelastung bei Kindern"},"content":{"rendered":"<p>Rauchen in Anwesenheit von Kindern stellt f\u00fcr diese ein besonderes Gesundheitsrisiko dar, wie gesicherte wissenschaftliche Erkenntnisse \u00fcber die gesundheitliche Sch\u00e4digung durch Passivrauch zeigen konnten. Kinder reagieren empfindlicher auf Gifte, weil sich ihr K\u00f6rper noch in Entwicklung befindet.<\/p>\n<p>Babys, die Tabakrauch einatmen, sterben nachweislich \u00f6fter am &#8220;pl\u00f6tzlichen Kindstod&#8221; als Babys, die in einer rauchfreien Umgebung aufwachsen.<\/p>\n<p>Wenn Kinder mitrauchen, ist das Abwehrsystem des K\u00f6rpers geschw\u00e4cht. Deshalb sind sie insgesamt h\u00e4ufiger krank.<\/p>\n<p>Kinder, die Passivrauch ausgesetzt sind haben unter anderem ein erh\u00f6htes Risiko f\u00fcr:<\/p>\n<ul>\n<li>Atemwegsprobleme (Bronchitis, Lungenentz\u00fcndung)<\/li>\n<li>Asthma<\/li>\n<li>Mittelohrentz\u00fcndungen<\/li>\n<li>Schwindel, Bauch- &amp; Kopfschmerzen<\/li>\n<li>Konzentrationsst\u00f6rungen<\/li>\n<li>Kariesentwicklung<\/li>\n<\/ul>\n<p>Mehr dazu:<\/p>\n<ul>\n<li><a href=\"https:\/\/rauchfrei.at\/wp-content\/uploads\/darf-ich-schon-rauchen-folder1.pdf\" target=\"_blank\" rel=\"noopener\">&#8220;Darf ich schon rauchen?&#8221;<\/a> Infofolder \u00fcber die Gefahren des Passivrauchen bei Kindern (Kampagne &#8220;Rauchfrei-dabei&#8221; , Steiermark)<\/li>\n<li>&#8220;Daha \u015fimdiden sigara i\u00e7ebilir miyim?&#8221; Infomaterialien auf\u00a0<a href=\"https:\/\/rauchfrei.at\/wp-content\/uploads\/darf-ich-schon-rauchen-folder-tuerkisch.pdf\" target=\"_blank\" rel=\"noopener\">T\u00fcrkisch<\/a>, <a href=\"https:\/\/rauchfrei.at\/wp-content\/uploads\/darf-ich-schon-rauchen-folder-englisch.pdf\" target=\"_blank\" rel=\"noopener\">Englisch<\/a> und <a href=\"https:\/\/rauchfrei.at\/wp-content\/uploads\/darf-ich-schon-rauchen-folder-serbokroatisch.pdf\" target=\"_blank\" rel=\"noopener\">Bosnisch-Kroatisch-Serbisch<\/a><\/li>\n<li><a title=\"Passivrauchende Kinder in Deutschland - Fr\u00fche Sch\u00e4digung f\u00fcr ein ganzes Leben\" href=\"https:\/\/www.dkfz.de\/de\/tabakkontrolle\/download\/Publikationen\/RoteReihe\/Passivrauchen_Band2_4_Auflage.pdf\" target=\"_blank\" rel=\"noopener\">Passivrauchende Kinder in Deutschland &#8211; Fr\u00fche Sch\u00e4digungen f\u00fcr ein ganzes Leben<\/a> Link auf die Homepage der Bundeszentrale f\u00fcr gesundheitliche Aufkl\u00e4rung, Deutschland<\/li>\n<\/ul>\n","protected":false},"excerpt":{"rendered":"<p>Rauchen in Anwesenheit von Kindern stellt f\u00fcr diese ein besonderes Gesundheitsrisiko dar, wie gesicherte wissenschaftliche Erkenntnisse \u00fcber die gesundheitliche Sch\u00e4digung durch Passivrauch zeigen konnten. Kinder reagieren empfindlicher auf Gifte, weil sich ihr K\u00f6rper noch in Entwicklung befindet. Babys, die Tabakrauch einatmen, sterben nachweislich \u00f6fter am &#8220;pl\u00f6tzlichen Kindstod&#8221; als Babys, die in einer rauchfreien Umgebung aufwachsen. [&hellip;]<\/p>\n","protected":false},"author":7,"featured_media":0,"parent":0,"menu_order":0,"comment_status":"open","ping_status":"open","template":"","meta":{"_et_pb_use_builder":"","_et_pb_old_content":"","_et_gb_content_width":"","footnotes":""},"class_list":["post-2628","page","type-page","status-publish","hentry"],"yoast_head":"<!-- This site is optimized with the Yoast SEO plugin v26.2 - https:\/\/yoast.com\/wordpress\/plugins\/seo\/ -->\n<title>Passivrauchbelastung bei Kindern - Rauchfrei Telefon<\/title>\n<meta name=\"robots\" content=\"index, follow, max-snippet:-1, max-image-preview:large, max-video-preview:-1\" \/>\n<link rel=\"canonical\" href=\"https:\/\/rauchfrei.at\/passivrauchbelastung-bei-kindern\/\" \/>\n<meta property=\"og:locale\" content=\"en_US\" \/>\n<meta property=\"og:type\" content=\"article\" \/>\n<meta property=\"og:title\" content=\"Passivrauchbelastung bei Kindern - Rauchfrei Telefon\" \/>\n<meta property=\"og:description\" content=\"Rauchen in Anwesenheit von Kindern stellt f\u00fcr diese ein besonderes Gesundheitsrisiko dar, wie gesicherte wissenschaftliche Erkenntnisse \u00fcber die gesundheitliche Sch\u00e4digung durch Passivrauch zeigen konnten. Kinder reagieren empfindlicher auf Gifte, weil sich ihr K\u00f6rper noch in Entwicklung befindet. Babys, die Tabakrauch einatmen, sterben nachweislich \u00f6fter am &#8220;pl\u00f6tzlichen Kindstod&#8221; als Babys, die in einer rauchfreien Umgebung aufwachsen. [&hellip;]\" \/>\n<meta property=\"og:url\" content=\"https:\/\/rauchfrei.at\/passivrauchbelastung-bei-kindern\/\" \/>\n<meta property=\"og:site_name\" content=\"Rauchfrei Telefon\" \/>\n<meta property=\"article:modified_time\" content=\"2021-07-28T07:58:00+00:00\" \/>\n<meta name=\"twitter:card\" content=\"summary_large_image\" \/>\n<meta name=\"twitter:label1\" content=\"Est. reading time\" \/>\n\t<meta name=\"twitter:data1\" content=\"1 minute\" \/>\n<script type=\"application\/ld+json\" class=\"yoast-schema-graph\">{\"@context\":\"https:\/\/schema.org\",\"@graph\":[{\"@type\":\"WebPage\",\"@id\":\"https:\/\/rauchfrei.at\/passivrauchbelastung-bei-kindern\/\",\"url\":\"https:\/\/rauchfrei.at\/passivrauchbelastung-bei-kindern\/\",\"name\":\"Passivrauchbelastung bei Kindern - Rauchfrei Telefon\",\"isPartOf\":{\"@id\":\"https:\/\/rauchfrei.at\/#website\"},\"datePublished\":\"2012-06-19T13:45:27+00:00\",\"dateModified\":\"2021-07-28T07:58:00+00:00\",\"inLanguage\":\"en-US\",\"potentialAction\":[{\"@type\":\"ReadAction\",\"target\":[\"https:\/\/rauchfrei.at\/passivrauchbelastung-bei-kindern\/\"]}]},{\"@type\":\"WebSite\",\"@id\":\"https:\/\/rauchfrei.at\/#website\",\"url\":\"https:\/\/rauchfrei.at\/\",\"name\":\"Rauchfrei Telefon\",\"description\":\"Eine \u00f6sterreichweite Initiative der Sozialversicherungen.\",\"potentialAction\":[{\"@type\":\"SearchAction\",\"target\":{\"@type\":\"EntryPoint\",\"urlTemplate\":\"https:\/\/rauchfrei.at\/?s={search_term_string}\"},\"query-input\":{\"@type\":\"PropertyValueSpecification\",\"valueRequired\":true,\"valueName\":\"search_term_string\"}}],\"inLanguage\":\"en-US\"}]}<\/script>\n<!-- \/ Yoast SEO plugin. -->","yoast_head_json":{"title":"Passivrauchbelastung bei Kindern - Rauchfrei Telefon","robots":{"index":"index","follow":"follow","max-snippet":"max-snippet:-1","max-image-preview":"max-image-preview:large","max-video-preview":"max-video-preview:-1"},"canonical":"https:\/\/rauchfrei.at\/passivrauchbelastung-bei-kindern\/","og_locale":"en_US","og_type":"article","og_title":"Passivrauchbelastung bei Kindern - Rauchfrei Telefon","og_description":"Rauchen in Anwesenheit von Kindern stellt f\u00fcr diese ein besonderes Gesundheitsrisiko dar, wie gesicherte wissenschaftliche Erkenntnisse \u00fcber die gesundheitliche Sch\u00e4digung durch Passivrauch zeigen konnten. Kinder reagieren empfindlicher auf Gifte, weil sich ihr K\u00f6rper noch in Entwicklung befindet. Babys, die Tabakrauch einatmen, sterben nachweislich \u00f6fter am &#8220;pl\u00f6tzlichen Kindstod&#8221; als Babys, die in einer rauchfreien Umgebung aufwachsen. [&hellip;]","og_url":"https:\/\/rauchfrei.at\/passivrauchbelastung-bei-kindern\/","og_site_name":"Rauchfrei Telefon","article_modified_time":"2021-07-28T07:58:00+00:00","twitter_card":"summary_large_image","twitter_misc":{"Est. reading time":"1 minute"},"schema":{"@context":"https:\/\/schema.org","@graph":[{"@type":"WebPage","@id":"https:\/\/rauchfrei.at\/passivrauchbelastung-bei-kindern\/","url":"https:\/\/rauchfrei.at\/passivrauchbelastung-bei-kindern\/","name":"Passivrauchbelastung bei Kindern - Rauchfrei Telefon","isPartOf":{"@id":"https:\/\/rauchfrei.at\/#website"},"datePublished":"2012-06-19T13:45:27+00:00","dateModified":"2021-07-28T07:58:00+00:00","inLanguage":"en-US","potentialAction":[{"@type":"ReadAction","target":["https:\/\/rauchfrei.at\/passivrauchbelastung-bei-kindern\/"]}]},{"@type":"WebSite","@id":"https:\/\/rauchfrei.at\/#website","url":"https:\/\/rauchfrei.at\/","name":"Rauchfrei Telefon","description":"Eine \u00f6sterreichweite Initiative der Sozialversicherungen.","potentialAction":[{"@type":"SearchAction","target":{"@type":"EntryPoint","urlTemplate":"https:\/\/rauchfrei.at\/?s={search_term_string}"},"query-input":{"@type":"PropertyValueSpecification","valueRequired":true,"valueName":"search_term_string"}}],"inLanguage":"en-US"}]}},"_links":{"self":[{"href":"https:\/\/rauchfrei.at\/en\/wp-json\/wp\/v2\/pages\/2628","targetHints":{"allow":["GET"]}}],"collection":[{"href":"https:\/\/rauchfrei.at\/en\/wp-json\/wp\/v2\/pages"}],"about":[{"href":"https:\/\/rauchfrei.at\/en\/wp-json\/wp\/v2\/types\/page"}],"author":[{"embeddable":true,"href":"https:\/\/rauchfrei.at\/en\/wp-json\/wp\/v2\/users\/7"}],"replies":[{"embeddable":true,"href":"https:\/\/rauchfrei.at\/en\/wp-json\/wp\/v2\/comments?post=2628"}],"version-history":[{"count":11,"href":"https:\/\/rauchfrei.at\/en\/wp-json\/wp\/v2\/pages\/2628\/revisions"}],"predecessor-version":[{"id":21374,"href":"https:\/\/rauchfrei.at\/en\/wp-json\/wp\/v2\/pages\/2628\/revisions\/21374"}],"wp:attachment":[{"href":"https:\/\/rauchfrei.at\/en\/wp-json\/wp\/v2\/media?parent=2628"}],"curies":[{"name":"wp","href":"https:\/\/api.w.org\/{rel}","templated":true}]}}