
{"id":27,"date":"2012-02-25T12:32:15","date_gmt":"2012-02-25T12:32:15","guid":{"rendered":"http:\/\/web362.itscserver.org\/wordpress\/?page_id=27"},"modified":"2017-02-17T15:33:27","modified_gmt":"2017-02-17T13:33:27","slug":"atemwege","status":"publish","type":"page","link":"https:\/\/rauchfrei.at\/en\/fakten\/gesundheitliche-auswirkungen-des-rauchens\/atemwege\/","title":{"rendered":"COPD und Asthma"},"content":{"rendered":"<h2>\u00a0COPD &#8211; Chronisch obstruktive Lungenerkrankung<\/h2>\n<p>Zu den h\u00e4ufigsten Atemwegserkrankungen geh\u00f6ren chronische Bronchitis (Entz\u00fcndung und Verengung der Atemwege) und das Lungenemphysem (Schw\u00e4chung der Lungenstruktur). Sie sind in der Medizin unter dem Sammelbegriff COPD (Chronic Obstructive Pulmonary Disease, Chronisch obstruktive Lungenerkrankung)\u00a0bekannt und geh\u00f6ren weltweit zu den h\u00e4ufigsten Todesursachen.<\/p>\n<p>Die Abk\u00fcrzung COPD steht f\u00fcr<\/p>\n<ul>\n<li>C \u2013 chronisch (anhaltend, dauerhaft)<\/li>\n<li>O \u2013 obstruktiv (verengend)<\/li>\n<li>P \u2013 pulmonal (die Lunge\/Atemwege betreffend)<\/li>\n<li>D \u2013 disease (Erkrankung)<\/li>\n<\/ul>\n<p>[toggle Title=&#8221;Die vier Stadien der COPD&#8221;]<\/p>\n<h2><\/h2>\n<h3>Stadium 1 (leichte COPD)<\/h3>\n<p>Leichter Husten, Atemnot wird oft noch nicht bemerkt. Einschr\u00e4nkung der Lungenfunktion ist oft noch nicht bewusst.<\/p>\n<h3>Stadium 2 (mittelschwere COPD)<\/h3>\n<p>Husten, Auswurf, Kurzatmigkeit (v.a. bei Belastung). Ersch\u00f6pfungsgef\u00fchle. Die Lungenfunktion liegt bei nur 50-80% des Sollwertes.<\/p>\n<h3>Stadium 3 (schwere COPD)<\/h3>\n<p>Starke Kurzatmigkeit, verminderte Belastbarkeit, h\u00e4ufiger Husten, verst\u00e4rkter Auswurf und vermehrte Atemnot. Die Lungenfunktion ist sp\u00fcrbar eingeschr\u00e4nkt. Die Leistungsf\u00e4higkeit ist stark reduziert. Oft sind schon viele Lungenbl\u00e4schen zerst\u00f6rt.<\/p>\n<h3>Stadium 4 (sehr schwere COPD)<\/h3>\n<p>Die Lungenfunktion ist deutlich eingeschr\u00e4nkt. Es kommt zu einer gravierenden Verschlechterung der Kurzatmigkeit, Belastungsf\u00e4higkeit und damit verbunden zu einer stark eingeschr\u00e4nkten Lebensqualit\u00e4t und Leistungsf\u00e4higkeit.<\/p>\n<p>[\/toggle]<\/p>\n<p>Erste Symptome dieser Atemwegserkrankung sind<strong> Auswurf, Husten und Atemnot<\/strong> (AHA -Symptome). Ein \u201eRaucherhusten\u201c ist somit auch f\u00fcr Raucher\/innen keinesfalls \u201enormal\u201c, sondern ein ernst zu nehmendes Anzeichen f\u00fcr eine m\u00f6gliche Erkrankung.<\/p>\n<p>In Europa sterben j\u00e4hrlich etwa 200.000 bis 300.000 Menschen an COPD.<\/p>\n<p>In 90% der F\u00e4lle ist COPD auf die Folgen des Rauchens zur\u00fcckzuf\u00fchren. Die Symptome sind Kurzatmigkeit, Husten und Auswurf.<\/p>\n<p>Auch passivrauchende Menschen &#8211; insbesondere Kinder &#8211; k\u00f6nnen betroffen sein. Es k\u00f6nnen bei ihnen sowohl Atmungsschwierigkeiten als auch eine Schw\u00e4chung der Lungenstruktur auftreten, die zu COPD f\u00fchren k\u00f6nnen.<\/p>\n<p>Im <a title=\"Videos\" href=\"https:\/\/rauchfrei.at\/videos\/\" target=\"_blank\">Videochannel <\/a>h\u00f6ren Sie Betroffene und Expertinnen und Experten \u00fcber die Krankheit sprechen.<\/p>\n<h2><\/h2>\n<p><em>Wenn Sie sich genauer \u00fcber COPD informieren m\u00f6chten, k\u00f6nnen Sie beim Rauchfrei Telefon (0800 810 013) kostenfrei das Buch &#8220;Husten &#8211; Atemnot &#8211; COPD&#8221; von OA Dr. Syilvia Eva Hartl und Dr. Martina Netz aus einer Buchreihe des Haupttverbandes der \u00f6sterreichischen Sozialvericherungstr\u00e4ger f\u00fcr Patienten und Angeh\u00f6rige bestellen.<\/em><\/p>\n<h2><\/h2>\n<h2>Asthma<\/h2>\n<p>Asthma ist eine Erkrankung der Atemwege. Atemwegsinfekte, allergische Reaktionen, k\u00f6rperliche Anstrengung und Stress l\u00f6sen asthmatische Beschwerden aus.<\/p>\n<p>Rauchen und Passivrauchen erh\u00f6ht das Asthmarisiko und die Wahrscheinlichkeit eines Asthmaanfalls &#8211; insbesondere bei Kindern &#8211; erheblich.<\/p>\n<p>So besteht bei mehr als 70% der Menschen mit Asthma ein Zusammenhang mit dem Rauchen.<\/p>\n<p>&nbsp;<\/p>\n<p><strong>Mehr zum Thema:<\/strong><\/p>\n<p><a title=\"COPD-Folder\" href=\"https:\/\/rauchfrei.at\/wp-content\/uploads\/Folder_COPD_Rauchfrei.pdf\" target=\"_blank\">Informationsfolder COPD<\/a> &#8211; Der Krankheit hinter Atemnot und Raucherhusten<\/p>\n<p><a href=\"http:\/\/www.atmenstatthusten.at\/\">Atmen statt Husten <\/a>&#8211; Selbsttest, Apothekenliste mit Sauerstofftankstellen etc.<\/p>\n<p><a href=\"http:\/\/mehr-luft.at\/\">Mehr Luft<\/a>\u00a0&#8211; Tipps f\u00fcr den Alltag, COPD-Videos, Lungencoach<\/p>\n<p>&nbsp;<\/p>\n<h2><\/h2>\n<h2><\/h2>\n","protected":false},"excerpt":{"rendered":"<p>\u00a0COPD &#8211; Chronisch obstruktive Lungenerkrankung Zu den h\u00e4ufigsten Atemwegserkrankungen geh\u00f6ren chronische Bronchitis (Entz\u00fcndung und Verengung der Atemwege) und das Lungenemphysem (Schw\u00e4chung der Lungenstruktur). Sie sind in der Medizin unter dem Sammelbegriff COPD (Chronic Obstructive Pulmonary Disease, Chronisch obstruktive Lungenerkrankung)\u00a0bekannt und geh\u00f6ren weltweit zu den h\u00e4ufigsten Todesursachen. Die Abk\u00fcrzung COPD steht f\u00fcr C \u2013 chronisch (anhaltend, [&hellip;]<\/p>\n","protected":false},"author":1,"featured_media":0,"parent":25,"menu_order":0,"comment_status":"closed","ping_status":"open","template":"","meta":{"_et_pb_use_builder":"","_et_pb_old_content":"","_et_gb_content_width":"","footnotes":""},"class_list":["post-27","page","type-page","status-publish","hentry"],"yoast_head":"<!-- This site is optimized with the Yoast SEO plugin v26.2 - https:\/\/yoast.com\/wordpress\/plugins\/seo\/ -->\n<title>COPD und Asthma - Rauchfrei Telefon<\/title>\n<meta name=\"robots\" content=\"index, follow, max-snippet:-1, max-image-preview:large, max-video-preview:-1\" \/>\n<link rel=\"canonical\" href=\"https:\/\/rauchfrei.at\/fakten\/gesundheitliche-auswirkungen-des-rauchens\/atemwege\/\" \/>\n<meta property=\"og:locale\" content=\"en_US\" \/>\n<meta property=\"og:type\" content=\"article\" \/>\n<meta property=\"og:title\" content=\"COPD und Asthma - Rauchfrei Telefon\" \/>\n<meta property=\"og:description\" content=\"\u00a0COPD &#8211; Chronisch obstruktive Lungenerkrankung Zu den h\u00e4ufigsten Atemwegserkrankungen geh\u00f6ren chronische Bronchitis (Entz\u00fcndung und Verengung der Atemwege) und das Lungenemphysem (Schw\u00e4chung der Lungenstruktur). Sie sind in der Medizin unter dem Sammelbegriff COPD (Chronic Obstructive Pulmonary Disease, Chronisch obstruktive Lungenerkrankung)\u00a0bekannt und geh\u00f6ren weltweit zu den h\u00e4ufigsten Todesursachen. Die Abk\u00fcrzung COPD steht f\u00fcr C \u2013 chronisch (anhaltend, [&hellip;]\" \/>\n<meta property=\"og:url\" content=\"https:\/\/rauchfrei.at\/fakten\/gesundheitliche-auswirkungen-des-rauchens\/atemwege\/\" \/>\n<meta property=\"og:site_name\" content=\"Rauchfrei Telefon\" \/>\n<meta property=\"article:modified_time\" content=\"2017-02-17T13:33:27+00:00\" \/>\n<meta name=\"twitter:card\" content=\"summary_large_image\" \/>\n<meta name=\"twitter:label1\" content=\"Est. reading time\" \/>\n\t<meta name=\"twitter:data1\" content=\"2 minutes\" \/>\n<script type=\"application\/ld+json\" class=\"yoast-schema-graph\">{\"@context\":\"https:\/\/schema.org\",\"@graph\":[{\"@type\":\"WebPage\",\"@id\":\"https:\/\/rauchfrei.at\/fakten\/gesundheitliche-auswirkungen-des-rauchens\/atemwege\/\",\"url\":\"https:\/\/rauchfrei.at\/fakten\/gesundheitliche-auswirkungen-des-rauchens\/atemwege\/\",\"name\":\"COPD und Asthma - Rauchfrei Telefon\",\"isPartOf\":{\"@id\":\"https:\/\/rauchfrei.at\/#website\"},\"datePublished\":\"2012-02-25T12:32:15+00:00\",\"dateModified\":\"2017-02-17T13:33:27+00:00\",\"breadcrumb\":{\"@id\":\"https:\/\/rauchfrei.at\/fakten\/gesundheitliche-auswirkungen-des-rauchens\/atemwege\/#breadcrumb\"},\"inLanguage\":\"en-US\",\"potentialAction\":[{\"@type\":\"ReadAction\",\"target\":[\"https:\/\/rauchfrei.at\/fakten\/gesundheitliche-auswirkungen-des-rauchens\/atemwege\/\"]}]},{\"@type\":\"BreadcrumbList\",\"@id\":\"https:\/\/rauchfrei.at\/fakten\/gesundheitliche-auswirkungen-des-rauchens\/atemwege\/#breadcrumb\",\"itemListElement\":[{\"@type\":\"ListItem\",\"position\":1,\"name\":\"Fakten\",\"item\":\"https:\/\/rauchfrei.at\/fakten\/\"},{\"@type\":\"ListItem\",\"position\":2,\"name\":\"Gesundheitliche Auswirkungen des Rauchens\",\"item\":\"https:\/\/rauchfrei.at\/fakten\/gesundheitliche-auswirkungen-des-rauchens\/\"},{\"@type\":\"ListItem\",\"position\":3,\"name\":\"COPD und Asthma\"}]},{\"@type\":\"WebSite\",\"@id\":\"https:\/\/rauchfrei.at\/#website\",\"url\":\"https:\/\/rauchfrei.at\/\",\"name\":\"Rauchfrei Telefon\",\"description\":\"Eine \u00f6sterreichweite Initiative der Sozialversicherungen.\",\"potentialAction\":[{\"@type\":\"SearchAction\",\"target\":{\"@type\":\"EntryPoint\",\"urlTemplate\":\"https:\/\/rauchfrei.at\/?s={search_term_string}\"},\"query-input\":{\"@type\":\"PropertyValueSpecification\",\"valueRequired\":true,\"valueName\":\"search_term_string\"}}],\"inLanguage\":\"en-US\"}]}<\/script>\n<!-- \/ Yoast SEO plugin. -->","yoast_head_json":{"title":"COPD und Asthma - Rauchfrei Telefon","robots":{"index":"index","follow":"follow","max-snippet":"max-snippet:-1","max-image-preview":"max-image-preview:large","max-video-preview":"max-video-preview:-1"},"canonical":"https:\/\/rauchfrei.at\/fakten\/gesundheitliche-auswirkungen-des-rauchens\/atemwege\/","og_locale":"en_US","og_type":"article","og_title":"COPD und Asthma - Rauchfrei Telefon","og_description":"\u00a0COPD &#8211; Chronisch obstruktive Lungenerkrankung Zu den h\u00e4ufigsten Atemwegserkrankungen geh\u00f6ren chronische Bronchitis (Entz\u00fcndung und Verengung der Atemwege) und das Lungenemphysem (Schw\u00e4chung der Lungenstruktur). Sie sind in der Medizin unter dem Sammelbegriff COPD (Chronic Obstructive Pulmonary Disease, Chronisch obstruktive Lungenerkrankung)\u00a0bekannt und geh\u00f6ren weltweit zu den h\u00e4ufigsten Todesursachen. Die Abk\u00fcrzung COPD steht f\u00fcr C \u2013 chronisch (anhaltend, [&hellip;]","og_url":"https:\/\/rauchfrei.at\/fakten\/gesundheitliche-auswirkungen-des-rauchens\/atemwege\/","og_site_name":"Rauchfrei Telefon","article_modified_time":"2017-02-17T13:33:27+00:00","twitter_card":"summary_large_image","twitter_misc":{"Est. reading time":"2 minutes"},"schema":{"@context":"https:\/\/schema.org","@graph":[{"@type":"WebPage","@id":"https:\/\/rauchfrei.at\/fakten\/gesundheitliche-auswirkungen-des-rauchens\/atemwege\/","url":"https:\/\/rauchfrei.at\/fakten\/gesundheitliche-auswirkungen-des-rauchens\/atemwege\/","name":"COPD und Asthma - Rauchfrei Telefon","isPartOf":{"@id":"https:\/\/rauchfrei.at\/#website"},"datePublished":"2012-02-25T12:32:15+00:00","dateModified":"2017-02-17T13:33:27+00:00","breadcrumb":{"@id":"https:\/\/rauchfrei.at\/fakten\/gesundheitliche-auswirkungen-des-rauchens\/atemwege\/#breadcrumb"},"inLanguage":"en-US","potentialAction":[{"@type":"ReadAction","target":["https:\/\/rauchfrei.at\/fakten\/gesundheitliche-auswirkungen-des-rauchens\/atemwege\/"]}]},{"@type":"BreadcrumbList","@id":"https:\/\/rauchfrei.at\/fakten\/gesundheitliche-auswirkungen-des-rauchens\/atemwege\/#breadcrumb","itemListElement":[{"@type":"ListItem","position":1,"name":"Fakten","item":"https:\/\/rauchfrei.at\/fakten\/"},{"@type":"ListItem","position":2,"name":"Gesundheitliche Auswirkungen des Rauchens","item":"https:\/\/rauchfrei.at\/fakten\/gesundheitliche-auswirkungen-des-rauchens\/"},{"@type":"ListItem","position":3,"name":"COPD und Asthma"}]},{"@type":"WebSite","@id":"https:\/\/rauchfrei.at\/#website","url":"https:\/\/rauchfrei.at\/","name":"Rauchfrei Telefon","description":"Eine \u00f6sterreichweite Initiative der Sozialversicherungen.","potentialAction":[{"@type":"SearchAction","target":{"@type":"EntryPoint","urlTemplate":"https:\/\/rauchfrei.at\/?s={search_term_string}"},"query-input":{"@type":"PropertyValueSpecification","valueRequired":true,"valueName":"search_term_string"}}],"inLanguage":"en-US"}]}},"_links":{"self":[{"href":"https:\/\/rauchfrei.at\/en\/wp-json\/wp\/v2\/pages\/27","targetHints":{"allow":["GET"]}}],"collection":[{"href":"https:\/\/rauchfrei.at\/en\/wp-json\/wp\/v2\/pages"}],"about":[{"href":"https:\/\/rauchfrei.at\/en\/wp-json\/wp\/v2\/types\/page"}],"author":[{"embeddable":true,"href":"https:\/\/rauchfrei.at\/en\/wp-json\/wp\/v2\/users\/1"}],"replies":[{"embeddable":true,"href":"https:\/\/rauchfrei.at\/en\/wp-json\/wp\/v2\/comments?post=27"}],"version-history":[{"count":5,"href":"https:\/\/rauchfrei.at\/en\/wp-json\/wp\/v2\/pages\/27\/revisions"}],"predecessor-version":[{"id":9013,"href":"https:\/\/rauchfrei.at\/en\/wp-json\/wp\/v2\/pages\/27\/revisions\/9013"}],"up":[{"embeddable":true,"href":"https:\/\/rauchfrei.at\/en\/wp-json\/wp\/v2\/pages\/25"}],"wp:attachment":[{"href":"https:\/\/rauchfrei.at\/en\/wp-json\/wp\/v2\/media?parent=27"}],"curies":[{"name":"wp","href":"https:\/\/api.w.org\/{rel}","templated":true}]}}