
{"id":338,"date":"2012-03-10T08:14:05","date_gmt":"2012-03-10T08:14:05","guid":{"rendered":"http:\/\/web362.itscserver.org\/wordpress\/?page_id=338"},"modified":"2025-11-21T10:20:11","modified_gmt":"2025-11-21T08:20:11","slug":"presse","status":"publish","type":"page","link":"https:\/\/rauchfrei.at\/en\/presse\/","title":{"rendered":"Presse"},"content":{"rendered":"<p>[et_pb_section fb_built=&#8221;1&#8243; custom_padding_last_edited=&#8221;off|&#8221; module_class=&#8221;header&#8221; _builder_version=&#8221;4.16&#8243; background_color=&#8221;#67BAD3&#8243; custom_margin=&#8221;||0px|&#8221; custom_padding=&#8221;100px||10px|&#8221; global_colors_info=&#8221;{}&#8221;][et_pb_row _builder_version=&#8221;4.16&#8243; custom_margin=&#8221;||0px|&#8221; custom_padding=&#8221;||0px|&#8221; global_colors_info=&#8221;{}&#8221;][et_pb_column type=&#8221;4_4&#8243; _builder_version=&#8221;4.16&#8243; custom_padding=&#8221;||0px|&#8221; global_colors_info=&#8221;{}&#8221; custom_padding__hover=&#8221;|||&#8221;][et_pb_text admin_label=&#8221;Blue Background Header&#8221; _builder_version=&#8221;4.27.4&#8243; custom_margin=&#8221;||0px|&#8221; custom_padding=&#8221;||0px|&#8221; global_colors_info=&#8221;{}&#8221;]<\/p>\n<h1>Presse<\/h1>\n<p>[\/et_pb_text][\/et_pb_column][\/et_pb_row][\/et_pb_section][et_pb_section fb_built=&#8221;1&#8243; _builder_version=&#8221;4.16&#8243; global_colors_info=&#8221;{}&#8221;][et_pb_row column_structure=&#8221;2_3,1_3&#8243; _builder_version=&#8221;4.16&#8243; background_size=&#8221;initial&#8221; background_position=&#8221;top_left&#8221; background_repeat=&#8221;repeat&#8221; global_colors_info=&#8221;{}&#8221;][et_pb_column type=&#8221;2_3&#8243; _builder_version=&#8221;4.16&#8243; custom_padding=&#8221;|||&#8221; global_colors_info=&#8221;{}&#8221; custom_padding__hover=&#8221;|||&#8221;][et_pb_text _builder_version=&#8221;4.27.4&#8243; hover_enabled=&#8221;0&#8243; global_colors_info=&#8221;{}&#8221; sticky_enabled=&#8221;0&#8243;]<\/p>\n<p>Das Thema &#8220;Rauchen&#8221; kann aus sehr unterschiedlichen Sichtweisen betrachtet werden. Es kommen in der der Diskussion zum Thema viele Aspekte zusammen. Die gesundheitlichen und biologischen Fakten, Fragen der Entw\u00f6hnung aber auch gesellschafts- und gesundheitspolitische Aspekte.<\/p>\n<p>Sie recherchieren zum Thema Tabak und Nikotin, Tabakentw\u00f6hnung, Pr\u00e4vention oder Tabakkontrolle und ben\u00f6tigen Hintergrundinformationen, weiterf\u00fchrende Literatur oder Praxisberichte?<\/p>\n<p><strong>Wir unterst\u00fctzen Sie gerne sachlich und fundiert bei Ihrer wichtigen und wertvollen Arbeit!\u00a0<\/strong><\/p>\n<h5>F\u00fcr Presse- und Interviewanfragen bzw. Terminvereinbarungen kontaktieren Sie bitte:<\/h5>\n<h4>Mag. Alexandra Beroggio<\/h4>\n<p>Fachliche Leitung des Rauchfrei Telefons<\/p>\n<p>\u00d6sterreichische Gesundheitskasse<br \/>Kremser Landstra\u00dfe 3<br \/>3100\u00a0St. P\u00f6lten<br \/>Telefon: 050 766-126220<br \/>Mobil: 0664 9678233<br \/>Mail: <a href=\"mailto:alexandra.beroggio@oegk.at\">alexandra.beroggio@oegk.at<\/a><\/p>\n<h4>Mag. Sabine Mlcoch<\/h4>\n<p>Pressesprecherin<\/p>\n<p>\u00d6sterreichische Gesundheitskasse<br \/>Mail:\u00a0<a href=\"mailto:presse@oegk.at\">presse@oegk.at<\/a><\/p>\n<h5>Hier k\u00f6nnen Sie das Logo des Rauchfrei Telefons downloaden:<\/h5>\n<p>Gerne k\u00f6nnen Sie unser Logo f\u00fcr Texte und Berichte in Verbindung mit dem Rauchfrei Telefon verwenden. Gerne stellen wir dar\u00fcber hinaus weiteres Bildmaterial auf Anfrage zur Verf\u00fcgung.<\/p>\n<p><a href=\"https:\/\/rauchfrei.at\/wp-content\/uploads\/logo_rauchFrei_telefon_end_mitDomain_RGB.jpg\">LOGO zum Download<\/a><\/p>\n<p>&nbsp;<\/p>\n<p>&nbsp;<\/p>\n<p>&nbsp;<\/p>\n<p>&nbsp;<\/p>\n<p>[\/et_pb_text][\/et_pb_column][et_pb_column type=&#8221;1_3&#8243; _builder_version=&#8221;4.16&#8243; custom_padding=&#8221;|||&#8221; global_colors_info=&#8221;{}&#8221; custom_padding__hover=&#8221;|||&#8221;][et_pb_dp_dmb_module_10080 link_text=&#8221;Zu den Publikationen&#8221; link_url=&#8221;https:\/\/rauchfrei.at\/ueber-uns\/publikationen\/&#8221; admin_label=&#8221;Publikationen&#8221; _builder_version=&#8221;4.27.4&#8243; _module_preset=&#8221;default&#8221; global_colors_info=&#8221;{}&#8221;]<\/p>\n<p>Publikationen und Jahresberichte des Rauchfrei Telefons<\/p>\n<p>[\/et_pb_dp_dmb_module_10080][et_pb_dp_dmb_module_10085 link_text=&#8221;Zu unserem Blog&#8221; link_url=&#8221;https:\/\/rauchfrei.at\/blog\/&#8221; admin_label=&#8221;Blogwidget&#8221; _builder_version=&#8221;4.27.4&#8243; _module_preset=&#8221;default&#8221; global_colors_info=&#8221;{}&#8221;]<\/p>\n<h2>Wir informieren Sie,..<\/h2>\n<p>[\/et_pb_dp_dmb_module_10085][\/et_pb_column][\/et_pb_row][\/et_pb_section]<\/p>\n","protected":false},"excerpt":{"rendered":"<p>PresseDas Thema &#8220;Rauchen&#8221; kann aus sehr unterschiedlichen Sichtweisen betrachtet werden. Es kommen in der der Diskussion zum Thema viele Aspekte zusammen. Die gesundheitlichen und biologischen Fakten, Fragen der Entw\u00f6hnung aber auch gesellschafts- und gesundheitspolitische Aspekte. Sie recherchieren zum Thema Tabak und Nikotin, Tabakentw\u00f6hnung, Pr\u00e4vention oder Tabakkontrolle und ben\u00f6tigen Hintergrundinformationen, weiterf\u00fchrende Literatur oder Praxisberichte? Wir unterst\u00fctzen [&hellip;]<\/p>\n","protected":false},"author":2,"featured_media":0,"parent":0,"menu_order":0,"comment_status":"closed","ping_status":"open","template":"","meta":{"_et_pb_use_builder":"on","_et_pb_old_content":"<p>Sie m\u00f6chten zum Thema Tabak und Nikotin berichten und suchen nach Hintergrundinformationen, Fallbeispielen oder Praxisberichten?<\/p><p><strong>Wir unterst\u00fctzen Sie gerne bei Ihrer wichtigen und wertvollen Arbeit!<\/strong><\/p><p>\u00a0<\/p><h1><strong>Presseunterlagen zur Pressekonferenz vom 27. Mai 2014:<\/strong><\/h1><p><a href=\"https:\/\/rauchfrei.at\/wp-content\/uploads\/2014_WNRT_Pressemappe.pdf\">Pressemappe Weltnichtrauchertag 2014<\/a><br \/><a href=\"https:\/\/rauchfrei.at\/wp-content\/uploads\/Postkarte_Ankuendigung_Rauchfrei_Telefon.pdf\">Postkarte Rauchfrei Telefon<\/a><\/p><p><strong>Die Rauchfrei App:<br \/><\/strong><a href=\"https:\/\/rauchfrei.at\/wp-content\/uploads\/14_WNRT_Pressetext_APP.docx\">Pressetext zur APP<\/a><br \/><a href=\"https:\/\/rauchfrei.at\/wp-content\/uploads\/Flyer_Rauchfrei_App.pdf\">Flyer zur APP<\/a><\/p><p>Pressebilder:<\/p>[caption id=\"attachment_5811\" align=\"alignnone\" width=\"225\"]<a href=\"https:\/\/rauchfrei.at\/wp-content\/uploads\/Rauchfrei_APP_Ladescreen_Pressebild.jpg\"><img class=\"size-medium wp-image-5811\" src=\"https:\/\/rauchfrei.at\/wp-content\/uploads\/Rauchfrei_APP_Ladescreen_Pressebild-225x423.jpg\" alt=\"Ladescreen\" width=\"225\" height=\"423\" \/><\/a> Ladescreen[\/caption]<p><a href=\"https:\/\/rauchfrei.at\/wp-content\/uploads\/Rauchfrei_APP_Intro.jpg\"><img class=\"alignnone size-medium wp-image-5813\" src=\"https:\/\/rauchfrei.at\/wp-content\/uploads\/Rauchfrei_APP_Intro-225x398.jpg\" alt=\"Rauchfrei_APP_Intro\" width=\"225\" height=\"398\" \/><\/a>\u00a0\u00a0\u00a0\u00a0<a href=\"https:\/\/rauchfrei.at\/wp-content\/uploads\/Rauchfrei_APP_Auswahl.jpg\"><img class=\"alignnone size-medium wp-image-5814\" src=\"https:\/\/rauchfrei.at\/wp-content\/uploads\/Rauchfrei_APP_Auswahl-225x398.jpg\" alt=\"Rauchfrei_APP_Auswahl\" width=\"225\" height=\"398\" \/><\/a><a href=\"https:\/\/rauchfrei.at\/wp-content\/uploads\/Rauchfrei_APP_Vorbereitungs_Homescreen1.jpg\"><img class=\"alignnone size-medium wp-image-5816\" src=\"https:\/\/rauchfrei.at\/wp-content\/uploads\/Rauchfrei_APP_Vorbereitungs_Homescreen1-225x399.jpg\" alt=\"Rauchfrei_APP_Vorbereitungs_Homescreen\" width=\"225\" height=\"399\" \/>\u00a0<\/a> \u00a0\u00a0<a href=\"https:\/\/rauchfrei.at\/wp-content\/uploads\/Rauchfrei_App_Rauchfrei-Homescreen.jpg\"><img class=\"alignnone size-medium wp-image-5815\" src=\"https:\/\/rauchfrei.at\/wp-content\/uploads\/Rauchfrei_App_Rauchfrei-Homescreen-225x399.jpg\" alt=\"Rauchfrei_App_Rauchfrei Homescreen\" width=\"225\" height=\"399\" \/><\/a>\u00a0\u00a0<a href=\"https:\/\/rauchfrei.at\/wp-content\/uploads\/Rauchfrei_App_mehr_Vorbereitung.jpg\"><img class=\"alignnone size-medium wp-image-5817\" src=\"https:\/\/rauchfrei.at\/wp-content\/uploads\/Rauchfrei_App_mehr_Vorbereitung-225x400.jpg\" alt=\"Rauchfrei_App_mehr_Vorbereitung\" width=\"225\" height=\"400\" \/><\/a><\/p><p>\u00a0<\/p><p>\u00a0<\/p>","_et_gb_content_width":"","footnotes":""},"class_list":["post-338","page","type-page","status-publish","hentry"],"yoast_head":"<!-- This site is optimized with the Yoast SEO plugin v26.2 - https:\/\/yoast.com\/wordpress\/plugins\/seo\/ -->\n<title>Presse - Rauchfrei Telefon<\/title>\n<meta name=\"robots\" content=\"index, follow, max-snippet:-1, max-image-preview:large, max-video-preview:-1\" \/>\n<link rel=\"canonical\" href=\"https:\/\/rauchfrei.at\/presse\/\" \/>\n<meta property=\"og:locale\" content=\"en_US\" \/>\n<meta property=\"og:type\" content=\"article\" \/>\n<meta property=\"og:title\" content=\"Presse - Rauchfrei Telefon\" \/>\n<meta property=\"og:description\" content=\"PresseDas Thema &quot;Rauchen&quot; kann aus sehr unterschiedlichen Sichtweisen betrachtet werden. Es kommen in der der Diskussion zum Thema viele Aspekte zusammen. Die gesundheitlichen und biologischen Fakten, Fragen der Entw\u00f6hnung aber auch gesellschafts- und gesundheitspolitische Aspekte. Sie recherchieren zum Thema Tabak und Nikotin, Tabakentw\u00f6hnung, Pr\u00e4vention oder Tabakkontrolle und ben\u00f6tigen Hintergrundinformationen, weiterf\u00fchrende Literatur oder Praxisberichte? Wir unterst\u00fctzen [&hellip;]\" \/>\n<meta property=\"og:url\" content=\"https:\/\/rauchfrei.at\/presse\/\" \/>\n<meta property=\"og:site_name\" content=\"Rauchfrei Telefon\" \/>\n<meta property=\"article:modified_time\" content=\"2025-11-21T08:20:11+00:00\" \/>\n<meta name=\"twitter:card\" content=\"summary_large_image\" \/>\n<meta name=\"twitter:label1\" content=\"Est. reading time\" \/>\n\t<meta name=\"twitter:data1\" content=\"1 minute\" \/>\n<script type=\"application\/ld+json\" class=\"yoast-schema-graph\">{\"@context\":\"https:\/\/schema.org\",\"@graph\":[{\"@type\":\"WebPage\",\"@id\":\"https:\/\/rauchfrei.at\/presse\/\",\"url\":\"https:\/\/rauchfrei.at\/presse\/\",\"name\":\"Presse - Rauchfrei Telefon\",\"isPartOf\":{\"@id\":\"https:\/\/rauchfrei.at\/#website\"},\"datePublished\":\"2012-03-10T08:14:05+00:00\",\"dateModified\":\"2025-11-21T08:20:11+00:00\",\"inLanguage\":\"en-US\",\"potentialAction\":[{\"@type\":\"ReadAction\",\"target\":[\"https:\/\/rauchfrei.at\/presse\/\"]}]},{\"@type\":\"WebSite\",\"@id\":\"https:\/\/rauchfrei.at\/#website\",\"url\":\"https:\/\/rauchfrei.at\/\",\"name\":\"Rauchfrei Telefon\",\"description\":\"Eine \u00f6sterreichweite Initiative der Sozialversicherungen.\",\"potentialAction\":[{\"@type\":\"SearchAction\",\"target\":{\"@type\":\"EntryPoint\",\"urlTemplate\":\"https:\/\/rauchfrei.at\/?s={search_term_string}\"},\"query-input\":{\"@type\":\"PropertyValueSpecification\",\"valueRequired\":true,\"valueName\":\"search_term_string\"}}],\"inLanguage\":\"en-US\"}]}<\/script>\n<!-- \/ Yoast SEO plugin. -->","yoast_head_json":{"title":"Presse - Rauchfrei Telefon","robots":{"index":"index","follow":"follow","max-snippet":"max-snippet:-1","max-image-preview":"max-image-preview:large","max-video-preview":"max-video-preview:-1"},"canonical":"https:\/\/rauchfrei.at\/presse\/","og_locale":"en_US","og_type":"article","og_title":"Presse - Rauchfrei Telefon","og_description":"PresseDas Thema \"Rauchen\" kann aus sehr unterschiedlichen Sichtweisen betrachtet werden. Es kommen in der der Diskussion zum Thema viele Aspekte zusammen. Die gesundheitlichen und biologischen Fakten, Fragen der Entw\u00f6hnung aber auch gesellschafts- und gesundheitspolitische Aspekte. Sie recherchieren zum Thema Tabak und Nikotin, Tabakentw\u00f6hnung, Pr\u00e4vention oder Tabakkontrolle und ben\u00f6tigen Hintergrundinformationen, weiterf\u00fchrende Literatur oder Praxisberichte? Wir unterst\u00fctzen [&hellip;]","og_url":"https:\/\/rauchfrei.at\/presse\/","og_site_name":"Rauchfrei Telefon","article_modified_time":"2025-11-21T08:20:11+00:00","twitter_card":"summary_large_image","twitter_misc":{"Est. reading time":"1 minute"},"schema":{"@context":"https:\/\/schema.org","@graph":[{"@type":"WebPage","@id":"https:\/\/rauchfrei.at\/presse\/","url":"https:\/\/rauchfrei.at\/presse\/","name":"Presse - Rauchfrei Telefon","isPartOf":{"@id":"https:\/\/rauchfrei.at\/#website"},"datePublished":"2012-03-10T08:14:05+00:00","dateModified":"2025-11-21T08:20:11+00:00","inLanguage":"en-US","potentialAction":[{"@type":"ReadAction","target":["https:\/\/rauchfrei.at\/presse\/"]}]},{"@type":"WebSite","@id":"https:\/\/rauchfrei.at\/#website","url":"https:\/\/rauchfrei.at\/","name":"Rauchfrei Telefon","description":"Eine \u00f6sterreichweite Initiative der Sozialversicherungen.","potentialAction":[{"@type":"SearchAction","target":{"@type":"EntryPoint","urlTemplate":"https:\/\/rauchfrei.at\/?s={search_term_string}"},"query-input":{"@type":"PropertyValueSpecification","valueRequired":true,"valueName":"search_term_string"}}],"inLanguage":"en-US"}]}},"_links":{"self":[{"href":"https:\/\/rauchfrei.at\/en\/wp-json\/wp\/v2\/pages\/338","targetHints":{"allow":["GET"]}}],"collection":[{"href":"https:\/\/rauchfrei.at\/en\/wp-json\/wp\/v2\/pages"}],"about":[{"href":"https:\/\/rauchfrei.at\/en\/wp-json\/wp\/v2\/types\/page"}],"author":[{"embeddable":true,"href":"https:\/\/rauchfrei.at\/en\/wp-json\/wp\/v2\/users\/2"}],"replies":[{"embeddable":true,"href":"https:\/\/rauchfrei.at\/en\/wp-json\/wp\/v2\/comments?post=338"}],"version-history":[{"count":18,"href":"https:\/\/rauchfrei.at\/en\/wp-json\/wp\/v2\/pages\/338\/revisions"}],"predecessor-version":[{"id":32389,"href":"https:\/\/rauchfrei.at\/en\/wp-json\/wp\/v2\/pages\/338\/revisions\/32389"}],"wp:attachment":[{"href":"https:\/\/rauchfrei.at\/en\/wp-json\/wp\/v2\/media?parent=338"}],"curies":[{"name":"wp","href":"https:\/\/api.w.org\/{rel}","templated":true}]}}