
{"id":359,"date":"2012-03-10T08:21:04","date_gmt":"2012-03-10T08:21:04","guid":{"rendered":"http:\/\/web362.itscserver.org\/wordpress\/?page_id=359"},"modified":"2026-03-27T19:14:54","modified_gmt":"2026-03-27T17:14:54","slug":"publikationen","status":"publish","type":"page","link":"https:\/\/rauchfrei.at\/en\/ueber-uns\/publikationen\/","title":{"rendered":"Publikationen"},"content":{"rendered":"<p>[et_pb_section fb_built=&#8221;1&#8243; custom_padding_last_edited=&#8221;off|&#8221; module_class=&#8221;header&#8221; _builder_version=&#8221;4.16&#8243; background_color=&#8221;#67BAD3&#8243; custom_margin=&#8221;||0px|&#8221; custom_padding=&#8221;100px||10px|&#8221; global_colors_info=&#8221;{}&#8221;][et_pb_row _builder_version=&#8221;4.16&#8243; custom_margin=&#8221;||0px|&#8221; custom_padding=&#8221;||0px|&#8221; global_colors_info=&#8221;{}&#8221;][et_pb_column type=&#8221;4_4&#8243; _builder_version=&#8221;4.16&#8243; custom_padding=&#8221;||0px|&#8221; global_colors_info=&#8221;{}&#8221; custom_padding__hover=&#8221;|||&#8221;][et_pb_text admin_label=&#8221;Blue Background Header&#8221; _builder_version=&#8221;4.16&#8243; custom_margin=&#8221;||0px|&#8221; custom_padding=&#8221;||0px|&#8221; global_colors_info=&#8221;{}&#8221;]<\/p>\n<h1>Publikationen<\/h1>\n<h2>Publikationen und Jahresberichte<\/h2>\n<h2>des Rauchfrei Telefons<\/h2>\n<p>[\/et_pb_text][\/et_pb_column][\/et_pb_row][\/et_pb_section][et_pb_section fb_built=&#8221;1&#8243; _builder_version=&#8221;4.16&#8243; global_colors_info=&#8221;{}&#8221;][et_pb_row column_structure=&#8221;1_2,1_2&#8243; _builder_version=&#8221;4.16&#8243; global_colors_info=&#8221;{}&#8221;][et_pb_column type=&#8221;1_2&#8243; _builder_version=&#8221;4.16&#8243; custom_padding=&#8221;|||&#8221; global_colors_info=&#8221;{}&#8221; custom_padding__hover=&#8221;|||&#8221;][et_pb_text admin_label=&#8221;Publikationen&#8221; _builder_version=&#8221;4.23.1&#8243; global_colors_info=&#8221;{}&#8221;]<\/p>\n<h2><span class=\"et-fb-editable-element et-fb-editable-element__editing\" data-shortcode-id=\"1.0.0.0-1589533404385\" contenteditable=\"true\">Publikationen<\/span><\/h2>\n<p>[\/et_pb_text][\/et_pb_column][et_pb_column type=&#8221;1_2&#8243; _builder_version=&#8221;4.16&#8243; custom_padding=&#8221;|||&#8221; global_colors_info=&#8221;{}&#8221; custom_padding__hover=&#8221;|||&#8221;][et_pb_text admin_label=&#8221;Jahresberichte&#8221; _builder_version=&#8221;4.27.4&#8243; global_colors_info=&#8221;{}&#8221;]<\/p>\n<h2>Jahresberichte<\/h2>\n<p>[\/et_pb_text][\/et_pb_column][\/et_pb_row][et_pb_row column_structure=&#8221;1_2,1_4,1_4&#8243; _builder_version=&#8221;4.16&#8243; global_colors_info=&#8221;{}&#8221;][et_pb_column type=&#8221;1_2&#8243; _builder_version=&#8221;4.16&#8243; custom_padding=&#8221;|||&#8221; global_colors_info=&#8221;{}&#8221; custom_padding__hover=&#8221;|||&#8221;][et_pb_text _builder_version=&#8221;4.23.1&#8243; z_index_tablet=&#8221;500&#8243; global_colors_info=&#8221;{}&#8221;]<\/p>\n<div class=\"page\" title=\"Page 1\">\n<div class=\"layoutArea\">\n<div class=\"column\">\n<p><span><a href='https:\/\/rauchfrei.at\/wp-content\/uploads\/TABAK_PocketCard_A4-offen_2-Auflage-2024_04-1.pdf' class='small-button smallblue'>Leitfaden zur Tabak- und Nikotinentwo\u0308hnung der O\u0308sterreichische Gesellschaft fu\u0308r Pneumologie (O\u0308GP)<\/a><br \/><\/span>Erstellt von Martin Riesenhuber sowie Vertreter*innen der Expert*innen\u00ad gruppe Pneumologische Rehabilitation und Rauchertherapie (Kurt Aigner, Manfred Neuberger, Gabriele Reiger, Karin Vonbank, Ralf Harun Zwick) sowie Sophie Meingassner und Nikolaus Riesenhuber), 2. Auflage 2024<\/p>\n<\/div>\n<\/div>\n<\/div>\n<p>&nbsp;<\/p>\n<a href='https:\/\/rauchfrei.at\/wp-content\/uploads\/2023_02_jatros_Drei-Schritte-die-wirken.pdf' class='small-button smallblue'>Nikotinentw\u00f6hnung &#8211; drei Schritte die wirken!<\/a>\n<div class=\"page\" title=\"Page 1\">\n<div class=\"layoutArea\">\n<div class=\"column\">\n<div class=\"page\" title=\"Page 1\">\n<div class=\"layoutArea\">\n<div class=\"column\"><\/div>\n<\/div>\n<\/div>\n<p>Sophie Meingassner<\/p>\n<\/div>\n<\/div>\n<\/div>\n<p><em>Jatros, Pneumologie und HNO, 2\/2023, S. 48-49<\/em><\/p>\n<a href='https:\/\/rauchfrei.at\/wp-content\/uploads\/Rauchstopp-und-R\u00fcckfallprophylaxe-der-Ausstieg-aus-der-Nikotinabh\u00e4ngigkeit.pdf' class='small-button smallblue'>Rauchstopp und R\u00fcckfallprophylaxe &#8211; der Ausstieg aus der Nikotinabh\u00e4ngigkeit<\/a>\n<p>Sophie Meingassner<br \/><em>Jatros, Pneumologie und HNO, 2\/2019, S. 20\u201323<\/em><\/p>\n<a href='' class='small-button smallblue'>Das Rauchfrei Ticket \u2013 die einfache Anmeldung zur Tabakentw\u00f6hnung<\/a>\n<p>Sophie Meingassner<br \/><em>Jatros, Pneumologie und HNO, 4\/2017, S. 12\u201314<\/em><\/p>\n<a href='https:\/\/rauchfrei.at\/wp-content\/uploads\/2016_05_Beitrag_SoSi_Rauchfrei-.pdf' class='small-button smallblue'>Zehn Jahre Rauchfrei Telefon<\/a>\n<p>Sophie Meingassner<br \/><em>Soziale Sicherheit 5\/2016<\/em><\/p>\n<a href='https:\/\/rauchfrei.at\/wp-content\/uploads\/2015_urologik_meingassner_EmpfehlungZumRauchstopp.pdf' class='small-button smallblue' target=\"_blank\">Empfehlung zum Rauchstopp<\/a>\n<p>Sophie Meingassner<br \/><em>Urologik 1\/2015<\/em><\/p>\n<a href='https:\/\/rauchfrei.at\/wp-content\/uploads\/Drei-Minuten-f\u00fcr-die-Rauchabstinenz_Urologie.pdf' class='small-button smallblue' target=\"_blank\">Drei Minuten f\u00fcr die Rauchabstinenz<\/a>\n<p>Sophie Meingassner<br \/><em>\u00c4rzteWoche Urologie<\/em><\/p>\n<a href='https:\/\/rauchfrei.at\/wp-content\/uploads\/2014_DAM_BeroggioStulik_Rauchverhalten-von-Frauen.pdf' class='small-button smallblue' target=\"_blank\">Rauchverhalten von Frauen<\/a>\n<p>Melanie Stulik\u00a0&amp; Alexandra Beroggio<br \/><em>DAM 8\/2014<\/em><\/p>\n<a href='https:\/\/rauchfrei.at\/wp-content\/uploads\/2014_bero_stul_geschlechtsspezFaktorenTabakabh_jatros.pdf' class='small-button smallblue' target=\"_blank\">Geschlechtsspezifische Faktoren der Tabakabh\u00e4ngigkeit<\/a>\n<p>Alexandra Beroggio &amp; Melanie Stulik<br \/><em>Pulmologie und HNO. 2\/2014<\/em><\/p>\n<a href='https:\/\/rauchfrei.at\/wp-content\/uploads\/Die-Rauchfrei-App-Tabakentw\u00f6hnung-in-der-Hosentasche.pdf' class='small-button smallblue' target=\"_blank\">Die Rauchfrei App \u2013 Tabakentw\u00f6hnung in der Hosentasche<\/a>\n<p>Sophie Meingassner &amp; Nina Hesse<br \/><em>Soziale Sicherheit, 9\/2014, 281-283<\/em><\/p>\n<a href='https:\/\/rauchfrei.at\/wp-content\/uploads\/rauchertelefone-als-methode-der-tabakentwoehnung.pdf' class='small-button smallblue' target=\"_blank\">Rauchertelefone als Methode der Tabakentw\u00f6hnung<\/a>\n<p>Ulrike Haberl<br \/><em>Jatros. Das Fachmedium f\u00fcr Atemwegserkrankungen. Jahrgang 10. Juni 2012<\/em><\/p>\n<a href='https:\/\/rauchfrei.at\/wp-content\/uploads\/rauchen-sie-warum-der-zahnarzt-den-rauchstopp-empfehlen-sollte.pdf' class='small-button smallblue' target=\"_blank\">Rauchen Sie? Warum der Zahnarzt den Rauchstopp empfehlen sollte<\/a>\n<p>Alexandra Beroggio &amp; Ulrike Haberl<br \/><em>ZahnArzt. Dezember 2011<\/em><\/p>\n<a href='https:\/\/rauchfrei.at\/wp-content\/uploads\/rauchertelefon-aktuelle-entwicklungen-und-effektive-kurzberatung-zum-rauchstopp.pdf' class='small-button smallblue' target=\"_blank\">Rauchertelefon \u2013 Aktuelle Entwicklungen und effektive Kurzberatung zum Rauchstopp<\/a>\n<p>Melanie Stulik<br \/><em>Atemw.-Lungenkrankheit, Jahrgang 37, 2011<\/em><\/p>\n<a href='https:\/\/rauchfrei.at\/wp-content\/uploads\/rauchstopp-per-telefon.pdf' class='small-button smallblue' target=\"_blank\">Rauchstopp per Telefon<\/a>\n<p>Ulrike Haberl<br \/><em>Dental Tribune. Austrian Edition. 14. Mai 2010<\/em><\/p>\n<a href='https:\/\/rauchfrei.at\/wp-content\/uploads\/metaphern-und-bilder-in-der-psychologischen-behandlung-der-tabakabhaengigkeit.pdf' class='small-button smallblue' target=\"_blank\">Metaphern und Bilder in der psychologischen Behandlung der Tabakabh\u00e4ngigkeit<\/a>\n<p>Melanie Stulik &amp; Nina Heumayer<br \/><em>Psychologie in \u00d6sterreich 2&amp;3. 2010<\/em><\/p>\n<a href='https:\/\/rauchfrei.at\/wp-content\/uploads\/2009_Atemw-Lungenkrkh_tabakentw\u00f6hnung-mit-dem-\u00f6sterreichweiten-RT.pdf' class='small-button smallblue' target=\"_blank\">Tabakentw\u00f6hnung in Kooperation mit dem \u00f6sterreichweiten Rauchertelefon<\/a>\n<p>Alexandra M. Stummer, Ulrike Stadlhofer und Sophie Meingassner<br \/><em>Atemw.-Lungenkrankheit, Jahrgang 35, 2009<\/em><\/p>\n<a href='https:\/\/rauchfrei.at\/wp-content\/uploads\/beratung-und-psychosoziale-behandlung-der-nikotinentwoehnung.pdf' class='small-button smallblue' target=\"_blank\">Beratung und psychosoziale Behandlung der Nikotinentw\u00f6hnung<\/a>\n<p>Sophie Meingassner<br \/><em>\u00d6GAM-News. \u00c4rzte Krone 21\/09<\/em><\/p>\n<a href='https:\/\/rauchfrei.at\/wp-content\/uploads\/psychologische-strategien-in-der-behandlung-der-tabakabhaengigkeit.pdf' class='small-button smallblue' target=\"_blank\">Psychologische Strategien in der Behandlung der Tabakabh\u00e4ngigkeit<\/a>\n<p>Sophie Meingasser &amp; Alexandra M. Stummer<br \/><em>Psychologie in \u00d6sterreich 3&amp;4. 2008<\/em><\/p>\n<p>[\/et_pb_text][\/et_pb_column][et_pb_column type=&#8221;1_4&#8243; _builder_version=&#8221;4.16&#8243; custom_padding=&#8221;|||&#8221; global_colors_info=&#8221;{}&#8221; custom_padding__hover=&#8221;|||&#8221;][et_pb_text admin_label=&#8221;JB 2025&#8243; _builder_version=&#8221;4.27.4&#8243; link_option_url=&#8221;https:\/\/rauchfrei.at\/wp-content\/uploads\/rTel_jahresbericht-1.pdf&#8221; hover_enabled=&#8221;0&#8243; global_colors_info=&#8221;{}&#8221; sticky_enabled=&#8221;0&#8243;]<\/p>\n<p><a title=\"https:\/\/rauchfrei.at\/wp-content\/uploads\/rTel_jahresbericht.pdf\" href=\"https:\/\/rauchfrei.at\/wp-content\/uploads\/rTel_jahresbericht-1.pdf\" target=\"_blank\" rel=\"noopener\"><img loading=\"lazy\" decoding=\"async\" class=\"\" src=\"https:\/\/rauchfrei.at\/wp-content\/uploads\/Jahresbericht-2025_Coverbild.png\" width=\"244\" height=\"172\" \/><\/a><\/p>\n<a href='https:\/\/rauchfrei.at\/wp-content\/uploads\/rTel_jahresbericht-1.pdf' class='small-button smallblue' target=\"_blank\">Jahresbericht 2025<\/a>\n<p>[\/et_pb_text][et_pb_text admin_label=&#8221;JB 2023&#8243; _builder_version=&#8221;4.27.4&#8243; link_option_url=&#8221;bericht&#8211;faltblatt_resized.fuer_webiste_pdf&#8221; global_colors_info=&#8221;{}&#8221;]<\/p>\n<p><a href=\"https:\/\/rauchfrei.at\/wp-content\/uploads\/2023_Jahresbericht_Rauchfrei-Telefon_Web.pdf\" target=\"_blank\" rel=\"noopener\" title=\"https:\/\/rauchfrei.at\/wp-content\/uploads\/2023_Jahresbericht_Rauchfrei-Telefon_Web.pdf\"><img loading=\"lazy\" decoding=\"async\" src=\"https:\/\/rauchfrei.at\/wp-content\/uploads\/Jahresbericht-Cover-2023-225x160.png\" alt=\"\" class=\"wp-image-29394 alignnone size-medium\" width=\"225\" height=\"160\" \/><\/a><\/p>\n<a href='https:\/\/rauchfrei.at\/wp-content\/uploads\/2023_Jahresbericht_Rauchfrei-Telefon_Web.pdf' class='small-button smallblue' target=\"_blank\">Jahresbericht 2023<\/a>\n<p>[\/et_pb_text][et_pb_text admin_label=&#8221;JB 2021&#8243; _builder_version=&#8221;4.23.1&#8243; link_option_url=&#8221;bericht&#8211;faltblatt_resized.fuer_webiste_pdf&#8221; global_colors_info=&#8221;{}&#8221;]<\/p>\n<p><a href=\"https:\/\/rauchfrei.at\/wp-content\/uploads\/rTel_jahresbericht-faltblatt_resized.fuer_webiste_pdf-2.pdf\" title=\"rTel_jahresbericht--faltblatt_resized.fuer_webiste_pdf\"><img loading=\"lazy\" decoding=\"async\" src=\"https:\/\/rauchfrei.at\/wp-content\/uploads\/Titelseite-Jahresbericht-2021-225x159.jpg\" alt=\"\" class=\"wp-image-23718 alignnone size-medium\" width=\"225\" height=\"159\" \/><\/a><a href=\"https:\/\/rauchfrei.at\/rtel_jahresbericht-faltblatt_resized-fuer_webiste_pdf-2\/\" rel=\"attachment wp-att-23724\"><\/a><\/p>\n<a href='https:\/\/rauchfrei.at\/wp-content\/uploads\/rTel_jahresbericht-faltblatt_resized.fuer_webiste_pdf-2.pdf' class='small-button smallblue' target=\"_blank\">Jahresbericht 2021<\/a>\n<p>[\/et_pb_text][et_pb_text admin_label=&#8221;JB 2019&#8243; _builder_version=&#8221;4.17.1&#8243; global_colors_info=&#8221;{}&#8221;]<\/p>\n<p>&nbsp;<\/p>\n<p><img loading=\"lazy\" decoding=\"async\" class=\"wp-image-18832 alignnone size-full\" src=\"https:\/\/rauchfrei.at\/wp-content\/uploads\/Jahresbericht-2019.png\" alt=\"\" width=\"1403\" height=\"993\" srcset=\"https:\/\/rauchfrei.at\/wp-content\/uploads\/Jahresbericht-2019.png 1403w, https:\/\/rauchfrei.at\/wp-content\/uploads\/Jahresbericht-2019-1280x906.png 1280w, https:\/\/rauchfrei.at\/wp-content\/uploads\/Jahresbericht-2019-980x694.png 980w, https:\/\/rauchfrei.at\/wp-content\/uploads\/Jahresbericht-2019-480x340.png 480w\" sizes=\"(min-width: 0px) and (max-width: 480px) 480px, (min-width: 481px) and (max-width: 980px) 980px, (min-width: 981px) and (max-width: 1280px) 1280px, (min-width: 1281px) 1403px, 100vw\" \/><\/p>\n<a href='https:\/\/rauchfrei.at\/wp-content\/uploads\/Faltblatt_Jahresbericht_final_Webversion.pdf' class='small-button smallblue' target=\"_blank\">Jahresbericht 2019<\/a>\n<p>[\/et_pb_text][et_pb_text admin_label=&#8221;JB 2017&#8243; _builder_version=&#8221;4.16&#8243; global_colors_info=&#8221;{}&#8221;]<\/p>\n<p><img loading=\"lazy\" decoding=\"async\" class=\"size-medium alignnone\" src=\"https:\/\/rauchfrei.at\/wp-content\/uploads\/2017-1.jpg\" alt=\"\" width=\"1406\" height=\"994\" \/><\/p>\n<a href='https:\/\/rauchfrei.at\/wp-content\/uploads\/rTel_faltblatt_mitPoster_06022018.pdf' class='small-button smallblue' target=\"_blank\">Jahresbericht 2017<\/a>\n<p>[\/et_pb_text][et_pb_text admin_label=&#8221;JB 2015&#8243; _builder_version=&#8221;4.16&#8243; global_colors_info=&#8221;{}&#8221;]<\/p>\n<p><img loading=\"lazy\" decoding=\"async\" class=\"size-medium alignnone\" src=\"https:\/\/rauchfrei.at\/wp-content\/uploads\/2015.jpg\" alt=\"\" width=\"1399\" height=\"989\" \/><\/p>\n<a href='https:\/\/rauchfrei.at\/wp-content\/uploads\/2015_Jahresbericht_RFT.pdf' class='small-button smallblue' target=\"_blank\">Jahresbericht 2015<\/a>\n<p>[\/et_pb_text][et_pb_text admin_label=&#8221;JB 2013&#8243; _builder_version=&#8221;4.16&#8243; global_colors_info=&#8221;{}&#8221;]<\/p>\n<p><img decoding=\"async\" src=\"https:\/\/rauchfrei.at\/wp-content\/uploads\/2013.jpg\" \/><\/p>\n<a href='https:\/\/rauchfrei.at\/wp-content\/uploads\/Jahresbericht_2013_klein_ohne-Poster.pdf' class='small-button smallblue' target=\"_blank\">Jahresbericht 2013<\/a>\n<p>[\/et_pb_text][et_pb_text admin_label=&#8221;JB 2011&#8243; _builder_version=&#8221;4.16&#8243; global_colors_info=&#8221;{}&#8221;]<\/p>\n<p><img decoding=\"async\" src=\"https:\/\/rauchfrei.at\/wp-content\/uploads\/2011.jpg\" \/><\/p>\n<a href='https:\/\/rauchfrei.at\/wp-content\/uploads\/Jahresbericht-2011.pdf' class='small-button smallblue' target=\"_blank\">Jahresbericht 2011<\/a>\n<p>[\/et_pb_text][et_pb_text admin_label=&#8221;10 Jahre&#8221; _builder_version=&#8221;4.16&#8243; global_colors_info=&#8221;{}&#8221;]<\/p>\n<p><img loading=\"lazy\" decoding=\"async\" class=\"size-medium alignnone\" src=\"https:\/\/rauchfrei.at\/wp-content\/uploads\/10.jpg\" alt=\"\" width=\"710\" height=\"637\" \/><\/p>\n<a href='https:\/\/rauchfrei.at\/wp-content\/uploads\/10_Jahresbericht.pdf' class='small-button smallblue' target=\"_blank\">10 Jahre Rauchfrei-Telefon<\/a>\n<p>[\/et_pb_text][\/et_pb_column][et_pb_column type=&#8221;1_4&#8243; _builder_version=&#8221;4.16&#8243; custom_padding=&#8221;|||&#8221; global_colors_info=&#8221;{}&#8221; custom_padding__hover=&#8221;|||&#8221;][et_pb_text admin_label=&#8221;JB 2024&#8243; _builder_version=&#8221;4.27.4&#8243; link_option_url=&#8221;bericht&#8211;faltblatt_resized.fuer_webiste_pdf&#8221; global_colors_info=&#8221;{}&#8221;]<\/p>\n<p><a title=\"https:\/\/rauchfrei.at\/wp-content\/uploads\/rTel_jahresbericht.pdf\" href=\"https:\/\/rauchfrei.at\/wp-content\/uploads\/rTel_jahresbericht.pdf\" target=\"_blank\" rel=\"noopener\"><img loading=\"lazy\" decoding=\"async\" class=\"wp-image-30739 alignnone size-medium\" src=\"https:\/\/rauchfrei.at\/wp-content\/uploads\/Screenshot-2025-05-23-113508-225x158.png\" alt=\"\" width=\"225\" height=\"158\" \/><\/a><\/p>\n<a href='https:\/\/rauchfrei.at\/wp-content\/uploads\/rTel_jahresbericht.pdf' class='small-button smallblue' target=\"_blank\">Jahresbericht 2024<\/a>\n<p>[\/et_pb_text][et_pb_text admin_label=&#8221;JB 2022&#8243; _builder_version=&#8221;4.20.4&#8243; link_option_url=&#8221;bericht&#8211;faltblatt_resized.fuer_webiste_pdf&#8221; global_colors_info=&#8221;{}&#8221;]<\/p>\n<p><a href=\"https:\/\/rauchfrei.at\/wp-content\/uploads\/2022_Jahresbericht-RFT-web.pdf\" target=\"_blank\" rel=\"noopener\"><img loading=\"lazy\" decoding=\"async\" src=\"https:\/\/rauchfrei.at\/wp-content\/uploads\/Jahresbericht-2022-225x160.png\" alt=\"\" class=\"wp-image-26944 alignnone size-medium\" width=\"225\" height=\"160\" \/><\/a><\/p>\n<a href='https:\/\/rauchfrei.at\/wp-content\/uploads\/2022_Jahresbericht-RFT-web.pdf' class='small-button smallblue' target=\"_blank\">Jahresbericht 2022<\/a>\n<p>[\/et_pb_text][et_pb_text admin_label=&#8221;JB 2020&#8243; _builder_version=&#8221;4.17.1&#8243; global_colors_info=&#8221;{}&#8221;]<\/p>\n<p>&nbsp;<\/p>\n<p><img loading=\"lazy\" decoding=\"async\" src=\"https:\/\/rauchfrei.at\/wp-content\/uploads\/jahresbericht-2020-225x160.png\" alt=\"\" class=\"wp-image-20684 alignnone size-medium\" width=\"225\" height=\"160\" \/><\/p>\n<a href='https:\/\/rauchfrei.at\/wp-content\/uploads\/2020_Jahresbericht_Rauchfrei_Telefon_web.pdf' class='small-button smallblue' target=\"_blank\">Jahresbericht 2020<\/a>\n<p>[\/et_pb_text][et_pb_text admin_label=&#8221;JB 2018&#8243; _builder_version=&#8221;4.16&#8243; global_colors_info=&#8221;{}&#8221;]<\/p>\n<p><img loading=\"lazy\" decoding=\"async\" class=\"size-medium alignnone\" src=\"https:\/\/rauchfrei.at\/wp-content\/uploads\/2018-1.jpg\" alt=\"\" width=\"1461\" height=\"1037\" \/><\/p>\n<a href='https:\/\/rauchfrei.at\/wp-content\/uploads\/2018_Faltblatt_webVersion.pdf' class='small-button smallblue' target=\"_blank\">Jahresbericht 2018<\/a>\n<p>[\/et_pb_text][et_pb_text admin_label=&#8221;JB 2016&#8243; _builder_version=&#8221;4.16&#8243; global_colors_info=&#8221;{}&#8221;]<\/p>\n<p><img loading=\"lazy\" decoding=\"async\" class=\"size-medium alignnone\" src=\"https:\/\/rauchfrei.at\/wp-content\/uploads\/2016.jpg\" alt=\"\" width=\"1400\" height=\"990\" \/><\/p>\n<a href='https:\/\/rauchfrei.at\/wp-content\/uploads\/2016_Jahresbericht_small.pdf' class='small-button smallblue' target=\"_blank\">Jahresbericht 2016<\/a>\n<p>[\/et_pb_text][et_pb_text admin_label=&#8221;JB 2014&#8243; _builder_version=&#8221;4.16&#8243; global_colors_info=&#8221;{}&#8221;]<\/p>\n<p><img loading=\"lazy\" decoding=\"async\" class=\"size-medium alignnone\" src=\"https:\/\/rauchfrei.at\/wp-content\/uploads\/2014.jpg\" alt=\"\" width=\"1398\" height=\"992\" \/><\/p>\n<a href='https:\/\/rauchfrei.at\/wp-content\/uploads\/Jahresbericht_Endversion.pdf' class='small-button smallblue' target=\"_blank\">Jahresbericht 2014<\/a>\n<p>[\/et_pb_text][et_pb_text admin_label=&#8221;JB 2012&#8243; _builder_version=&#8221;4.16&#8243; global_colors_info=&#8221;{}&#8221;]<\/p>\n<p><img decoding=\"async\" src=\"https:\/\/rauchfrei.at\/wp-content\/uploads\/2012.jpg\" \/><\/p>\n<a href='https:\/\/rauchfrei.at\/wp-content\/uploads\/Jahresbericht-2012-.pdf' class='small-button smallblue' target=\"_blank\">Jahresbericht 2012<\/a>\n<p>[\/et_pb_text][\/et_pb_column][\/et_pb_row][\/et_pb_section]<\/p>\n","protected":false},"excerpt":{"rendered":"<p>Publikationen Publikationen und Jahresberichte des Rauchfrei TelefonsPublikationenJahresberichte <a href='https:\/\/rauchfrei.at\/wp-content\/uploads\/TABAK_PocketCard_A4-offen_2-Auflage-2024_04-1.pdf' class='small-button smallblue'>Leitfaden zur Tabak- und Nikotinentwo\u0308hnung der O\u0308sterreichische Gesellschaft fu\u0308r Pneumologie (O\u0308GP)<\/a>Erstellt von Martin Riesenhuber sowie Vertreter*innen der Expert*innen\u00ad gruppe Pneumologische Rehabilitation und Rauchertherapie (Kurt Aigner, Manfred Neuberger, Gabriele Reiger, Karin Vonbank, Ralf Harun Zwick) sowie Sophie Meingassner und Nikolaus Riesenhuber), 2. Auflage 2024 &nbsp; <a href='https:\/\/rauchfrei.at\/wp-content\/uploads\/2023_02_jatros_Drei-Schritte-die-wirken.pdf' class='small-button smallblue'><\/a> [&hellip;]<\/p>\n","protected":false},"author":2,"featured_media":0,"parent":334,"menu_order":0,"comment_status":"closed","ping_status":"open","template":"","meta":{"_et_pb_use_builder":"on","_et_pb_old_content":"<h2>Jahresberichte<\/h2><p><a title=\"Bericht 10 Jahre Rauchfrei Telefon\" href=\"https:\/\/rauchfrei.at\/wp-content\/uploads\/10_Jahresbericht.pdf\" target=\"_blank\" rel=\"noopener\">10 Jahre Rauchfrei Telefon (2006-2016)<\/a><\/p><p><a href=\"https:\/\/rauchfrei.at\/wp-content\/uploads\/2016_Jahresbericht_small.pdf\" target=\"_blank\" rel=\"noopener\">Jahresbericht 2016<\/a><a href=\"https:\/\/rauchfrei.at\/wp-content\/uploads\/2015_Jahresbericht_RFT.pdf\"><br \/>Jahresbericht 2015<\/a><br \/><a href=\"https:\/\/rauchfrei.at\/wp-content\/uploads\/Jahresbericht_Endversion.pdf\">Jahresbericht 2014<\/a><br \/><a href=\"https:\/\/rauchfrei.at\/wp-content\/uploads\/Jahresbericht_2013_klein_ohne-Poster.pdf\" target=\"_blank\" rel=\"noopener\">Jahresbericht 2013<\/a><br \/><a title=\"Jahresbericht 2012\" href=\"https:\/\/rauchfrei.at\/wp-content\/uploads\/Jahresbericht-2012-.pdf\" target=\"_blank\" rel=\"noopener\">Jahresbericht 2012<\/a><br \/><a href=\"\/wp-content\/uploads\/Jahresbericht-2011.pdf\" target=\"_blank\" rel=\"noopener\">Jahresbericht 2011<\/a><\/p><h2>Publikationen Rauchfrei Telefon<\/h2><p><a href=\"https:\/\/rauchfrei.at\/wp-content\/uploads\/2016_05_Beitrag_SoSi_Rauchfrei-.pdf\" target=\"_blank\" rel=\"noopener\">Zehn Jahre Rauchfrei Telefon<\/a><br \/>Soziale Sicherheit 5\/2016<\/p><p><a href=\"https:\/\/rauchfrei.at\/wp-content\/uploads\/2015_urologik_meingassner_EmpfehlungZumRauchstopp.pdf\" target=\"_blank\" rel=\"noopener\">Empfehlung zum Rauchstopp<\/a><br \/>Sophie Meingassner<br \/>Urologik 1\/2015<\/p><p><a href=\"https:\/\/rauchfrei.at\/wp-content\/uploads\/Teilseite_48aw27_.pdf\">Drei Minuten f\u00fcr die Rauchabstinenz 1<\/a> <a href=\"https:\/\/rauchfrei.at\/wp-content\/uploads\/Teilseite_48aw28_.pdf\">Drei Minuten f\u00fcr die Rauchabsinenz 2<\/a><br \/>Sophie Meingassner<br \/>\u00c4rzteWoche Urologie<\/p><p><a href=\"https:\/\/rauchfrei.at\/wp-content\/uploads\/2014_DAM_BeroggioStulik_Rauchverhalten-von-Frauen.pdf\" target=\"_blank\" rel=\"noopener\">Rauchverhalten von Frauen<\/a><br \/>Melanie Stulik\u00a0& Alexandra Beroggio<br \/>DAM 8\/2014<\/p><p><a href=\"https:\/\/rauchfrei.at\/wp-content\/uploads\/2014_bero_stul_geschlechtsspezFaktorenTabakabh_jatros.pdf\" target=\"_blank\" rel=\"noopener\">Geschlechtsspezifische Faktoren der Tabakabh\u00e4ngigkeit <\/a><br \/>Alexandra Beroggio & Melanie Stulik<br \/>Pulmologie und HNO. 2\/2014<\/p><p><a href=\"https:\/\/rauchfrei.at\/wp-content\/uploads\/rauchertelefone-als-methode-der-tabakentwoehnung.pdf\">Rauchertelefone als Methode der Tabakentw\u00f6hnung<\/a><br \/>Ulrike Haberl<br \/>Jatros. Das Fachmedium f\u00fcr Atemwegserkrankungen. Jahrgang 10. Juni 2012<\/p><p><a href=\"\/wp-content\/uploads\/rauchen-sie-warum-der-zahnarzt-den-rauchstopp-empfehlen-sollte.pdf\">Rauchen Sie? Warum der Zahnarzt den Rauchstopp empfehlen sollte<\/a><br \/>Alexandra Beroggio & Ulrike Haberl<br \/>ZahnArzt. Dezember 2011<\/p><p><a href=\"https:\/\/rauchfrei.at\/wp-content\/uploads\/rauchertelefon-aktuelle-entwicklungen-und-effektive-kurzberatung-zum-rauchstopp.pdf\">Rauchertelefon - Aktuelle Entwicklungen und effektive Kurzberatung zum Rauchstopp<\/a><a href=\"https:\/\/rauchfrei.at\/wp-content\/uploads\/rauchertelefon-aktuelle-entwicklungen-und-effektive-kurzberatung-zum-rauchstopp.pdf\"><br \/><\/a>Melanie Stulik<br \/>Atemw.-Lungenkrankheit, Jahrgang 37, 2011<\/p><p><a href=\"\/wp-content\/uploads\/rauchstopp-per-telefon.pdf\">Rauchstopp per Telefon<\/a><br \/>Ulrike Haberl<br \/>Dental Tribune. Austrian Edition. 14. Mai 2010<\/p><p><a href=\"\/wp-content\/uploads\/metaphern-und-bilder-in-der-psychologischen-behandlung-der-tabakabhaengigkeit.pdf\">Metaphern und Bilder in der psychologischen Behandlung der Tabakabh\u00e4ngigkeit<br \/><\/a>Melanie Stulik & Nina Heumayer<br \/>Psychologie in \u00d6sterreich 2&3. 2010<\/p><p><a href=\"https:\/\/rauchfrei.at\/wp-content\/uploads\/2009_Atemw-Lungenkrkh_tabakentw\u00f6hnung-mit-dem-\u00f6sterreichweiten-RT.pdf\">Tabakentw\u00f6hnung in Kooperation mit dem \u00f6sterreichweiten Rauchertelefon<\/a><a href=\"https:\/\/rauchfrei.at\/wp-content\/uploads\/2009_Atemw-Lungenkrkh_tabakentw\u00f6hnung-mit-dem-\u00f6sterreichweiten-RT.pdf\"><br \/><\/a>Alexandra M. Stummer, Ulrike Stadlhofer und Sophie Meingassner<br \/>Atemw.-Lungenkrankheit, Jahrgang 35, 2009<\/p><p><a href=\"\/wp-content\/uploads\/beratung-und-psychosoziale-behandlung-der-nikotinentwoehnung.pdf\">Beratung und psychosoziale Behandlung der Nikotinentw\u00f6hnung<br \/><\/a>Sophie Meingassner<br \/>\u00d6GAM-News. \u00c4rzte Krone 21\/09<\/p><p><a href=\"https:\/\/rauchfrei.at\/wp-content\/uploads\/psychologische-strategien-in-der-behandlung-der-tabakabhaengigkeit.pdf\">Psychologische Strategien in der Behandlung der Tabakabh\u00e4ngigkeit<\/a><br \/>Sophie Meingasser & Alexandra M. Stummer<br \/>Psychologie in \u00d6sterreich 3&4. 2008<\/p><p>\u00a0<\/p><p>\u00a0<\/p><p>\u00a0<\/p><p>\u00a0<\/p><p>\u00a0<\/p><p>\u00a0<\/p><p>\u00a0<\/p><p>\u00a0<\/p>","_et_gb_content_width":"","footnotes":""},"class_list":["post-359","page","type-page","status-publish","hentry"],"yoast_head":"<!-- This site is optimized with the Yoast SEO plugin v26.2 - https:\/\/yoast.com\/wordpress\/plugins\/seo\/ -->\n<title>Publikationen - Rauchfrei Telefon<\/title>\n<meta name=\"robots\" content=\"index, follow, max-snippet:-1, max-image-preview:large, max-video-preview:-1\" \/>\n<link rel=\"canonical\" href=\"https:\/\/rauchfrei.at\/ueber-uns\/publikationen\/\" \/>\n<meta property=\"og:locale\" content=\"en_US\" \/>\n<meta property=\"og:type\" content=\"article\" \/>\n<meta property=\"og:title\" content=\"Publikationen - Rauchfrei Telefon\" \/>\n<meta property=\"og:description\" content=\"Publikationen Publikationen und Jahresberichte des Rauchfrei TelefonsPublikationenJahresberichte Erstellt von Martin Riesenhuber sowie Vertreter*innen der Expert*innen\u00ad gruppe Pneumologische Rehabilitation und Rauchertherapie (Kurt Aigner, Manfred Neuberger, Gabriele Reiger, Karin Vonbank, Ralf Harun Zwick) sowie Sophie Meingassner und Nikolaus Riesenhuber), 2. Auflage 2024 &nbsp; [&hellip;]\" \/>\n<meta property=\"og:url\" content=\"https:\/\/rauchfrei.at\/ueber-uns\/publikationen\/\" \/>\n<meta property=\"og:site_name\" content=\"Rauchfrei Telefon\" \/>\n<meta property=\"article:modified_time\" content=\"2026-03-27T17:14:54+00:00\" \/>\n<meta property=\"og:image\" content=\"https:\/\/rauchfrei.at\/wp-content\/uploads\/Jahresbericht-2025_Coverbild.png\" \/>\n<meta name=\"twitter:card\" content=\"summary_large_image\" \/>\n<meta name=\"twitter:label1\" content=\"Est. reading time\" \/>\n\t<meta name=\"twitter:data1\" content=\"5 minutes\" \/>\n<script type=\"application\/ld+json\" class=\"yoast-schema-graph\">{\"@context\":\"https:\/\/schema.org\",\"@graph\":[{\"@type\":\"WebPage\",\"@id\":\"https:\/\/rauchfrei.at\/ueber-uns\/publikationen\/\",\"url\":\"https:\/\/rauchfrei.at\/ueber-uns\/publikationen\/\",\"name\":\"Publikationen - Rauchfrei Telefon\",\"isPartOf\":{\"@id\":\"https:\/\/rauchfrei.at\/#website\"},\"primaryImageOfPage\":{\"@id\":\"https:\/\/rauchfrei.at\/ueber-uns\/publikationen\/#primaryimage\"},\"image\":{\"@id\":\"https:\/\/rauchfrei.at\/ueber-uns\/publikationen\/#primaryimage\"},\"thumbnailUrl\":\"https:\/\/rauchfrei.at\/wp-content\/uploads\/Jahresbericht-2025_Coverbild.png\",\"datePublished\":\"2012-03-10T08:21:04+00:00\",\"dateModified\":\"2026-03-27T17:14:54+00:00\",\"breadcrumb\":{\"@id\":\"https:\/\/rauchfrei.at\/ueber-uns\/publikationen\/#breadcrumb\"},\"inLanguage\":\"en-US\",\"potentialAction\":[{\"@type\":\"ReadAction\",\"target\":[\"https:\/\/rauchfrei.at\/ueber-uns\/publikationen\/\"]}]},{\"@type\":\"ImageObject\",\"inLanguage\":\"en-US\",\"@id\":\"https:\/\/rauchfrei.at\/ueber-uns\/publikationen\/#primaryimage\",\"url\":\"https:\/\/rauchfrei.at\/wp-content\/uploads\/Jahresbericht-2025_Coverbild.png\",\"contentUrl\":\"https:\/\/rauchfrei.at\/wp-content\/uploads\/Jahresbericht-2025_Coverbild.png\"},{\"@type\":\"BreadcrumbList\",\"@id\":\"https:\/\/rauchfrei.at\/ueber-uns\/publikationen\/#breadcrumb\",\"itemListElement\":[{\"@type\":\"ListItem\",\"position\":1,\"name\":\"\u00dcber uns\",\"item\":\"https:\/\/rauchfrei.at\/ueber-uns\/\"},{\"@type\":\"ListItem\",\"position\":2,\"name\":\"Publikationen\"}]},{\"@type\":\"WebSite\",\"@id\":\"https:\/\/rauchfrei.at\/#website\",\"url\":\"https:\/\/rauchfrei.at\/\",\"name\":\"Rauchfrei Telefon\",\"description\":\"Eine \u00f6sterreichweite Initiative der Sozialversicherungen.\",\"potentialAction\":[{\"@type\":\"SearchAction\",\"target\":{\"@type\":\"EntryPoint\",\"urlTemplate\":\"https:\/\/rauchfrei.at\/?s={search_term_string}\"},\"query-input\":{\"@type\":\"PropertyValueSpecification\",\"valueRequired\":true,\"valueName\":\"search_term_string\"}}],\"inLanguage\":\"en-US\"}]}<\/script>\n<!-- \/ Yoast SEO plugin. -->","yoast_head_json":{"title":"Publikationen - Rauchfrei Telefon","robots":{"index":"index","follow":"follow","max-snippet":"max-snippet:-1","max-image-preview":"max-image-preview:large","max-video-preview":"max-video-preview:-1"},"canonical":"https:\/\/rauchfrei.at\/ueber-uns\/publikationen\/","og_locale":"en_US","og_type":"article","og_title":"Publikationen - Rauchfrei Telefon","og_description":"Publikationen Publikationen und Jahresberichte des Rauchfrei TelefonsPublikationenJahresberichte Erstellt von Martin Riesenhuber sowie Vertreter*innen der Expert*innen\u00ad gruppe Pneumologische Rehabilitation und Rauchertherapie (Kurt Aigner, Manfred Neuberger, Gabriele Reiger, Karin Vonbank, Ralf Harun Zwick) sowie Sophie Meingassner und Nikolaus Riesenhuber), 2. Auflage 2024 &nbsp; [&hellip;]","og_url":"https:\/\/rauchfrei.at\/ueber-uns\/publikationen\/","og_site_name":"Rauchfrei Telefon","article_modified_time":"2026-03-27T17:14:54+00:00","og_image":[{"url":"https:\/\/rauchfrei.at\/wp-content\/uploads\/Jahresbericht-2025_Coverbild.png","type":"","width":"","height":""}],"twitter_card":"summary_large_image","twitter_misc":{"Est. reading time":"5 minutes"},"schema":{"@context":"https:\/\/schema.org","@graph":[{"@type":"WebPage","@id":"https:\/\/rauchfrei.at\/ueber-uns\/publikationen\/","url":"https:\/\/rauchfrei.at\/ueber-uns\/publikationen\/","name":"Publikationen - Rauchfrei Telefon","isPartOf":{"@id":"https:\/\/rauchfrei.at\/#website"},"primaryImageOfPage":{"@id":"https:\/\/rauchfrei.at\/ueber-uns\/publikationen\/#primaryimage"},"image":{"@id":"https:\/\/rauchfrei.at\/ueber-uns\/publikationen\/#primaryimage"},"thumbnailUrl":"https:\/\/rauchfrei.at\/wp-content\/uploads\/Jahresbericht-2025_Coverbild.png","datePublished":"2012-03-10T08:21:04+00:00","dateModified":"2026-03-27T17:14:54+00:00","breadcrumb":{"@id":"https:\/\/rauchfrei.at\/ueber-uns\/publikationen\/#breadcrumb"},"inLanguage":"en-US","potentialAction":[{"@type":"ReadAction","target":["https:\/\/rauchfrei.at\/ueber-uns\/publikationen\/"]}]},{"@type":"ImageObject","inLanguage":"en-US","@id":"https:\/\/rauchfrei.at\/ueber-uns\/publikationen\/#primaryimage","url":"https:\/\/rauchfrei.at\/wp-content\/uploads\/Jahresbericht-2025_Coverbild.png","contentUrl":"https:\/\/rauchfrei.at\/wp-content\/uploads\/Jahresbericht-2025_Coverbild.png"},{"@type":"BreadcrumbList","@id":"https:\/\/rauchfrei.at\/ueber-uns\/publikationen\/#breadcrumb","itemListElement":[{"@type":"ListItem","position":1,"name":"\u00dcber uns","item":"https:\/\/rauchfrei.at\/ueber-uns\/"},{"@type":"ListItem","position":2,"name":"Publikationen"}]},{"@type":"WebSite","@id":"https:\/\/rauchfrei.at\/#website","url":"https:\/\/rauchfrei.at\/","name":"Rauchfrei Telefon","description":"Eine \u00f6sterreichweite Initiative der Sozialversicherungen.","potentialAction":[{"@type":"SearchAction","target":{"@type":"EntryPoint","urlTemplate":"https:\/\/rauchfrei.at\/?s={search_term_string}"},"query-input":{"@type":"PropertyValueSpecification","valueRequired":true,"valueName":"search_term_string"}}],"inLanguage":"en-US"}]}},"_links":{"self":[{"href":"https:\/\/rauchfrei.at\/en\/wp-json\/wp\/v2\/pages\/359","targetHints":{"allow":["GET"]}}],"collection":[{"href":"https:\/\/rauchfrei.at\/en\/wp-json\/wp\/v2\/pages"}],"about":[{"href":"https:\/\/rauchfrei.at\/en\/wp-json\/wp\/v2\/types\/page"}],"author":[{"embeddable":true,"href":"https:\/\/rauchfrei.at\/en\/wp-json\/wp\/v2\/users\/2"}],"replies":[{"embeddable":true,"href":"https:\/\/rauchfrei.at\/en\/wp-json\/wp\/v2\/comments?post=359"}],"version-history":[{"count":48,"href":"https:\/\/rauchfrei.at\/en\/wp-json\/wp\/v2\/pages\/359\/revisions"}],"predecessor-version":[{"id":32916,"href":"https:\/\/rauchfrei.at\/en\/wp-json\/wp\/v2\/pages\/359\/revisions\/32916"}],"up":[{"embeddable":true,"href":"https:\/\/rauchfrei.at\/en\/wp-json\/wp\/v2\/pages\/334"}],"wp:attachment":[{"href":"https:\/\/rauchfrei.at\/en\/wp-json\/wp\/v2\/media?parent=359"}],"curies":[{"name":"wp","href":"https:\/\/api.w.org\/{rel}","templated":true}]}}