
{"id":7968,"date":"2016-03-16T13:17:28","date_gmt":"2016-03-16T11:17:28","guid":{"rendered":"http:\/\/rauchfrei.ipax.hosting\/?page_id=7968"},"modified":"2021-11-17T14:42:12","modified_gmt":"2021-11-17T12:42:12","slug":"rauchfrei-fuer-mich-und-mein-kind","status":"publish","type":"page","link":"https:\/\/rauchfrei.at\/en\/rauchfrei-fuer-mich-und-mein-kind\/","title":{"rendered":"Rauchfrei f\u00fcr mich und mein Kind"},"content":{"rendered":"<p>Um Schwangere bei der Tabakentw\u00f6hnung optimal unterst\u00fctzen zu k\u00f6nnen, untersucht die Nieder\u00f6sterreichischen Gebietskrankenkasse\u00a0gemeinsam mit\u00a0der Technischen Universit\u00e4t Wien die <strong>Bed\u00fcrfnisse und die Situation rauchender Schwangerer<\/strong> und ihrer Partner\/innen. Die Ergebnisse werden u.a. als Grundlage f\u00fcr die Weiterentwicklung des Angebots des Rauchfrei Telefons genutzt.<\/p>\n<p>Ein <strong>passgenaues Angebot f\u00fcr Schwangere<\/strong> soll entwickelt werden, um mehr Raucherinnen vor, w\u00e4hrend und auch nach der Schwangerschaft zum Rauchstopp zu motivieren und bei der Umsetzung zu unterst\u00fctzen, damit sie langfristig rauchfrei leben k\u00f6nnen.<\/p>\n<p>Im Zuge des Projekts wurden bereits eine Social Media Analyse und eine Online-Umfrage durchgef\u00fchrt. Auch die pers\u00f6nlichen Interviews mit Schwangeren und Expertinnen sind nun abgeschlossen. Vielen Dank an alle, die sich daran beteiligt haben!<\/p>\n<p>Die Projekt-Ergebnisse flie\u00dfen nun in die Entwicklung von<\/p>\n<ul>\n<li>multimedialen Angeboten zur effektiveren Unterst\u00fctzung beim Rauchstopp und<\/li>\n<li>Handlungsanweisungen f\u00fcr Expertinnen und Experten, die Schwangere beraten und betreuen.<\/li>\n<\/ul>\n<p><a href=\"https:\/\/rauchfrei.at\/wp-content\/uploads\/Projekt-Rauchfrei-f\u00fcr-mich-und-mein-Kind_Logo.png\"><img loading=\"lazy\" decoding=\"async\" class=\"aligncenter size-medium wp-image-8055\" src=\"https:\/\/rauchfrei.at\/wp-content\/uploads\/Projekt-Rauchfrei-f\u00fcr-mich-und-mein-Kind_Logo-225x178.png\" alt=\"Projekt Rauchfrei f\u00fcr mich und mein Kind_Logo\" width=\"225\" height=\"178\" srcset=\"https:\/\/rauchfrei.at\/wp-content\/uploads\/Projekt-Rauchfrei-f\u00fcr-mich-und-mein-Kind_Logo-225x178.png 225w, https:\/\/rauchfrei.at\/wp-content\/uploads\/Projekt-Rauchfrei-f\u00fcr-mich-und-mein-Kind_Logo.png 403w\" sizes=\"(max-width: 225px) 100vw, 225px\" \/><\/a><\/p>\n<p><strong>Kontakt:<\/strong><\/p>\n<p>E-Mail:\u00a0<a href=\"mailto:%20rauchfrei@media.tuwien.ac.at\" target=\"_blank\" rel=\"noopener\">rauchfrei@media.tuwien.ac.at<\/a><\/p>\n<p>Tel: 01\/58801-18701<\/p>\n<p>Weitere Informationen zum Projekt <a title=\"TU Projekt Rauchfrei\" href=\"https:\/\/publik.tuwien.ac.at\/showentry.php?ID=256081&amp;lang=6\" target=\"_blank\" rel=\"noopener\">Rauchfrei f\u00fcr mich und mein Kind<\/a><\/p>\n<p><a href=\"https:\/\/rauchfrei.at\/wp-content\/uploads\/Projekt_Rauchfrei_fuer_mich_und_mein_Kind.jpg\"><img loading=\"lazy\" decoding=\"async\" class=\"aligncenter size-large wp-image-8084\" src=\"https:\/\/rauchfrei.at\/wp-content\/uploads\/Projekt_Rauchfrei_fuer_mich_und_mein_Kind-480x147.jpg\" alt=\"Bauch einer Schwangeren\" width=\"480\" height=\"147\" srcset=\"https:\/\/rauchfrei.at\/wp-content\/uploads\/Projekt_Rauchfrei_fuer_mich_und_mein_Kind-480x147.jpg 480w, https:\/\/rauchfrei.at\/wp-content\/uploads\/Projekt_Rauchfrei_fuer_mich_und_mein_Kind-225x69.jpg 225w, https:\/\/rauchfrei.at\/wp-content\/uploads\/Projekt_Rauchfrei_fuer_mich_und_mein_Kind.jpg 1710w\" sizes=\"(max-width: 480px) 100vw, 480px\" \/><\/a><\/p>\n<p style=\"margin: 0cm 0cm 0pt;\"><span style=\"color: #000000;\">\u00a0<\/span><\/p>\n","protected":false},"excerpt":{"rendered":"<p>Sind Sie schwanger und suchen nach Unterst\u00fctzung beim Rauchstopp? Im gemeinsamen Forschungsprojekt der Nieder\u00f6sterreichischen Gebietskrankenkasse (N\u00d6GKK) und der Technischen Universit\u00e4t Wien werden Ans\u00e4tze und Ma\u00dfnahmen untersucht und entwickelt, wie rauchende, schwangere Frauen angesprochen und bei der Tabakentw\u00f6hnung optimal unterst\u00fctzt werden k\u00f6nnen.<\/p>\n","protected":false},"author":16,"featured_media":0,"parent":0,"menu_order":0,"comment_status":"open","ping_status":"open","template":"","meta":{"_et_pb_use_builder":"","_et_pb_old_content":"","_et_gb_content_width":"","footnotes":""},"class_list":["post-7968","page","type-page","status-publish","hentry"],"yoast_head":"<!-- This site is optimized with the Yoast SEO plugin v26.2 - https:\/\/yoast.com\/wordpress\/plugins\/seo\/ -->\n<title>Rauchfrei f\u00fcr mich und mein Kind - Rauchfrei Telefon<\/title>\n<meta name=\"robots\" content=\"index, follow, max-snippet:-1, max-image-preview:large, max-video-preview:-1\" \/>\n<link rel=\"canonical\" href=\"https:\/\/rauchfrei.at\/rauchfrei-fuer-mich-und-mein-kind\/\" \/>\n<meta property=\"og:locale\" content=\"en_US\" \/>\n<meta property=\"og:type\" content=\"article\" \/>\n<meta property=\"og:title\" content=\"Rauchfrei f\u00fcr mich und mein Kind - Rauchfrei Telefon\" \/>\n<meta property=\"og:description\" content=\"Sind Sie schwanger und suchen nach Unterst\u00fctzung beim Rauchstopp? Im gemeinsamen Forschungsprojekt der Nieder\u00f6sterreichischen Gebietskrankenkasse (N\u00d6GKK) und der Technischen Universit\u00e4t Wien werden Ans\u00e4tze und Ma\u00dfnahmen untersucht und entwickelt, wie rauchende, schwangere Frauen angesprochen und bei der Tabakentw\u00f6hnung optimal unterst\u00fctzt werden k\u00f6nnen.\" \/>\n<meta property=\"og:url\" content=\"https:\/\/rauchfrei.at\/rauchfrei-fuer-mich-und-mein-kind\/\" \/>\n<meta property=\"og:site_name\" content=\"Rauchfrei Telefon\" \/>\n<meta property=\"article:modified_time\" content=\"2021-11-17T12:42:12+00:00\" \/>\n<meta property=\"og:image\" content=\"https:\/\/rauchfrei.at\/wp-content\/uploads\/Projekt-Rauchfrei-f\u00fcr-mich-und-mein-Kind_Logo-225x178.png\" \/>\n<meta name=\"twitter:card\" content=\"summary_large_image\" \/>\n<meta name=\"twitter:label1\" content=\"Est. reading time\" \/>\n\t<meta name=\"twitter:data1\" content=\"2 minutes\" \/>\n<script type=\"application\/ld+json\" class=\"yoast-schema-graph\">{\"@context\":\"https:\/\/schema.org\",\"@graph\":[{\"@type\":\"WebPage\",\"@id\":\"https:\/\/rauchfrei.at\/rauchfrei-fuer-mich-und-mein-kind\/\",\"url\":\"https:\/\/rauchfrei.at\/rauchfrei-fuer-mich-und-mein-kind\/\",\"name\":\"Rauchfrei f\u00fcr mich und mein Kind - Rauchfrei Telefon\",\"isPartOf\":{\"@id\":\"https:\/\/rauchfrei.at\/#website\"},\"primaryImageOfPage\":{\"@id\":\"https:\/\/rauchfrei.at\/rauchfrei-fuer-mich-und-mein-kind\/#primaryimage\"},\"image\":{\"@id\":\"https:\/\/rauchfrei.at\/rauchfrei-fuer-mich-und-mein-kind\/#primaryimage\"},\"thumbnailUrl\":\"https:\/\/rauchfrei.at\/wp-content\/uploads\/Projekt_Rauchfrei_fuer_mich_und_mein_Kind-480x147.jpg\",\"datePublished\":\"2016-03-16T11:17:28+00:00\",\"dateModified\":\"2021-11-17T12:42:12+00:00\",\"inLanguage\":\"en-US\",\"potentialAction\":[{\"@type\":\"ReadAction\",\"target\":[\"https:\/\/rauchfrei.at\/rauchfrei-fuer-mich-und-mein-kind\/\"]}]},{\"@type\":\"ImageObject\",\"inLanguage\":\"en-US\",\"@id\":\"https:\/\/rauchfrei.at\/rauchfrei-fuer-mich-und-mein-kind\/#primaryimage\",\"url\":\"https:\/\/rauchfrei.at\/wp-content\/uploads\/Projekt_Rauchfrei_fuer_mich_und_mein_Kind-480x147.jpg\",\"contentUrl\":\"https:\/\/rauchfrei.at\/wp-content\/uploads\/Projekt_Rauchfrei_fuer_mich_und_mein_Kind-480x147.jpg\"},{\"@type\":\"WebSite\",\"@id\":\"https:\/\/rauchfrei.at\/#website\",\"url\":\"https:\/\/rauchfrei.at\/\",\"name\":\"Rauchfrei Telefon\",\"description\":\"Eine \u00f6sterreichweite Initiative der Sozialversicherungen.\",\"potentialAction\":[{\"@type\":\"SearchAction\",\"target\":{\"@type\":\"EntryPoint\",\"urlTemplate\":\"https:\/\/rauchfrei.at\/?s={search_term_string}\"},\"query-input\":{\"@type\":\"PropertyValueSpecification\",\"valueRequired\":true,\"valueName\":\"search_term_string\"}}],\"inLanguage\":\"en-US\"}]}<\/script>\n<!-- \/ Yoast SEO plugin. -->","yoast_head_json":{"title":"Rauchfrei f\u00fcr mich und mein Kind - Rauchfrei Telefon","robots":{"index":"index","follow":"follow","max-snippet":"max-snippet:-1","max-image-preview":"max-image-preview:large","max-video-preview":"max-video-preview:-1"},"canonical":"https:\/\/rauchfrei.at\/rauchfrei-fuer-mich-und-mein-kind\/","og_locale":"en_US","og_type":"article","og_title":"Rauchfrei f\u00fcr mich und mein Kind - Rauchfrei Telefon","og_description":"Sind Sie schwanger und suchen nach Unterst\u00fctzung beim Rauchstopp? Im gemeinsamen Forschungsprojekt der Nieder\u00f6sterreichischen Gebietskrankenkasse (N\u00d6GKK) und der Technischen Universit\u00e4t Wien werden Ans\u00e4tze und Ma\u00dfnahmen untersucht und entwickelt, wie rauchende, schwangere Frauen angesprochen und bei der Tabakentw\u00f6hnung optimal unterst\u00fctzt werden k\u00f6nnen.","og_url":"https:\/\/rauchfrei.at\/rauchfrei-fuer-mich-und-mein-kind\/","og_site_name":"Rauchfrei Telefon","article_modified_time":"2021-11-17T12:42:12+00:00","og_image":[{"url":"https:\/\/rauchfrei.at\/wp-content\/uploads\/Projekt-Rauchfrei-f\u00fcr-mich-und-mein-Kind_Logo-225x178.png","type":"","width":"","height":""}],"twitter_card":"summary_large_image","twitter_misc":{"Est. reading time":"2 minutes"},"schema":{"@context":"https:\/\/schema.org","@graph":[{"@type":"WebPage","@id":"https:\/\/rauchfrei.at\/rauchfrei-fuer-mich-und-mein-kind\/","url":"https:\/\/rauchfrei.at\/rauchfrei-fuer-mich-und-mein-kind\/","name":"Rauchfrei f\u00fcr mich und mein Kind - Rauchfrei Telefon","isPartOf":{"@id":"https:\/\/rauchfrei.at\/#website"},"primaryImageOfPage":{"@id":"https:\/\/rauchfrei.at\/rauchfrei-fuer-mich-und-mein-kind\/#primaryimage"},"image":{"@id":"https:\/\/rauchfrei.at\/rauchfrei-fuer-mich-und-mein-kind\/#primaryimage"},"thumbnailUrl":"https:\/\/rauchfrei.at\/wp-content\/uploads\/Projekt_Rauchfrei_fuer_mich_und_mein_Kind-480x147.jpg","datePublished":"2016-03-16T11:17:28+00:00","dateModified":"2021-11-17T12:42:12+00:00","inLanguage":"en-US","potentialAction":[{"@type":"ReadAction","target":["https:\/\/rauchfrei.at\/rauchfrei-fuer-mich-und-mein-kind\/"]}]},{"@type":"ImageObject","inLanguage":"en-US","@id":"https:\/\/rauchfrei.at\/rauchfrei-fuer-mich-und-mein-kind\/#primaryimage","url":"https:\/\/rauchfrei.at\/wp-content\/uploads\/Projekt_Rauchfrei_fuer_mich_und_mein_Kind-480x147.jpg","contentUrl":"https:\/\/rauchfrei.at\/wp-content\/uploads\/Projekt_Rauchfrei_fuer_mich_und_mein_Kind-480x147.jpg"},{"@type":"WebSite","@id":"https:\/\/rauchfrei.at\/#website","url":"https:\/\/rauchfrei.at\/","name":"Rauchfrei Telefon","description":"Eine \u00f6sterreichweite Initiative der Sozialversicherungen.","potentialAction":[{"@type":"SearchAction","target":{"@type":"EntryPoint","urlTemplate":"https:\/\/rauchfrei.at\/?s={search_term_string}"},"query-input":{"@type":"PropertyValueSpecification","valueRequired":true,"valueName":"search_term_string"}}],"inLanguage":"en-US"}]}},"_links":{"self":[{"href":"https:\/\/rauchfrei.at\/en\/wp-json\/wp\/v2\/pages\/7968","targetHints":{"allow":["GET"]}}],"collection":[{"href":"https:\/\/rauchfrei.at\/en\/wp-json\/wp\/v2\/pages"}],"about":[{"href":"https:\/\/rauchfrei.at\/en\/wp-json\/wp\/v2\/types\/page"}],"author":[{"embeddable":true,"href":"https:\/\/rauchfrei.at\/en\/wp-json\/wp\/v2\/users\/16"}],"replies":[{"embeddable":true,"href":"https:\/\/rauchfrei.at\/en\/wp-json\/wp\/v2\/comments?post=7968"}],"version-history":[{"count":5,"href":"https:\/\/rauchfrei.at\/en\/wp-json\/wp\/v2\/pages\/7968\/revisions"}],"predecessor-version":[{"id":22279,"href":"https:\/\/rauchfrei.at\/en\/wp-json\/wp\/v2\/pages\/7968\/revisions\/22279"}],"wp:attachment":[{"href":"https:\/\/rauchfrei.at\/en\/wp-json\/wp\/v2\/media?parent=7968"}],"curies":[{"name":"wp","href":"https:\/\/api.w.org\/{rel}","templated":true}]}}